{"id":114,"date":"2022-12-10T17:49:59","date_gmt":"2022-12-10T16:49:59","guid":{"rendered":"https:\/\/www.kneipp-sachsen.de\/bad-schandau\/?page_id=114"},"modified":"2024-02-15T14:46:28","modified_gmt":"2024-02-15T13:46:28","slug":"sebastian-kneipp","status":"publish","type":"page","link":"https:\/\/www.kneipp-sachsen.de\/bad-schandau\/sebastian-kneipp\/","title":{"rendered":"Sebastian Kneipp"},"content":{"rendered":"<!--themify_builder_content-->\n<div id=\"themify_builder_content-114\" data-postid=\"114\" class=\"themify_builder_content themify_builder_content-114 themify_builder tf_clear\">\n                    <div  data-lazy=\"1\" class=\"module_row themify_builder_row tb_dhbs141 tb_first tf_w\">\n                        <div class=\"row_inner col_align_top tb_col_count_1 tf_box tf_rel\">\n                        <div  data-lazy=\"1\" class=\"module_column tb-column col-full tb_u5sp143 first\">\n                    <!-- module fancy heading -->\n<div  class=\"module module-fancy-heading tb_riiy506  tb_hide_divider\" data-lazy=\"1\">\n        <h1 class=\"fancy-heading\">\n    <span class=\"main-head tf_block\">\n                    Sebastian Kneipp            <\/span>\n\n    \n    <span class=\"sub-head tf_block tf_rel\">\n                                <\/span>\n    <\/h1>\n<\/div>\n<!-- \/module fancy heading -->\n<!-- module text -->\n<div  class=\"module module-text tb_ft3m444   \" data-lazy=\"1\">\n        <div  class=\"tb_text_wrap\">\n        <div class=\"module_column tb-column col4-1 first tb_10lf642 tf_box tb_hide_drag_left tb_hide_drag_right\">\n<div class=\"tb-column-inner tf_box tf_w\">\n<div class=\"module module-image tb_2gkz642 image-top tf_mw\">\n<div class=\"image-wrap tf_rel tf_mw\"><img loading=\"lazy\" decoding=\"async\" class=\"\" title=\"Sebastian Kneipp\" contenteditable=\"false\" src=\"https:\/\/www.kneipp-sachsen.de\/wpkneipp2021\/wp-content\/uploads\/2019\/04\/kneippgrau.jpg\" alt=\"Sebastian Kneipp\" width=\"152\" height=\"251\"><br><br><\/div>\n<\/div>\n<\/div>\n<\/div>\n<div class=\"module_column tb-column col4-3 last tb_e3k5642 tf_box\">\n<div class=\"tb-column-inner tf_box tf_w\">\n<div class=\"module module-text tb_hj06642 repeat\">\n<div class=\"tb_text_wrap\">\n<p>Sebastian Kneipp (geb. 17. Mai 1821 gest. 17. Juni 1897) ist der Begr\u00fcnder einer ganzheitlich orientierten Lebensweise und eines komplexen Naturheilverfahrens. Sein Interesse an der Naturheilkunde wurde durch eigene Erfahrungen geweckt: W\u00e4hrend des Theologiestudiums kurierte Kneipp, Sohn einer armen Weberfamilie aus Stephansried bei Ottobeuren, mit kalten Tauchb\u00e4dern in der Donau seine schwere Lungentuberkulose. Ein B\u00fcchlein aus dem Jahre 1743 hatte ihn auf die Heilkraft des Wassers aufmerksam gemacht. Nach seiner Genesung eignete er sich \u00fcber viele Jahre hinweg ein fundiertes Wissen \u00fcber Gesundheit und Krankheit mit ihren Symptomen an.<\/p>\n<p>Neben den Wasseranwendungen setzte Kneipp bevorzugt Heilpflanzen zu Pr\u00e4vention und Therapie ein. In seinen Schriften und Vortr\u00e4gen betonte er immer die Wichtigkeit ausreichender k\u00f6rperlicher Bet\u00e4tigung, einer einfachen und nat\u00fcrlichen Kost und mahnte eine geordnete Lebensf\u00fchrung an.<\/p>\n<p>Ab 1855 lebte Sebastian Kneipp in Bad W\u00f6rishofen, zun\u00e4chst als Beichtvater im Dominikanerinnenkloster und sp\u00e4ter als Pfarrer der 950-Seelen-Gemeinde. Hier wirkte er als Heilkundiger und erlangte schnell einen weltweiten Ruf. Ab 1888 arbeitete Kneipp mit der \u00c4rzteschaft zusammen und legte so das wissenschaftliche Fundament f\u00fcr die Fortf\u00fchrung seiner Arbeit. Unter dem Dachverband des Kneipp-Bundes existieren heute in Deutschland \u00fcber 660 Kneippvereine mit ca. 160.000 Mitgliedern.<\/p>\n<\/div>\n<\/div>\n<\/div>\n<\/div>    <\/div>\n<\/div>\n<!-- \/module text -->        <\/div>\n                        <\/div>\n        <\/div>\n        <\/div>\n<!--\/themify_builder_content-->","protected":false},"excerpt":{"rendered":"<p>Sebastian Kneipp Sebastian Kneipp (geb. 17. Mai 1821 gest. 17. Juni 1897) ist der Begr\u00fcnder einer ganzheitlich orientierten Lebensweise und eines komplexen Naturheilverfahrens. Sein Interesse an der Naturheilkunde wurde durch eigene Erfahrungen geweckt: W\u00e4hrend des Theologiestudiums kurierte Kneipp, Sohn einer armen Weberfamilie aus Stephansried bei Ottobeuren, mit kalten Tauchb\u00e4dern in der Donau seine schwere Lungentuberkulose. [&hellip;]<\/p>\n","protected":false},"author":2,"featured_media":0,"parent":0,"menu_order":0,"comment_status":"closed","ping_status":"closed","template":"","meta":{"footnotes":"","advanced-sidebar-menu\/link-title":"","advanced-sidebar-menu\/exclude-page":false},"class_list":["post-114","page","type-page","status-publish","hentry","has-post-title","has-post-date","has-post-category","has-post-tag","has-post-comment","has-post-author",""],"yoast_head":"<!-- This site is optimized with the Yoast SEO plugin v26.9 - https:\/\/yoast.com\/product\/yoast-seo-wordpress\/ -->\n<title>Sebastian Kneipp - Kneipp-Verein Bad Schandau e.V.<\/title>\n<meta name=\"robots\" content=\"index, follow, max-snippet:-1, max-image-preview:large, max-video-preview:-1\" \/>\n<link rel=\"canonical\" href=\"https:\/\/www.kneipp-sachsen.de\/bad-schandau\/sebastian-kneipp\/\" \/>\n<meta property=\"og:locale\" content=\"de_DE\" \/>\n<meta property=\"og:type\" content=\"article\" \/>\n<meta property=\"og:title\" content=\"Sebastian Kneipp - Kneipp-Verein Bad Schandau e.V.\" \/>\n<meta property=\"og:description\" content=\"Sebastian Kneipp Sebastian Kneipp (geb. 17. Mai 1821 gest. 17. Juni 1897) ist der Begr\u00fcnder einer ganzheitlich orientierten Lebensweise und eines komplexen Naturheilverfahrens. Sein Interesse an der Naturheilkunde wurde durch eigene Erfahrungen geweckt: W\u00e4hrend des Theologiestudiums kurierte Kneipp, Sohn einer armen Weberfamilie aus Stephansried bei Ottobeuren, mit kalten Tauchb\u00e4dern in der Donau seine schwere Lungentuberkulose. [&hellip;]\" \/>\n<meta property=\"og:url\" content=\"https:\/\/www.kneipp-sachsen.de\/bad-schandau\/sebastian-kneipp\/\" \/>\n<meta property=\"og:site_name\" content=\"Kneipp-Verein Bad Schandau e.V.\" \/>\n<meta property=\"article:modified_time\" content=\"2024-02-15T13:46:28+00:00\" \/>\n<meta property=\"og:image\" content=\"https:\/\/www.kneipp-sachsen.de\/wpkneipp2021\/wp-content\/uploads\/2019\/04\/kneippgrau.jpg\" \/>\n<meta name=\"twitter:card\" content=\"summary_large_image\" \/>\n<script type=\"application\/ld+json\" class=\"yoast-schema-graph\">{\"@context\":\"https:\/\/schema.org\",\"@graph\":[{\"@type\":\"WebPage\",\"@id\":\"https:\/\/www.kneipp-sachsen.de\/bad-schandau\/sebastian-kneipp\/\",\"url\":\"https:\/\/www.kneipp-sachsen.de\/bad-schandau\/sebastian-kneipp\/\",\"name\":\"Sebastian Kneipp - Kneipp-Verein Bad Schandau e.V.\",\"isPartOf\":{\"@id\":\"https:\/\/www.kneipp-sachsen.de\/bad-schandau\/#website\"},\"primaryImageOfPage\":{\"@id\":\"https:\/\/www.kneipp-sachsen.de\/bad-schandau\/sebastian-kneipp\/#primaryimage\"},\"image\":{\"@id\":\"https:\/\/www.kneipp-sachsen.de\/bad-schandau\/sebastian-kneipp\/#primaryimage\"},\"thumbnailUrl\":\"https:\/\/www.kneipp-sachsen.de\/wpkneipp2021\/wp-content\/uploads\/2019\/04\/kneippgrau.jpg\",\"datePublished\":\"2022-12-10T16:49:59+00:00\",\"dateModified\":\"2024-02-15T13:46:28+00:00\",\"breadcrumb\":{\"@id\":\"https:\/\/www.kneipp-sachsen.de\/bad-schandau\/sebastian-kneipp\/#breadcrumb\"},\"inLanguage\":\"de\",\"potentialAction\":[{\"@type\":\"ReadAction\",\"target\":[\"https:\/\/www.kneipp-sachsen.de\/bad-schandau\/sebastian-kneipp\/\"]}]},{\"@type\":\"ImageObject\",\"inLanguage\":\"de\",\"@id\":\"https:\/\/www.kneipp-sachsen.de\/bad-schandau\/sebastian-kneipp\/#primaryimage\",\"url\":\"https:\/\/www.kneipp-sachsen.de\/wpkneipp2021\/wp-content\/uploads\/2019\/04\/kneippgrau.jpg\",\"contentUrl\":\"https:\/\/www.kneipp-sachsen.de\/wpkneipp2021\/wp-content\/uploads\/2019\/04\/kneippgrau.jpg\"},{\"@type\":\"BreadcrumbList\",\"@id\":\"https:\/\/www.kneipp-sachsen.de\/bad-schandau\/sebastian-kneipp\/#breadcrumb\",\"itemListElement\":[{\"@type\":\"ListItem\",\"position\":1,\"name\":\"Home\",\"item\":\"https:\/\/www.kneipp-sachsen.de\/bad-schandau\/\"},{\"@type\":\"ListItem\",\"position\":2,\"name\":\"Sebastian Kneipp\"}]},{\"@type\":\"WebSite\",\"@id\":\"https:\/\/www.kneipp-sachsen.de\/bad-schandau\/#website\",\"url\":\"https:\/\/www.kneipp-sachsen.de\/bad-schandau\/\",\"name\":\"Kneipp-Verein Bad Schandau e.V.\",\"description\":\"ein Verein im Kneipp-Bund Landesverband Sachsen e.V.\",\"publisher\":{\"@id\":\"https:\/\/www.kneipp-sachsen.de\/bad-schandau\/#organization\"},\"potentialAction\":[{\"@type\":\"SearchAction\",\"target\":{\"@type\":\"EntryPoint\",\"urlTemplate\":\"https:\/\/www.kneipp-sachsen.de\/bad-schandau\/?s={search_term_string}\"},\"query-input\":{\"@type\":\"PropertyValueSpecification\",\"valueRequired\":true,\"valueName\":\"search_term_string\"}}],\"inLanguage\":\"de\"},{\"@type\":\"Organization\",\"@id\":\"https:\/\/www.kneipp-sachsen.de\/bad-schandau\/#organization\",\"name\":\"Kneipp-Verein Bad Schandau e.V.\",\"url\":\"https:\/\/www.kneipp-sachsen.de\/bad-schandau\/\",\"logo\":{\"@type\":\"ImageObject\",\"inLanguage\":\"de\",\"@id\":\"https:\/\/www.kneipp-sachsen.de\/bad-schandau\/#\/schema\/logo\/image\/\",\"url\":\"https:\/\/www.kneipp-sachsen.de\/bad-schandau\/wp-content\/uploads\/2022\/12\/Bad-Schandau.png\",\"contentUrl\":\"https:\/\/www.kneipp-sachsen.de\/bad-schandau\/wp-content\/uploads\/2022\/12\/Bad-Schandau.png\",\"width\":740,\"height\":571,\"caption\":\"Kneipp-Verein Bad Schandau e.V.\"},\"image\":{\"@id\":\"https:\/\/www.kneipp-sachsen.de\/bad-schandau\/#\/schema\/logo\/image\/\"}}]}<\/script>\n<!-- \/ Yoast SEO plugin. -->","yoast_head_json":{"title":"Sebastian Kneipp - Kneipp-Verein Bad Schandau e.V.","robots":{"index":"index","follow":"follow","max-snippet":"max-snippet:-1","max-image-preview":"max-image-preview:large","max-video-preview":"max-video-preview:-1"},"canonical":"https:\/\/www.kneipp-sachsen.de\/bad-schandau\/sebastian-kneipp\/","og_locale":"de_DE","og_type":"article","og_title":"Sebastian Kneipp - Kneipp-Verein Bad Schandau e.V.","og_description":"Sebastian Kneipp Sebastian Kneipp (geb. 17. Mai 1821 gest. 17. Juni 1897) ist der Begr\u00fcnder einer ganzheitlich orientierten Lebensweise und eines komplexen Naturheilverfahrens. Sein Interesse an der Naturheilkunde wurde durch eigene Erfahrungen geweckt: W\u00e4hrend des Theologiestudiums kurierte Kneipp, Sohn einer armen Weberfamilie aus Stephansried bei Ottobeuren, mit kalten Tauchb\u00e4dern in der Donau seine schwere Lungentuberkulose. [&hellip;]","og_url":"https:\/\/www.kneipp-sachsen.de\/bad-schandau\/sebastian-kneipp\/","og_site_name":"Kneipp-Verein Bad Schandau e.V.","article_modified_time":"2024-02-15T13:46:28+00:00","og_image":[{"url":"https:\/\/www.kneipp-sachsen.de\/wpkneipp2021\/wp-content\/uploads\/2019\/04\/kneippgrau.jpg","type":"","width":"","height":""}],"twitter_card":"summary_large_image","schema":{"@context":"https:\/\/schema.org","@graph":[{"@type":"WebPage","@id":"https:\/\/www.kneipp-sachsen.de\/bad-schandau\/sebastian-kneipp\/","url":"https:\/\/www.kneipp-sachsen.de\/bad-schandau\/sebastian-kneipp\/","name":"Sebastian Kneipp - Kneipp-Verein Bad Schandau e.V.","isPartOf":{"@id":"https:\/\/www.kneipp-sachsen.de\/bad-schandau\/#website"},"primaryImageOfPage":{"@id":"https:\/\/www.kneipp-sachsen.de\/bad-schandau\/sebastian-kneipp\/#primaryimage"},"image":{"@id":"https:\/\/www.kneipp-sachsen.de\/bad-schandau\/sebastian-kneipp\/#primaryimage"},"thumbnailUrl":"https:\/\/www.kneipp-sachsen.de\/wpkneipp2021\/wp-content\/uploads\/2019\/04\/kneippgrau.jpg","datePublished":"2022-12-10T16:49:59+00:00","dateModified":"2024-02-15T13:46:28+00:00","breadcrumb":{"@id":"https:\/\/www.kneipp-sachsen.de\/bad-schandau\/sebastian-kneipp\/#breadcrumb"},"inLanguage":"de","potentialAction":[{"@type":"ReadAction","target":["https:\/\/www.kneipp-sachsen.de\/bad-schandau\/sebastian-kneipp\/"]}]},{"@type":"ImageObject","inLanguage":"de","@id":"https:\/\/www.kneipp-sachsen.de\/bad-schandau\/sebastian-kneipp\/#primaryimage","url":"https:\/\/www.kneipp-sachsen.de\/wpkneipp2021\/wp-content\/uploads\/2019\/04\/kneippgrau.jpg","contentUrl":"https:\/\/www.kneipp-sachsen.de\/wpkneipp2021\/wp-content\/uploads\/2019\/04\/kneippgrau.jpg"},{"@type":"BreadcrumbList","@id":"https:\/\/www.kneipp-sachsen.de\/bad-schandau\/sebastian-kneipp\/#breadcrumb","itemListElement":[{"@type":"ListItem","position":1,"name":"Home","item":"https:\/\/www.kneipp-sachsen.de\/bad-schandau\/"},{"@type":"ListItem","position":2,"name":"Sebastian Kneipp"}]},{"@type":"WebSite","@id":"https:\/\/www.kneipp-sachsen.de\/bad-schandau\/#website","url":"https:\/\/www.kneipp-sachsen.de\/bad-schandau\/","name":"Kneipp-Verein Bad Schandau e.V.","description":"ein Verein im Kneipp-Bund Landesverband Sachsen e.V.","publisher":{"@id":"https:\/\/www.kneipp-sachsen.de\/bad-schandau\/#organization"},"potentialAction":[{"@type":"SearchAction","target":{"@type":"EntryPoint","urlTemplate":"https:\/\/www.kneipp-sachsen.de\/bad-schandau\/?s={search_term_string}"},"query-input":{"@type":"PropertyValueSpecification","valueRequired":true,"valueName":"search_term_string"}}],"inLanguage":"de"},{"@type":"Organization","@id":"https:\/\/www.kneipp-sachsen.de\/bad-schandau\/#organization","name":"Kneipp-Verein Bad Schandau e.V.","url":"https:\/\/www.kneipp-sachsen.de\/bad-schandau\/","logo":{"@type":"ImageObject","inLanguage":"de","@id":"https:\/\/www.kneipp-sachsen.de\/bad-schandau\/#\/schema\/logo\/image\/","url":"https:\/\/www.kneipp-sachsen.de\/bad-schandau\/wp-content\/uploads\/2022\/12\/Bad-Schandau.png","contentUrl":"https:\/\/www.kneipp-sachsen.de\/bad-schandau\/wp-content\/uploads\/2022\/12\/Bad-Schandau.png","width":740,"height":571,"caption":"Kneipp-Verein Bad Schandau e.V."},"image":{"@id":"https:\/\/www.kneipp-sachsen.de\/bad-schandau\/#\/schema\/logo\/image\/"}}]}},"builder_content":"<h1>Sebastian Kneipp<br\/><\/h1>\n<img loading=\"lazy\" decoding=\"async\" title=\"Sebastian Kneipp\" contenteditable=\"false\" src=\"https:\/\/www.kneipp-sachsen.de\/wpkneipp2021\/wp-content\/uploads\/2019\/04\/kneippgrau.jpg\" alt=\"Sebastian Kneipp\" width=\"152\" height=\"251\"><br><br>\n<p>Sebastian Kneipp (geb. 17. Mai 1821 gest. 17. Juni 1897) ist der Begr\u00fcnder einer ganzheitlich orientierten Lebensweise und eines komplexen Naturheilverfahrens. Sein Interesse an der Naturheilkunde wurde durch eigene Erfahrungen geweckt: W\u00e4hrend des Theologiestudiums kurierte Kneipp, Sohn einer armen Weberfamilie aus Stephansried bei Ottobeuren, mit kalten Tauchb\u00e4dern in der Donau seine schwere Lungentuberkulose. Ein B\u00fcchlein aus dem Jahre 1743 hatte ihn auf die Heilkraft des Wassers aufmerksam gemacht. Nach seiner Genesung eignete er sich \u00fcber viele Jahre hinweg ein fundiertes Wissen \u00fcber Gesundheit und Krankheit mit ihren Symptomen an.<\/p> <p>Neben den Wasseranwendungen setzte Kneipp bevorzugt Heilpflanzen zu Pr\u00e4vention und Therapie ein. In seinen Schriften und Vortr\u00e4gen betonte er immer die Wichtigkeit ausreichender k\u00f6rperlicher Bet\u00e4tigung, einer einfachen und nat\u00fcrlichen Kost und mahnte eine geordnete Lebensf\u00fchrung an.<\/p> <p>Ab 1855 lebte Sebastian Kneipp in Bad W\u00f6rishofen, zun\u00e4chst als Beichtvater im Dominikanerinnenkloster und sp\u00e4ter als Pfarrer der 950-Seelen-Gemeinde. Hier wirkte er als Heilkundiger und erlangte schnell einen weltweiten Ruf. Ab 1888 arbeitete Kneipp mit der \u00c4rzteschaft zusammen und legte so das wissenschaftliche Fundament f\u00fcr die Fortf\u00fchrung seiner Arbeit. Unter dem Dachverband des Kneipp-Bundes existieren heute in Deutschland \u00fcber 660 Kneippvereine mit ca. 160.000 Mitgliedern.<\/p>","_links":{"self":[{"href":"https:\/\/www.kneipp-sachsen.de\/bad-schandau\/wp-json\/wp\/v2\/pages\/114","targetHints":{"allow":["GET"]}}],"collection":[{"href":"https:\/\/www.kneipp-sachsen.de\/bad-schandau\/wp-json\/wp\/v2\/pages"}],"about":[{"href":"https:\/\/www.kneipp-sachsen.de\/bad-schandau\/wp-json\/wp\/v2\/types\/page"}],"author":[{"embeddable":true,"href":"https:\/\/www.kneipp-sachsen.de\/bad-schandau\/wp-json\/wp\/v2\/users\/2"}],"replies":[{"embeddable":true,"href":"https:\/\/www.kneipp-sachsen.de\/bad-schandau\/wp-json\/wp\/v2\/comments?post=114"}],"version-history":[{"count":6,"href":"https:\/\/www.kneipp-sachsen.de\/bad-schandau\/wp-json\/wp\/v2\/pages\/114\/revisions"}],"predecessor-version":[{"id":1954,"href":"https:\/\/www.kneipp-sachsen.de\/bad-schandau\/wp-json\/wp\/v2\/pages\/114\/revisions\/1954"}],"wp:attachment":[{"href":"https:\/\/www.kneipp-sachsen.de\/bad-schandau\/wp-json\/wp\/v2\/media?parent=114"}],"curies":[{"name":"wp","href":"https:\/\/api.w.org\/{rel}","templated":true}]}}