{"id":1115,"date":"2025-01-01T19:26:13","date_gmt":"2025-01-01T18:26:13","guid":{"rendered":"https:\/\/www.kneipp-sachsen.de\/radebeul\/programm-erstes-halbjahr-2024-copy\/"},"modified":"2026-04-14T15:49:33","modified_gmt":"2026-04-14T13:49:33","slug":"programm-1-halbjahr-2025-kneipp-radebeul","status":"publish","type":"page","link":"https:\/\/www.kneipp-sachsen.de\/radebeul\/programm-1-halbjahr-2025-kneipp-radebeul\/","title":{"rendered":"Programm erstes Halbjahr 2026"},"content":{"rendered":"<!--themify_builder_content-->\n<div id=\"themify_builder_content-1115\" data-postid=\"1115\" class=\"themify_builder_content themify_builder_content-1115 themify_builder tf_clear\">\n                    <div  data-lazy=\"1\" class=\"module_row themify_builder_row tb_szjz606 tb_first tf_w\">\n                        <div class=\"row_inner col_align_top tb_col_count_1 tf_box tf_rel\">\n                        <div  data-lazy=\"1\" class=\"module_column tb-column col-full tb_g80i707 first\">\n                            <div  data-lazy=\"1\" class=\"module_subrow themify_builder_sub_row tf_w col_align_top tb_col_count_1 tb_5qcb638\">\n                <div  data-lazy=\"1\" class=\"module_column sub_column col-full tb_p735680 first\">\n                    <!-- module fancy heading -->\n<div  class=\"module module-fancy-heading tb_hd6v388  tb_hide_divider\" data-lazy=\"1\" id=\"kneippbadschlema1\">\n        <h1 class=\"fancy-heading tf_textc\">\n    <span class=\"main-head tf_block\">\n                    Programm 1. Halbjahr 2026            <\/span>\n\n    \n    <span class=\"sub-head tf_block tf_rel\">\n                                <\/span>\n    <\/h1>\n<\/div>\n<!-- \/module fancy heading -->\n        <\/div>\n                    <\/div>\n                <\/div>\n                        <\/div>\n        <\/div>\n                        <div  data-lazy=\"1\" class=\"module_row themify_builder_row tb_yytw888 tf_w\">\n                        <div class=\"row_inner col_align_top tb_col_count_1 tf_box tf_rel\">\n                        <div  data-lazy=\"1\" class=\"module_column tb-column col-full tb_3yp1330 first\">\n                            <div  data-lazy=\"1\" class=\"module_subrow themify_builder_sub_row tf_w col_align_top tb_col_count_1 tb_iz8k303\">\n                <div  data-lazy=\"1\" class=\"module_column sub_column col-full tb_wv6g063 first\">\n                    <!-- module divider -->\n<div  class=\"module tf_mw module-divider tb_hjys030 dotted   \" style=\"border-width: 1px;border-color: #666666;margin-bottom: 15px;\" data-lazy=\"1\" id=\"kneippbadschlema\">\n    <\/div>\n<!-- \/module divider -->\n        <\/div>\n                    <\/div>\n                <\/div>\n                        <\/div>\n        <\/div>\n                        <div  data-lazy=\"1\" class=\"module_row themify_builder_row tb_9y2j809 tf_w\">\n                        <div class=\"row_inner col_align_top tb_col_count_1 tf_box tf_rel\">\n                        <div  data-lazy=\"1\" class=\"module_column tb-column col-full tb_tb9p390 first\">\n                            <div  data-lazy=\"1\" class=\"module_subrow themify_builder_sub_row tf_w col_align_top tb_col_count_1 tb_u26v066\">\n                <div  data-lazy=\"1\" class=\"module_column sub_column col-full tb_daph066 first\">\n                    <!-- module text -->\n<div  class=\"module module-text tb_9yxz309   \" data-lazy=\"1\">\n        <div  class=\"tb_text_wrap\">\n        <h1 style=\"margin: 12.0pt 0cm 12.0pt 0cm;\">Januar<\/h1>\n<div>\n<p class=\"MsoNormal\" style=\"margin-bottom: 0cm; line-height: 150%;\"><b><span style=\"font-size: 12.0pt; line-height: 150%; font-family: 'Arial',sans-serif;\">Mittwoch, 21.01.2026<\/span><\/b><\/p>\n<p class=\"MsoNormal\" style=\"margin-bottom: 0cm; line-height: 150%;\"><span style=\"font-size: 12.0pt; line-height: 150%; font-family: 'Arial',sans-serif;\">Vortrag: &#8222;<b>Osteopathische Behandlungen von Kiefergelenksdysfunktionen\u201c<\/b><b><\/b><\/span><\/p>\n<p class=\"MsoNormal\" style=\"margin-bottom: 0cm; line-height: 150%;\"><b><span style=\"font-size: 12.0pt; line-height: 150%; font-family: 'Arial',sans-serif;\">1<\/span><\/b><span style=\"font-family: Arial, sans-serif; font-size: 12pt;\">8.30 Uhr<\/span><span style=\"font-family: Arial, sans-serif; font-size: 12pt;\">\u00a0\u00a0\u00a0\u00a0\u00a0\u00a0\u00a0\u00a0\u00a0\u00a0\u00a0\u00a0\u00a0\u00a0\u00a0\u00a0\u00a0<\/span><span style=\"font-family: Arial, sans-serif; font-size: 12pt;\">Vereinshaus, Dr.- K\u00fclz-Str. 4<\/span><\/p>\n<p class=\"MsoNormal\" style=\"margin-bottom: 0cm; line-height: 150%;\"><span style=\"font-size: 12.0pt; line-height: 150%; font-family: 'Arial',sans-serif;\"> Referent: \u00a0\u00a0\u00a0\u00a0\u00a0\u00a0\u00a0\u00a0\u00a0\u00a0\u00a0\u00a0\u00a0\u00a0\u00a0\u00a0\u00a0 Herr Tony Steinke-Wiesberger, Osteopath<\/span><\/p>\n<p class=\"MsoNormal\" style=\"margin-bottom: 0cm; line-height: 150%;\"><span style=\"font-size: 12.0pt; line-height: 150%; font-family: 'Arial',sans-serif;\">Unkosten:\u00a0\u00a0\u00a0\u00a0\u00a0\u00a0\u00a0\u00a0\u00a0\u00a0\u00a0\u00a0\u00a0\u00a0\u00a0\u00a0\u00a0 Mg.: 2,00 \u20ac, Nmg.: 6,00 \u20ac<\/span><\/p>\n<p class=\"MsoNormal\" style=\"margin-bottom: 0cm; line-height: 150%;\"><b><span style=\"font-size: 12.0pt; line-height: 150%; font-family: 'Arial',sans-serif;\">Anmeldung:<\/span><\/b><span style=\"font-size: 12.0pt; line-height: 150%; font-family: 'Arial',sans-serif;\"> bis 18.01.2026 bei Frau Hentzschel 0351-2189544 (AB)<\/span><\/p>\n<p class=\"MsoNormal\" style=\"margin-bottom: 0cm; line-height: 150%;\"><span style=\"font-size: 12.0pt; line-height: 150%; font-family: 'Arial',sans-serif;\">\u00a0&#8212;&#8212;&#8212;&#8212;&#8212;&#8212;&#8212;&#8212;&#8212;&#8212;&#8212;&#8212;&#8212;&#8212;&#8212;&#8212;&#8212;&#8212;&#8212;&#8212;&#8212;&#8212;&#8212;&#8212;&#8212;&#8212;&#8212;&#8212;&#8212;&#8212;&#8212;&#8212;&#8212;&#8212;<\/span><\/p>\n<p class=\"MsoNormal\" style=\"margin-bottom: 0cm; line-height: 150%;\"><b><span style=\"font-size: 12.0pt; line-height: 150%; font-family: 'Arial',sans-serif;\">Mittwoch, 28.01.2026<\/span><\/b><\/p>\n<p class=\"MsoNormal\" style=\"margin-bottom: 0cm; line-height: 150%;\"><span style=\"font-size: 12.0pt; line-height: 150%; font-family: 'Arial',sans-serif;\">Vortrag: &#8222;<b>Aktiv entgiften gegen \u00dcbers\u00e4uerung&#8220;<\/b><\/span><\/p>\n<p class=\"MsoNormal\" style=\"margin-bottom: 0cm; line-height: 150%;\"><span style=\"font-size: 12.0pt; line-height: 150%; font-family: 'Arial',sans-serif;\">Passt f\u00fcr die Zeit nach den \u00fcppigen Tagen.<\/span><\/p>\n<p class=\"MsoNormal\" style=\"margin-bottom: 0cm; line-height: 150%;\"><span style=\"font-family: Arial, sans-serif; font-size: 12pt;\">18:00 Uhr <\/span><span style=\"font-family: Arial, sans-serif; font-size: 12pt;\">\u00a0 \u00a0 \u00a0 \u00a0 \u00a0 \u00a0 \u00a0 \u00a0 <\/span><span style=\"font-family: Arial, sans-serif; font-size: 12pt;\">Vereinshaus Radebeul, Dr. &#8211; K\u00fclz &#8211; Str. 4<\/span><\/p>\n<p class=\"MsoNormal\" style=\"text-indent: -106.2pt; line-height: 150%; margin: 0cm 0cm 0cm 106.2pt;\"><span style=\"font-size: 12.0pt; line-height: 150%; font-family: 'Arial',sans-serif;\">Referent: \u00a0 \u00a0 \u00a0 \u00a0 \u00a0 \u00a0 \u00a0 \u00a0Frau Bianca Nicolai &#8211; \u00e4rztlich gepr\u00fcfte Gesundheitsberaterin\u00a0 \u00a0 und ganzheitliche Ern\u00e4hrungsberaterin GGB<\/span><\/p>\n<p class=\"MsoNormal\" style=\"margin-bottom: 0cm; line-height: 150%;\"><span style=\"font-size: 12.0pt; line-height: 150%; font-family: 'Arial',sans-serif;\">Unkosten:\u00a0\u00a0\u00a0\u00a0\u00a0\u00a0\u00a0\u00a0\u00a0\u00a0\u00a0\u00a0\u00a0\u00a0\u00a0\u00a0\u00a0 Mg.: 2,00 \u20ac, Nmg.: 6,00 \u20ac<\/span><\/p>\n<p class=\"MsoNormal\" style=\"margin-bottom: 0cm; line-height: 24px;\"><b style=\"font-size: 18.5962px;\"><span style=\"font-size: 12.0pt; line-height: 150%; font-family: 'Arial',sans-serif;\">Anmeldung<\/span><\/b><span style=\"font-size: 12pt; line-height: 150%; font-family: Arial, sans-serif;\">: bis 27.01.2026 bei Frau Steffi Hanke, Handy: 0151-500 12 888<\/span><\/p>\n<p class=\"MsoNormal\" style=\"margin-bottom: 0cm; line-height: 24px;\"><b><span style=\"font-size: 12pt; line-height: 24px; font-family: Arial, sans-serif;\">\u00a0<\/span><\/b><\/p>\n<\/div>    <\/div>\n<\/div>\n<!-- \/module text --><!-- module text -->\n<div  class=\"module module-text tb_0b1p030   \" data-lazy=\"1\">\n        <div  class=\"tb_text_wrap\">\n        <h1 style=\"margin: 12.0pt 0cm 12.0pt 0cm;\">Februar<\/h1>\n<div>\n<p class=\"MsoNormal\" style=\"margin-bottom: 0cm; line-height: 150%;\"><b><span style=\"font-size: 12.0pt; line-height: 150%; font-family: 'Arial',sans-serif;\">Sonntag, 22.02.2026<\/span><\/b><\/p>\n<p class=\"MsoNormal\" style=\"margin-bottom: 0cm; line-height: 150%;\"><b><span style=\"font-size: 12.0pt; line-height: 150%; font-family: 'Arial',sans-serif;\">\u201eWinterwanderung im Osterzgebirge \u2013 Aussichten rund um Oberb\u00e4renburg\u201c<\/span><\/b><\/p>\n<p class=\"MsoNormal\" style=\"margin-bottom: 0cm; line-height: 150%;\"><span style=\"font-size: 12.0pt; line-height: 150%; font-family: 'Arial',sans-serif;\">Wanderstrecke ca. 5 km, <b>leicht<\/b><\/span><\/p>\n<p class=\"MsoNormal\" style=\"margin-bottom: 0cm; line-height: 150%;\"><span style=\"font-family: Arial, sans-serif; font-size: 12pt;\">08:00 Uhr\u00a0\u00a0\u00a0\u00a0\u00a0 \u00a0\u00a0\u00a0\u00a0\u00a0\u00a0\u00a0\u00a0\u00a0\u00a0\u00a0 Treff Radebeul \u2013 Ost, Bstg.<\/span><\/p>\n<p class=\"MsoNormal\" style=\"margin-bottom: 0cm; line-height: 150%;\"><span style=\"font-size: 12.0pt; line-height: 150%; font-family: 'Arial',sans-serif;\">08:10 Uhr\u00a0\u00a0\u00a0\u00a0\u00a0 \u00a0\u00a0\u00a0\u00a0\u00a0\u00a0\u00a0\u00a0\u00a0\u00a0\u00a0 Fahrt mit S-Bahn nach DD Hauptbahnhof, Weiterfahrt mit Bus <\/span><\/p>\n<p class=\"MsoNormal\" style=\"margin-bottom: 0cm; line-height: 150%;\"><b><span style=\"font-size: 12.0pt; line-height: 150%; font-family: 'Arial',sans-serif;\">WL:\u00a0\u00a0\u00a0 <\/span><\/b><span style=\"font-size: 12.0pt; line-height: 150%; font-family: 'Arial',sans-serif;\">Astrid M\u00fcller-Wenzke<b><\/b><\/span><\/p>\n<p class=\"MsoNormal\" style=\"margin-bottom: 0cm; line-height: 150%;\"><span style=\"font-size: 12.0pt; line-height: 150%; font-family: 'Arial',sans-serif;\">Fahrschein:\u00a0\u00a0 \u00a0\u00a0\u00a0\u00a0\u00a0\u00a0\u00a0\u00a0\u00a0\u00a0\u00a0 KGK f\u00fcr 5 Pers. oder Deutschlandticket<\/span><\/p>\n<p class=\"MsoNormal\" style=\"margin-bottom: 0cm; line-height: 150%;\"><b><span style=\"font-size: 12.0pt; line-height: 150%; font-family: 'Arial',sans-serif;\">Verpflegung aus dem Rucksack, Gasthaus m\u00f6glich<\/span><\/b><\/p>\n<p class=\"MsoNormal\" style=\"margin-bottom: 0cm; line-height: 150%;\"><b><span style=\"font-size: 12.0pt; line-height: 150%; font-family: 'Arial',sans-serif;\">Anmeldung: <\/span><\/b><span style=\"font-size: 12.0pt; line-height: 150%; font-family: 'Arial',sans-serif;\">bis 20.02.2026 bei Frau Hamann 0351-8010455 (AB)<\/span><\/p>\n<p class=\"MsoNormal\" style=\"margin-bottom: 0cm; line-height: 150%;\"><span style=\"font-family: Arial, sans-serif; font-size: 16px;\">\u00a0&#8212;&#8212;&#8212;&#8212;&#8212;&#8212;&#8212;&#8212;&#8212;&#8212;&#8212;&#8212;&#8212;&#8212;&#8212;&#8212;&#8212;&#8212;&#8212;&#8212;&#8212;&#8212;&#8212;&#8212;&#8212;&#8212;&#8212;&#8212;&#8212;&#8212;&#8212;&#8212;&#8212;&#8212;<\/span><\/p>\n<p class=\"MsoNormal\" style=\"margin-bottom: 0cm; line-height: 24px;\"><b style=\"font-size: 18.5962px;\"><span style=\"font-size: 12.0pt; line-height: 150%; font-family: 'Arial',sans-serif;\">Mittwoch, 25.02.2026<\/span><\/b><\/p>\n<p class=\"MsoNormal\" style=\"margin-bottom: 0cm; line-height: 150%;\"><span style=\"font-size: 12.0pt; line-height: 150%; font-family: 'Arial',sans-serif;\">Vortrag<b>: &#8222;Fasten als Neubeginn&#8220;<\/b><\/span><\/p>\n<p class=\"MsoNormal\" style=\"margin-bottom: 0cm; line-height: 150%;\"><span style=\"font-family: Arial, sans-serif; font-size: 12pt;\">18:00 Uhr\u00a0 \u00a0 \u00a0 \u00a0 \u00a0 \u00a0 \u00a0 \u00a0 \u00a0 \u00a0Vereinshaus Radebeul, Dr. &#8211; K\u00fclz &#8211; Str. 4<\/span><\/p>\n<p class=\"MsoNormal\" style=\"text-indent: -106.2pt; line-height: 150%; margin: 0cm 0cm 0cm 106.2pt;\"><span style=\"font-size: 12.0pt; line-height: 150%; font-family: 'Arial',sans-serif;\">Referent:\u00a0 \u00a0 \u00a0 \u00a0 \u00a0 \u00a0 \u00a0 \u00a0 Frau Bianca Nicolai &#8211; \u00e4rztlich gepr\u00fcfte Gesundheitsberaterin\u00a0 \u00a0und ganzheitliche Ern\u00e4hrungsberaterin GGB<\/span><\/p>\n<p class=\"MsoNormal\" style=\"margin-bottom: 0cm; line-height: 150%;\"><span style=\"font-size: 12.0pt; line-height: 150%; font-family: 'Arial',sans-serif;\">Unkosten:\u00a0\u00a0\u00a0\u00a0\u00a0\u00a0\u00a0\u00a0\u00a0\u00a0\u00a0\u00a0\u00a0\u00a0\u00a0\u00a0\u00a0 Mg.: 2,00 \u20ac, Nmg.: 6,00 \u20ac<\/span><\/p>\n<p class=\"MsoNormal\" style=\"margin-bottom: 0cm; line-height: 24px;\"><b style=\"font-size: 18.5962px;\"><span style=\"font-size: 12.0pt; line-height: 150%; font-family: 'Arial',sans-serif;\">Anmeldung<\/span><\/b><span style=\"font-size: 12pt; line-height: 150%; font-family: Arial, sans-serif;\">: bis 24.02.2026 bei Frau Steffi Hanke, Handy: 0151-500 12 888<\/span><span style=\"font-family: Arial, sans-serif; font-size: 12pt;\">\u00a0<\/span><\/p>\n<\/div>\n<div>\u00a0<\/div>    <\/div>\n<\/div>\n<!-- \/module text --><!-- module text -->\n<div  class=\"module module-text tb_p0qr923   \" data-lazy=\"1\">\n        <div  class=\"tb_text_wrap\">\n        <h1 style=\"margin: 12.0pt 0cm 12.0pt 0cm;\"><b style=\"letter-spacing: -0.03em; background-color: initial;\">M\u00e4rz<\/b><\/h1>\n<p class=\"MsoNormal\" style=\"margin-bottom: 0cm; line-height: 150%;\"><b><span style=\"font-size: 12.0pt; line-height: 150%; font-family: 'Arial',sans-serif;\">Mittwoch, 04.03.2026<\/span><\/b><\/p>\n<p class=\"MsoNormal\" style=\"margin-bottom: 0cm; line-height: 150%;\"><span style=\"font-size: 12.0pt; line-height: 150%; font-family: 'Arial',sans-serif;\">Workshop<b>: &#8220; Brot backen Teil 1\u201c <\/b>Schnelles Brot mit Hefe (max. 15 Pers.)<\/span><\/p>\n<p class=\"MsoNormal\" style=\"margin-bottom: 0cm; line-height: 150%;\"><span style=\"font-family: Arial, sans-serif; font-size: 12pt;\">18:00 Uhr <\/span><span style=\"font-family: Arial, sans-serif; font-size: 12pt;\">\u00a0 \u00a0 \u00a0 \u00a0 \u00a0 \u00a0 \u00a0 \u00a0 \u00a0\u00a0<\/span><span style=\"font-family: Arial, sans-serif; font-size: 12pt;\">Vereinshaus Radebeul, Dr. &#8211; K\u00fclz &#8211; Str. 4<\/span><\/p>\n<p class=\"MsoNormal\" style=\"text-indent: -106.2pt; line-height: 150%; margin: 0cm 0cm 0cm 106.2pt;\"><span style=\"font-size: 12.0pt; line-height: 150%; font-family: 'Arial',sans-serif;\">Referent:\u00a0 \u00a0 \u00a0 \u00a0 \u00a0 \u00a0 \u00a0 \u00a0 \u00a0 Frau Bianca Nicolai &#8211; \u00e4rztlich gepr\u00fcfte Gesundheitsberaterin\u00a0 \u00a0 und ganzheitliche Ern\u00e4hrungsberaterin GGB<\/span><\/p>\n<p class=\"MsoNormal\" style=\"margin-bottom: 0cm; line-height: 150%;\"><span style=\"font-size: 12.0pt; line-height: 150%; font-family: 'Arial',sans-serif;\">Materialkosten:\u00a0\u00a0\u00a0\u00a0\u00a0\u00a0\u00a0\u00a0 12,00 \u20ac<\/span><\/p>\n<p class=\"MsoNormal\" style=\"margin-bottom: 0cm; line-height: 150%;\"><span style=\"font-size: 12.0pt; line-height: 150%; font-family: 'Arial',sans-serif;\">Unkostenbeitrag:\u00a0\u00a0\u00a0\u00a0 Mg: 6,00 \u20ac, Nmg: 10,00 \u20ac<\/span><\/p>\n<p class=\"MsoNormal\" style=\"margin-bottom: 0cm; line-height: 150%;\"><b><span style=\"font-size: 12.0pt; line-height: 150%; font-family: 'Arial',sans-serif;\">Anmeldung<\/span><\/b><span style=\"font-size: 12.0pt; line-height: 150%; font-family: 'Arial',sans-serif;\">: bis 02.03.2026 bei Frau Steffi Hanke, Handy: 0151-500 12 888<\/span><\/p>\n<p class=\"MsoNormal\" style=\"margin-bottom: 0cm; line-height: 150%;\"><span style=\"font-size: 12.0pt; line-height: 150%; font-family: 'Arial',sans-serif;\">\u00a0&#8212;&#8212;&#8212;&#8212;&#8212;&#8212;&#8212;&#8212;&#8212;&#8212;&#8212;&#8212;&#8212;&#8212;&#8212;&#8212;&#8212;&#8212;&#8212;&#8212;&#8212;&#8212;&#8212;&#8212;&#8212;&#8212;&#8212;&#8212;&#8212;&#8212;&#8212;&#8212;&#8212;&#8212;&#8212;<\/span><\/p>\n<p class=\"MsoNormal\" style=\"margin-bottom: 0cm; line-height: 150%;\"><b><span style=\"font-size: 12.0pt; line-height: 150%; font-family: 'Arial',sans-serif;\">Mittwoch 11.03.2026<\/span><\/b><\/p>\n<p class=\"MsoNormal\" style=\"margin-bottom: 0cm; line-height: 150%;\"><span style=\"font-size: 12.0pt; line-height: 150%; font-family: 'Arial',sans-serif;\">Besuch der Ausstellung <b>\u201cAMAZONIEN \u2013 Faszination tropischer Regenwald\u201c<\/b> <\/span><\/p>\n<p class=\"MsoNormal\" style=\"margin-bottom: 0cm; line-height: 150%;\"><span style=\"font-family: Arial, sans-serif; font-size: 12pt; text-indent: -106.2pt;\">15:00 Uhr<\/span><span style=\"font-family: Arial, sans-serif; font-size: 12pt; text-indent: -106.2pt;\">\u00a0 \u00a0 \u00a0 \u00a0 \u00a0 \u00a0 \u00a0 \u00a0<\/span><span style=\"font-family: Arial, sans-serif; font-size: 12pt; text-indent: -106.2pt;\">Treffpunkt: Eingangshalle,<\/span> <span style=\"font-family: Arial, sans-serif; font-size: 12pt; text-indent: -106.2pt;\">Panometer, Gasanstaltstr.8B, 01237\u00a0 Dresden<\/span><\/p>\n<p class=\"MsoNormal\" style=\"margin-bottom: 0cm; line-height: 150%;\"><span style=\"font-size: 12.0pt; line-height: 150%; font-family: 'Arial',sans-serif;\">Kosten: \u00a0\u00a0\u00a0\u00a0\u00a0\u00a0\u00a0\u00a0 \u00a0\u00a0\u00a0\u00a0\u00a0\u00a0\u00a0\u00a0\u00a0\u00a0\u00a0 Mg.: 14,00 \u20ac, Nmg.: 18,00 \u20ac<\/span><\/p>\n<p class=\"MsoNormal\" style=\"margin-bottom: 0cm; line-height: 150%;\"><b><span style=\"font-size: 12.0pt; line-height: 150%; font-family: 'Arial',sans-serif;\">Anmeldung<\/span><\/b><span style=\"font-size: 12.0pt; line-height: 150%; font-family: 'Arial',sans-serif;\">: bis 06.03.2026 bei Frau Thiemig 0351-8581639 (AB)<\/span><span style=\"font-family: Arial, sans-serif; font-size: 12pt;\">\u00a0<\/span><\/p>\n<p class=\"MsoNormal\" style=\"margin-bottom: 0cm; line-height: 24px;\"><b><span style=\"font-size: 12pt; line-height: 24px; font-family: Arial, sans-serif;\">\u00a0<\/span><\/b><span style=\"font-family: Arial, sans-serif; font-size: 16px;\">\u00a0&#8212;&#8212;&#8212;&#8212;&#8212;&#8212;&#8212;&#8212;&#8212;&#8212;&#8212;&#8212;&#8212;&#8212;&#8212;&#8212;&#8212;&#8212;&#8212;&#8212;&#8212;&#8212;&#8212;&#8212;&#8212;&#8212;&#8212;&#8212;&#8212;&#8212;&#8212;&#8212;&#8212;&#8212;<\/span><\/p>\n<p class=\"MsoNormal\" style=\"margin-bottom: 0cm; line-height: 150%;\"><b><span style=\"font-size: 12.0pt; line-height: 150%; font-family: 'Arial',sans-serif;\">Sonntag, 29.03.2026<\/span><\/b><\/p>\n<p class=\"MsoNormal\" style=\"margin-bottom: 0cm; line-height: 150%;\"><b><span style=\"font-size: 12.0pt; line-height: 150%; font-family: 'Arial',sans-serif;\">\u201eWanderung auf dem Karras Rundweg durch das Moritzburger Teichgebiet\u201c \u2013 II. Teil <\/span><\/b><span style=\"font-size: 12.0pt; line-height: 150%; font-family: 'Arial',sans-serif;\">Wanderstrecke ca. 9 km, <b>leicht<\/b><\/span><\/p>\n<p class=\"MsoNormal\" style=\"margin-bottom: 0cm; line-height: 150%;\"><span style=\"font-size: 12.0pt; line-height: 150%; font-family: 'Arial',sans-serif;\">08:30 Uhr\u00a0\u00a0\u00a0\u00a0\u00a0 \u00a0\u00a0\u00a0\u00a0\u00a0\u00a0\u00a0\u00a0\u00a0\u00a0\u00a0 Treff Bahnhof Radebeul \u2013 Ost, Bstg<b><\/b><\/span><\/p>\n<p class=\"MsoNormal\" style=\"margin-bottom: 0cm; line-height: 150%;\"><span style=\"font-size: 12.0pt; line-height: 150%; font-family: 'Arial',sans-serif;\">08:46 Uhr\u00a0\u00a0\u00a0\u00a0\u00a0 \u00a0\u00a0\u00a0\u00a0\u00a0\u00a0\u00a0\u00a0\u00a0\u00a0\u00a0 Fahrt mit S-Bahn nach Coswig<br>\u00a0 \u00a0 \u00a0 \u00a0 \u00a0 \u00a0 \u00a0 \u00a0 \u00a0 \u00a0 \u00a0 \u00a0 \u00a0 \u00a0 \u00a0 \u00a0 \u00a0 Weiterfahrt mit Bus Li 405 nach Moritzburg<\/span><\/p>\n<p class=\"MsoNormal\" style=\"margin-bottom: 0cm; line-height: 150%;\"><b><span style=\"font-size: 12.0pt; line-height: 150%; font-family: 'Arial',sans-serif;\">Verpflegung aus dem Rucksack, Gasthaus m\u00f6glich<br>WL:\u00a0\u00a0\u00a0 \u00a0\u00a0\u00a0\u00a0\u00a0\u00a0\u00a0\u00a0\u00a0\u00a0\u00a0\u00a0\u00a0\u00a0\u00a0\u00a0\u00a0\u00a0\u00a0\u00a0\u00a0\u00a0\u00a0 <\/span><\/b><span style=\"font-size: 12.0pt; line-height: 150%; font-family: 'Arial',sans-serif;\">Manuela Hamann<b><\/b><\/span><\/p>\n<p class=\"MsoNormal\" style=\"margin-bottom: 0cm; line-height: 150%;\"><b><span style=\"font-size: 12.0pt; line-height: 150%; font-family: 'Arial',sans-serif;\">Fahrschein<\/span><\/b><span style=\"font-size: 12.0pt; line-height: 150%; font-family: 'Arial',sans-serif;\">:\u00a0 \u00a0 \u00a0 \u00a0 \u00a0 \u00a0 \u00a0 \u00a0KGK f\u00fcr 5 Pers. (1 Zone) oder Deutschlandticket<\/span><\/p>\n<p class=\"MsoNormal\" style=\"margin-bottom: 0cm; line-height: 24px;\"><b style=\"font-size: 18.5962px;\"><span style=\"font-size: 12.0pt; line-height: 150%; font-family: 'Arial',sans-serif;\">Anmeldung: <\/span><\/b><span style=\"font-size: 12pt; line-height: 150%; font-family: Arial, sans-serif;\">bis 27.03.2026 bei Frau Hamann 0351-8010455 (AB)<\/span><\/p>\n<p class=\"MsoNormal\" style=\"margin-bottom: 0cm; line-height: 24px;\"><span style=\"font-size: 12pt; line-height: 24px; font-family: Arial, sans-serif;\">\u00a0<\/span><\/p>    <\/div>\n<\/div>\n<!-- \/module text --><!-- module text -->\n<div  class=\"module module-text tb_c1rf133   \" data-lazy=\"1\">\n        <div  class=\"tb_text_wrap\">\n        <h1 style=\"margin: 12.0pt 0cm 12.0pt 0cm;\"><b style=\"letter-spacing: -0.03em; background-color: initial;\">April<\/b><\/h1>\n<p class=\"MsoNormal\"><b style=\"font-size: 18.5962px;\"><span style=\"font-size: 12.0pt; line-height: 150%; font-family: 'Arial',sans-serif;\">Mittwoch, 15.04.2026<\/span><\/b><\/p>\n<p class=\"MsoNormal\"><span style=\"font-family: Arial, sans-serif; font-size: 12pt;\">Workshop:<\/span><span style=\"font-family: Arial, sans-serif; font-size: 12pt;\">\u00a0\u00a0\u00a0\u00a0 <\/span><b style=\"font-family: Arial, sans-serif; font-size: 12pt;\">&#8222;Fermentieren Teil 2 &#8211; Getr\u00e4nke &#8222;<\/b><span style=\"font-family: Arial, sans-serif; font-size: 12pt;\"> (max. 15 Pers.)\u00a0 \u00a0 \u00a0 \u00a0 \u00a0 \u00a0 \u00a0 \u00a0 \u00a0 \u00a0 \u00a0 \u00a0 \u00a0 \u00a0<\/span><span style=\"font-family: Arial, sans-serif; font-size: 12pt;\">Im Sommer sind selbst fermentierte Limonaden ein Genuss;<\/span><\/p>\n<p class=\"MsoNormal\" style=\"margin-bottom: 0cm; line-height: 150%;\"><span style=\"font-family: Arial, sans-serif; font-size: 12pt;\">18:00 Uhr <\/span><span style=\"font-family: Arial, sans-serif; font-size: 12pt;\">\u00a0 \u00a0 \u00a0 \u00a0 \u00a0 \u00a0 \u00a0 \u00a0<\/span><span style=\"font-family: Arial, sans-serif; font-size: 12pt;\">Vereinshaus Radebeul, Dr. &#8211; K\u00fclz &#8211; Str. 4<\/span><\/p>\n<p class=\"MsoNormal\" style=\"text-indent: -106.2pt; line-height: 150%; margin: 0cm 0cm 0cm 106.2pt;\"><span style=\"font-size: 12.0pt; line-height: 150%; font-family: 'Arial',sans-serif;\">Referent:\u00a0 \u00a0 \u00a0 \u00a0 \u00a0 \u00a0 \u00a0 \u00a0 \u00a0Frau Bianca Nicolai &#8211; \u00e4rztlich gepr\u00fcfte Gesundheitsberaterin <br>und ganzheitliche Ern\u00e4hrungsberaterin GGB<\/span><\/p>\n<p class=\"MsoNormal\" style=\"margin-bottom: 0cm; line-height: 150%;\"><span style=\"font-size: 12.0pt; line-height: 150%; font-family: 'Arial',sans-serif;\">Materialkosten: \u00a0\u00a0\u00a0\u00a0\u00a0\u00a0 12,00 \u20ac<\/span><\/p>\n<p class=\"MsoNormal\" style=\"margin-bottom: 0cm; line-height: 150%;\"><span style=\"font-size: 12.0pt; line-height: 150%; font-family: 'Arial',sans-serif;\">Unkostenbeitrag\u00a0\u00a0\u00a0\u00a0\u00a0 Mg.: 6,00 \u20ac, Nmg.: 10,00 \u20ac<\/span><\/p>\n<p class=\"MsoNormal\" style=\"margin-bottom: 0cm; line-height: 150%;\"><b><span style=\"font-size: 12.0pt; line-height: 150%; font-family: 'Arial',sans-serif;\">Anmeldung: <\/span><\/b><span style=\"font-size: 12.0pt; line-height: 150%; font-family: 'Arial',sans-serif;\">bis 13.04.2026 bei Frau Steffi Hanke, Handy: 0151-500 12 888<\/span><\/p>\n<p class=\"MsoNormal\" style=\"margin-bottom: 0cm; line-height: 150%;\"><b><span style=\"font-size: 12.0pt; line-height: 150%; font-family: 'Arial',sans-serif;\">\u00a0&#8212;&#8212;&#8212;&#8212;&#8212;&#8212;&#8212;&#8212;&#8212;&#8212;&#8212;&#8212;&#8212;&#8212;&#8212;&#8212;&#8212;&#8212;&#8212;&#8212;&#8212;&#8212;&#8212;&#8212;&#8212;&#8212;&#8212;&#8212;&#8212;&#8212;&#8212;&#8212;&#8212;&#8212;-<\/span><\/b><\/p>\n<p class=\"MsoNormal\" style=\"margin-bottom: 0cm; line-height: 150%;\"><b><span style=\"font-size: 12.0pt; line-height: 150%; font-family: 'Arial',sans-serif;\">Sonntag, 19.04.2026 <\/span><\/b><\/p>\n<p class=\"MsoNormal\" style=\"margin-bottom: 0cm; line-height: 150%;\"><b><span style=\"font-size: 12.0pt; line-height: 150%; font-family: 'Arial',sans-serif;\">Theaterbesuch: \u201eDer Liebestrank\u201c, <\/span><\/b><span style=\"font-size: 12.0pt; line-height: 150%; font-family: 'Arial',sans-serif;\">Oper von Gaetano Donizetti<\/span><\/p>\n<p class=\"MsoNormal\" style=\"margin-bottom: 0cm; line-height: 150%;\"><span style=\"font-family: Arial, sans-serif; font-size: 12pt;\">Ort:<\/span><span style=\"font-family: Arial, sans-serif; font-size: 12pt;\">\u00a0 \u00a0 \u00a0 \u00a0 \u00a0 \u00a0 \u00a0 \u00a0 \u00a0 \u00a0 \u00a0 \u00a0 \u00a0 \u00a0\u00a0<\/span><span style=\"font-family: Arial, sans-serif; font-size: 12pt;\">Landesb\u00fchnen Sachsen<\/span><\/p>\n<p class=\"MsoNormal\" style=\"margin-bottom: 0cm; line-height: 150%;\"><span style=\"font-size: 12.0pt; line-height: 150%; font-family: 'Arial',sans-serif;\">Beginn:\u00a0\u00a0\u00a0\u00a0\u00a0\u00a0\u00a0\u00a0\u00a0\u00a0\u00a0\u00a0\u00a0\u00a0\u00a0\u00a0\u00a0\u00a0\u00a0\u00a0\u00a0 15:00 Uhr<\/span><\/p>\n<p class=\"MsoNormal\" style=\"margin-bottom: 0cm; line-height: 150%;\"><span style=\"font-size: 12.0pt; line-height: 150%; font-family: 'Arial',sans-serif;\">Kosten:\u00a0\u00a0\u00a0\u00a0\u00a0\u00a0\u00a0\u00a0\u00a0\u00a0\u00a0\u00a0\u00a0\u00a0\u00a0\u00a0\u00a0\u00a0\u00a0\u00a0\u00a0 25,00 \u20ac Vollzahler, 22,00 \u20ac Rentner<\/span><\/p>\n<p class=\"MsoNormal\" style=\"margin-bottom: 0cm; line-height: 150%;\"><b><span style=\"font-size: 12.0pt; line-height: 150%; font-family: 'Arial',sans-serif;\">Anmeldung<\/span><\/b><span style=\"font-size: 12.0pt; line-height: 150%; font-family: 'Arial',sans-serif;\">: bis <b>24.02.2026<\/b> bei Frau Hentzschel 0351-2189544 (AB)<\/span><\/p>\n<p class=\"MsoNormal\" style=\"margin-bottom: 0cm; line-height: 150%;\"><b><span style=\"font-size: 12.0pt; line-height: 150%; font-family: 'Arial',sans-serif;\">\u00a0&#8212;&#8212;&#8212;&#8212;&#8212;&#8212;&#8212;&#8212;&#8212;&#8212;&#8212;&#8212;&#8212;&#8212;&#8212;&#8212;&#8212;&#8212;&#8212;&#8212;&#8212;&#8212;&#8212;&#8212;&#8212;&#8212;&#8212;&#8212;&#8212;&#8212;&#8212;&#8212;&#8212;&#8212;&#8211;<\/span><\/b><\/p>\n<p class=\"MsoNormal\" style=\"margin-bottom: 0cm; line-height: 150%;\"><b><span style=\"font-size: 12.0pt; line-height: 150%; font-family: 'Arial',sans-serif;\">Mittwoch 22.04.2026<\/span><\/b><\/p>\n<p class=\"MsoNormal\" style=\"margin-bottom: 0cm; line-height: 150%;\"><b><span style=\"font-size: 12.0pt; line-height: 150%; font-family: 'Arial',sans-serif;\">\u201eSpaziergang durch den Altkaditzer Dorfkern\u201c<\/span><\/b><\/p>\n<p class=\"MsoNormal\" style=\"margin-bottom: 0cm; line-height: 150%;\"><span style=\"font-size: 12.0pt; line-height: 150%; font-family: 'Arial',sans-serif;\">Wanderstrecke ca. 2 km <\/span><\/p>\n<p class=\"MsoNormal\" style=\"margin-bottom: 0cm; line-height: 150%;\"><span style=\"font-family: Arial, sans-serif; font-size: 12pt;\">14:00 Uhr<\/span><span style=\"font-family: Arial, sans-serif; font-size: 12pt;\">\u00a0\u00a0\u00a0\u00a0\u00a0\u00a0\u00a0\u00a0\u00a0\u00a0\u00a0\u00a0\u00a0\u00a0\u00a0\u00a0\u00a0 <\/span><span style=\"font-family: Arial, sans-serif; font-size: 12pt;\">Treffpunkt Haltestelle Riegelplatz (Li. 9,13 + Bus 64)<\/span><\/p>\n<p class=\"MsoNormal\" style=\"margin-bottom: 0cm; line-height: 150%;\"><span style=\"font-size: 12.0pt; line-height: 150%; font-family: 'Arial',sans-serif;\">Fahrschein:\u00a0\u00a0\u00a0\u00a0\u00a0\u00a0\u00a0\u00a0\u00a0\u00a0\u00a0\u00a0\u00a0\u00a0 individuell<\/span><\/p>\n<p class=\"MsoNormal\" style=\"margin-bottom: 0cm; line-height: 150%;\"><b><span style=\"font-size: 12.0pt; line-height: 150%; font-family: 'Arial',sans-serif;\">Achtung: Treffpunkt beachten!!!<\/span><\/b><\/p>\n<p class=\"MsoNormal\" style=\"margin-bottom: 0cm; line-height: 150%;\"><b><span style=\"font-size: 12.0pt; line-height: 150%; font-family: 'Arial',sans-serif;\">Anmeldung<\/span><\/b><span style=\"font-size: 12.0pt; line-height: 150%; font-family: 'Arial',sans-serif;\">: bis 20.04.2026 bei Frau Thiemig 0351-8581639 (AB)<\/span><\/p>\n<p class=\"MsoNormal\" style=\"margin-bottom: 0cm; line-height: 150%;\"><b><span style=\"font-size: 12.0pt; line-height: 150%; font-family: 'Arial',sans-serif;\">\u00a0&#8212;&#8212;&#8212;&#8212;&#8212;&#8212;&#8212;&#8212;&#8212;&#8212;&#8212;&#8212;&#8212;&#8212;&#8212;&#8212;&#8212;&#8212;&#8212;&#8212;&#8212;&#8212;&#8212;&#8212;&#8212;&#8212;&#8212;&#8212;&#8212;&#8212;&#8212;&#8212;&#8212;&#8212;&#8211;<\/span><\/b><\/p>\n<p class=\"MsoNormal\" style=\"margin: 0px 0px 0cm; font-size: 20px; line-height: 30px;\"><b><span style=\"font-size: 12pt; line-height: 24px; font-family: Arial, sans-serif;\">Sonntag, 26.04.2026<\/span><\/b><\/p>\n<p class=\"MsoNormal\" style=\"margin: 0px 0px 0cm; font-size: 20px; line-height: 30px;\"><b><span style=\"font-size: 12pt; line-height: 24px; font-family: Arial, sans-serif;\">\u201eWanderung rund um den Keulenberg, auf dem Gr\u00e4fenhainer Wanderschuh\u201c<\/span><\/b><\/p>\n<p class=\"MsoNormal\" style=\"margin: 0px 0px 0cm; font-size: 20px; line-height: 30px;\"><span style=\"font-size: 12pt; line-height: 24px; font-family: Arial, sans-serif;\">08:00 bis 17:30 Uhr<\/span><\/p>\n<p class=\"MsoNormal\" style=\"margin: 0px 0px 0cm; font-size: 20px; line-height: 30px;\"><span style=\"font-size: 12pt; line-height: 24px; font-family: Arial, sans-serif;\">Wanderstrecke ca. 14 km \u2013\u00a0<b>mittelschwer<\/b><\/span><\/p>\n<p class=\"MsoNormal\" style=\"margin: 0px 0px 0cm; font-size: 20px; line-height: 30px;\"><span style=\"font-size: 12pt; line-height: 24px; font-family: Arial, sans-serif;\">08:00 Uhr\u00a0 Treff Bahnhof Radebeul \u2013 Ost, Bstg<b><\/b><\/span><\/p>\n<p class=\"MsoNormal\" style=\"margin: 0px 0px 0cm; font-size: 20px; line-height: 30px;\"><span style=\"font-size: 12pt; line-height: 24px; font-family: Arial, sans-serif;\">08:10 Uhr\u00a0 \u00a0Fahrt mit S-Bahn nach Dresden-Neustadt, weiter nach Pulsnitz\u00a0 \u00a0 \u00a0 \u00a0 \u00a0 \u00a0 \u00a0 12:30 Uhr\u00a0 \u00a0Rast auf dem Keulenberg\u00a0 \u00a0 \u00a0 \u00a0 \u00a0\u00a0<\/span><\/p>\n<p class=\"MsoNormal\" style=\"margin: 0px 0px 0cm; font-size: 20px; line-height: 30px;\"><span style=\"font-size: 12pt; line-height: 24px; font-family: Arial, sans-serif;\">14:00 Uhr\u00a0 \u00a0Kofferradiomuseum in Gr\u00e4fenhain,Selbstzahler\u00a0<\/span><\/p>\n<p class=\"MsoNormal\" style=\"margin: 0px 0px 0cm; font-size: 20px; line-height: 30px;\"><b><span style=\"font-size: 12pt; line-height: 24px; font-family: Arial, sans-serif;\">Verpflegung:\u00a0\u00a0\u00a0\u00a0\u00a0\u00a0\u00a0\u00a0\u00a0\u00a0 aus dem Rucksack, Imbiss auf dem Keulenberg m\u00f6glich<\/span><\/b><\/p>\n<p class=\"MsoNormal\" style=\"margin: 0px 0px 0cm; font-size: 20px; line-height: 30px;\"><b><span style=\"font-size: 12pt; line-height: 24px; font-family: Arial, sans-serif;\">WL:\u00a0\u00a0\u00a0 \u00a0\u00a0\u00a0\u00a0\u00a0\u00a0\u00a0\u00a0\u00a0\u00a0\u00a0\u00a0\u00a0\u00a0\u00a0\u00a0\u00a0\u00a0\u00a0\u00a0\u00a0\u00a0\u00a0\u00a0<\/span><\/b><span style=\"font-size: 12pt; line-height: 24px; font-family: Arial, sans-serif;\">Astrid M\u00fcller-Wenzke<b><\/b><\/span><\/p>\n<p class=\"MsoNormal\" style=\"margin: 0px 0px 0cm; font-size: 20px; line-height: 30px;\"><b><span style=\"font-size: 12pt; line-height: 24px; font-family: Arial, sans-serif;\">Fahrschein:<\/span><\/b><span style=\"font-size: 12pt; line-height: 24px; font-family: Arial, sans-serif;\">\u00a0\u00a0\u00a0\u00a0\u00a0\u00a0\u00a0\u00a0\u00a0\u00a0\u00a0\u00a0 KGK f\u00fcr 5 Pers. oder Deutschlandticket<\/span><\/p>\n<p class=\"MsoNormal\" style=\"margin: 0px 0px 0cm; font-size: 20px; line-height: 24px;\">\u00a0<\/p>\n<p class=\"MsoNormal\" style=\"margin: 0px 0px 0cm; font-size: 20px; line-height: 30px;\"><b><span style=\"font-size: 12pt; line-height: 24px; font-family: Arial, sans-serif;\">Anmeldung:\u00a0<\/span><\/b><span style=\"font-size: 12pt; line-height: 24px; font-family: Arial, sans-serif;\">bis 24.04.2026 bei Frau Hamann Tel. 0351-8010455 (AB)<\/span><\/p>\n<p class=\"MsoNormal\" style=\"margin-bottom: 0cm; line-height: 150%;\">\u00a0<\/p>    <\/div>\n<\/div>\n<!-- \/module text --><!-- module text -->\n<div  class=\"module module-text tb_d7ty377   \" data-lazy=\"1\">\n        <div  class=\"tb_text_wrap\">\n        <h1 style=\"margin: 12.0pt 0cm 12.0pt 0cm;\">Mai<\/h1>\n<p class=\"MsoNormal\"><b style=\"font-size: 18.5962px;\"><span style=\"font-size: 12.0pt; line-height: 150%; font-family: 'Arial',sans-serif;\">Freitag, 01.05.2026<\/span><\/b><\/p>\n<p class=\"MsoNormal\" style=\"margin-bottom: 0cm; line-height: 150%;\"><b><span style=\"font-size: 12.0pt; line-height: 150%; font-family: 'Arial',sans-serif;\">Abbaden der Winterschwimmer <\/span><\/b><\/p>\n<p class=\"MsoNormal\" style=\"margin-bottom: 0cm; line-height: 150%;\"><span style=\"font-family: Arial, sans-serif; font-size: 12pt;\">Ort:<\/span><span style=\"font-family: Arial, sans-serif; font-size: 12pt;\">\u00a0\u00a0\u00a0\u00a0\u00a0\u00a0\u00a0\u00a0\u00a0\u00a0\u00a0\u00a0\u00a0\u00a0\u00a0\u00a0\u00a0\u00a0\u00a0\u00a0\u00a0\u00a0\u00a0\u00a0\u00a0\u00a0\u00a0\u00a0 <\/span><span style=\"font-family: Arial, sans-serif; font-size: 12pt;\">L\u00f6\u00dfnitzbad Radebeul, Fabrikstra\u00dfe 47<\/span><\/p>\n<p class=\"MsoNormal\" style=\"margin-bottom: 0cm; line-height: 150%;\"><span style=\"font-size: 12.0pt; line-height: 150%; font-family: 'Arial',sans-serif;\">Beginn: \u00a0\u00a0\u00a0\u00a0\u00a0\u00a0\u00a0\u00a0\u00a0\u00a0\u00a0\u00a0\u00a0\u00a0\u00a0\u00a0\u00a0\u00a0\u00a0\u00a0 10:00 Uhr<\/span><\/p>\n<p class=\"MsoNormal\" style=\"margin-bottom: 0cm; line-height: 150%;\"><span style=\"font-size: 12.0pt; line-height: 150%; font-family: 'Arial',sans-serif;\">Anschlie\u00dfend geselliges Beisammensein<\/span><\/p>\n<p class=\"MsoNormal\" style=\"margin-bottom: 0cm; line-height: 150%;\"><span style=\"font-size: 12.0pt; line-height: 150%; font-family: 'Arial',sans-serif;\">&#8212;&#8212;&#8212;&#8212;&#8212;&#8212;&#8212;&#8212;&#8212;&#8212;&#8212;&#8212;&#8212;&#8212;&#8212;&#8212;&#8212;&#8212;&#8212;&#8212;&#8212;&#8212;&#8212;&#8212;&#8212;&#8212;&#8212;&#8212;&#8212;&#8212;&#8212;&#8212;&#8212;&#8212;-<\/span><\/p>\n<p class=\"MsoNormal\" style=\"margin-bottom: 0cm; line-height: 150%;\"><b><span style=\"font-size: 12.0pt; line-height: 150%; font-family: 'Arial',sans-serif;\">Mittwoch, 06.05 2026<\/span><\/b><\/p>\n<p class=\"MsoNormal\" style=\"margin-bottom: 0cm; line-height: 150%;\"><span lang=\"EN-US\" style=\"font-size: 12.0pt; line-height: 150%; font-family: 'Arial',sans-serif; mso-ansi-language: EN-US;\">Workshop: <b>&#8222;Brot backen Teil 2\u201c <\/b>Sauerteigbrot (max. 15 Pers.)<b><\/b><\/span><\/p>\n<p class=\"MsoNormal\" style=\"margin-bottom: 0cm; line-height: 150%;\"><span lang=\"EN-US\" style=\"font-size: 12.0pt; line-height: 150%; font-family: 'Arial',sans-serif; mso-ansi-language: EN-US;\">\u00a0<\/span><\/p>\n<p class=\"MsoNormal\" style=\"margin-bottom: 0cm; line-height: 150%;\"><span style=\"font-size: 12.0pt; line-height: 150%; font-family: 'Arial',sans-serif;\">18:00 Uhr \u00a0\u00a0\u00a0\u00a0\u00a0\u00a0\u00a0\u00a0\u00a0\u00a0\u00a0\u00a0\u00a0\u00a0\u00a0\u00a0 Vereinshaus Radebeul, Dr. &#8211; K\u00fclz &#8211; Str. 4<\/span><\/p>\n<p class=\"MsoNormal\" style=\"text-indent: -106.2pt; line-height: 150%; margin: 0cm 0cm 0cm 106.2pt;\"><span style=\"font-size: 12.0pt; line-height: 150%; font-family: 'Arial',sans-serif;\">Referent:\u00a0\u00a0\u00a0\u00a0\u00a0\u00a0\u00a0\u00a0\u00a0\u00a0\u00a0\u00a0\u00a0\u00a0\u00a0\u00a0\u00a0\u00a0 Frau Bianca Nicolai &#8211; \u00e4rztlich gepr\u00fcfte Gesundheitsberaterin<br>und ganzheitliche Ern\u00e4hrungsberaterin GGB<\/span><\/p>\n<p class=\"MsoNormal\" style=\"margin-bottom: 0cm; line-height: 150%;\"><span style=\"font-size: 12.0pt; line-height: 150%; font-family: 'Arial',sans-serif;\">Materialkosten:\u00a0\u00a0\u00a0\u00a0\u00a0\u00a0\u00a0\u00a0 12,00 \u20ac<\/span><\/p>\n<p class=\"MsoNormal\" style=\"margin-bottom: 0cm; line-height: 150%;\"><span style=\"font-size: 12.0pt; line-height: 150%; font-family: 'Arial',sans-serif;\">Unkostenbeitrag:\u00a0\u00a0\u00a0\u00a0 Mg.: 6,00 \u20ac, Nmg.: 10,00 \u20ac<\/span><\/p>\n<p class=\"MsoNormal\" style=\"margin-bottom: 0cm; line-height: 150%;\">\u00a0<\/p>\n<p class=\"MsoNormal\" style=\"margin-bottom: 0cm; line-height: 150%;\"><b><span style=\"font-size: 12.0pt; line-height: 150%; font-family: 'Arial',sans-serif;\">Anmeldung:<\/span><\/b><span style=\"font-size: 12.0pt; line-height: 150%; font-family: 'Arial',sans-serif;\"> bis 04.05.2026 bei Frau Hanke, Handy: 0151-500 12 888<\/span><\/p>\n<p class=\"MsoNormal\" style=\"margin-bottom: 0cm; line-height: 150%;\"><span style=\"font-size: 12.0pt; line-height: 150%; font-family: 'Arial',sans-serif;\">&#8212;&#8212;&#8212;&#8212;&#8212;&#8212;&#8212;&#8212;&#8212;&#8212;&#8212;&#8212;&#8212;&#8212;&#8212;&#8212;&#8212;&#8212;&#8212;&#8212;&#8212;&#8212;&#8212;&#8212;&#8212;&#8212;&#8212;&#8212;&#8212;&#8212;&#8212;&#8212;&#8212;&#8212;&#8211;<\/span><\/p>\n<p class=\"MsoNormal\" style=\"margin-bottom: 0cm; line-height: 150%;\"><b style=\"font-size: 18.5962px;\"><span style=\"font-size: 12.0pt; line-height: 150%; font-family: 'Arial',sans-serif;\">Sonntag, 31.05.2026<\/span><\/b><\/p>\n<p class=\"MsoNormal\" style=\"margin-bottom: 0cm; line-height: 150%;\"><b><span style=\"font-size: 12.0pt; line-height: 150%; font-family: 'Arial',sans-serif;\">\u201eWanderung auf dem Panoramaweg von Lichtenhain nach Saupsdorf\u201c<\/span><\/b><\/p>\n<p class=\"MsoNormal\" style=\"margin-bottom: 0cm; line-height: 150%;\"><span style=\"font-size: 12.0pt; line-height: 150%; font-family: 'Arial',sans-serif;\">Wanderstrecke ca.12 km, mittelschwer<\/span><\/p>\n<p class=\"MsoNormal\" style=\"margin-bottom: 0cm; line-height: 150%;\"><span style=\"font-size: 12.0pt; line-height: 150%; font-family: 'Arial',sans-serif;\">\u00a0<\/span><\/p>\n<p class=\"MsoNormal\" style=\"margin-bottom: 0cm; line-height: 150%;\"><span style=\"font-size: 12.0pt; line-height: 150%; font-family: 'Arial',sans-serif;\">08:00 Uhr\u00a0\u00a0\u00a0\u00a0\u00a0 \u00a0\u00a0\u00a0\u00a0\u00a0\u00a0\u00a0\u00a0\u00a0\u00a0\u00a0 Treff Bahnhof Radebeul \u2013 Ost, Bstg.<\/span><\/p>\n<p class=\"MsoNormal\" style=\"margin-bottom: 0cm; line-height: 150%;\"><span style=\"font-size: 12.0pt; line-height: 150%; font-family: 'Arial',sans-serif;\">08:10 Uhr\u00a0\u00a0\u00a0\u00a0\u00a0 \u00a0\u00a0\u00a0\u00a0\u00a0\u00a0\u00a0\u00a0\u00a0\u00a0\u00a0 Fahrt mit S-Bahn nach Bad Schandau<\/span><\/p>\n<p class=\"MsoNormal\" style=\"margin-bottom: 0cm; line-height: 150%;\"><span style=\"font-size: 12.0pt; line-height: 150%; font-family: 'Arial',sans-serif;\">09:20 Uhr\u00a0\u00a0\u00a0\u00a0\u00a0 \u00a0\u00a0\u00a0\u00a0\u00a0\u00a0\u00a0\u00a0\u00a0\u00a0\u00a0 Weiterfahrt mit Bus Li 260 nach Lichtenhain<\/span><\/p>\n<p class=\"MsoNormal\" style=\"margin-bottom: 0cm; line-height: 150%;\"><b><span style=\"font-size: 12.0pt; line-height: 150%; font-family: 'Arial',sans-serif;\">Verpflegung aus dem Rucksack, Gasthaus m\u00f6glich<\/span><\/b><\/p>\n<p class=\"MsoNormal\" style=\"margin-bottom: 0cm; line-height: 150%;\"><b><span style=\"font-size: 12.0pt; line-height: 150%; font-family: 'Arial',sans-serif;\">WL:\u00a0\u00a0\u00a0 \u00a0\u00a0\u00a0\u00a0\u00a0\u00a0\u00a0\u00a0\u00a0\u00a0\u00a0\u00a0\u00a0\u00a0\u00a0\u00a0\u00a0\u00a0\u00a0\u00a0\u00a0\u00a0\u00a0 <\/span><\/b><span style=\"font-size: 12.0pt; line-height: 150%; font-family: 'Arial',sans-serif;\">Manuela Hamann<b><\/b><\/span><\/p>\n<p class=\"MsoNormal\" style=\"margin-bottom: 0cm; line-height: 150%;\"><b><span style=\"font-size: 12.0pt; line-height: 150%; font-family: 'Arial',sans-serif;\">Fahrschein<\/span><\/b><span style=\"font-size: 12.0pt; line-height: 150%; font-family: 'Arial',sans-serif;\">: \u00a0\u00a0\u00a0\u00a0\u00a0\u00a0\u00a0\u00a0\u00a0\u00a0\u00a0 KGK f\u00fcr 5 Pers. oder Deutschlandticket<\/span><\/p>\n<p class=\"MsoNormal\" style=\"margin-bottom: 0cm; line-height: 150%;\"><b><span style=\"font-size: 12.0pt; line-height: 150%; font-family: 'Arial',sans-serif;\">Anmeldung: <\/span><\/b><span style=\"font-size: 12.0pt; line-height: 150%; font-family: 'Arial',sans-serif; mso-bidi-font-weight: bold;\">bis 29.05.2026 bei Frau Hamann 0351-8010455 (AB)<\/span><\/p>    <\/div>\n<\/div>\n<!-- \/module text --><!-- module text -->\n<div  class=\"module module-text tb_diyn993   \" data-lazy=\"1\">\n        <div  class=\"tb_text_wrap\">\n        <h1 style=\"margin: 12.0pt 0cm 12.0pt 0cm;\"><b style=\"letter-spacing: -0.03em; background-color: initial;\">Juni<\/b><\/h1>\n<p class=\"MsoNormal\"><b style=\"font-size: 18.5962px;\"><span style=\"font-size: 12.0pt; line-height: 150%; font-family: 'Arial',sans-serif;\">Samstag, 06.06.2026<\/span><\/b><\/p>\n<p class=\"MsoNormal\" style=\"margin-bottom: 0cm; line-height: 150%;\"><b><span style=\"font-size: 12.0pt; line-height: 150%; font-family: 'Arial',sans-serif;\">\u201eFahrradtour nach Mei\u00dfen\u201c<\/span><\/b><\/p>\n<p class=\"MsoNormal\" style=\"margin-bottom: 0cm; line-height: 150%;\"><i><span style=\"font-size: 12.0pt; line-height: 150%; font-family: 'Arial',sans-serif;\">Fahrradstrecke ca. 28 km. Es wird empfohlen, einen Fahrradhelm zu tragen!<\/span><\/i><\/p>\n<p class=\"MsoNormal\" style=\"margin-bottom: 0cm; line-height: 150%;\"><span style=\"font-size: 12.0pt; line-height: 150%; font-family: 'Arial',sans-serif;\">\u00a0<\/span><\/p>\n<p class=\"MsoNormal\" style=\"margin-bottom: 0cm; line-height: 150%;\"><span style=\"font-size: 12.0pt; line-height: 150%; font-family: 'Arial',sans-serif;\">Unsere Fahrradtour f\u00fchrt uns von Radebeul \u00fcber den Elberadweg nach Mei\u00dfen. Dort besuchen wir das Stadtmuseum, wo wir viel Interessantes \u00fcber die Geschichte und die Geschichten der \u00e4ltesten Stadt in Sachsen erfahren.<\/span><\/p>\n<p class=\"MsoNormal\" style=\"margin-bottom: 0cm; line-height: 150%;\"><span style=\"font-size: 12.0pt; line-height: 150%; font-family: 'Arial',sans-serif;\">Anschlie\u00dfend st\u00e4rken wir uns in einem Biergarten und radeln nach Radebeul zur\u00fcck.<\/span><\/p>\n<p class=\"MsoNormal\" style=\"margin-bottom: 0cm; line-height: 150%;\"><span style=\"font-size: 12.0pt; line-height: 150%; font-family: 'Arial',sans-serif;\">Auch Teilnehmer mit eigener Anreise nach Mei\u00dfen sind herzlich willkommen.<\/span><\/p>\n<p class=\"MsoNormal\" style=\"margin-bottom: 0cm; line-height: 150%;\"><span style=\"font-size: 12.0pt; line-height: 150%; font-family: 'Arial',sans-serif;\">\u00a0<\/span><\/p>\n<p class=\"MsoNormal\" style=\"margin-bottom: 0cm; line-height: 150%;\"><span style=\"font-size: 12.0pt; line-height: 150%; font-family: 'Arial',sans-serif;\">10:00 Uhr\u00a0\u00a0\u00a0\u00a0\u00a0\u00a0\u00a0\u00a0\u00a0\u00a0\u00a0\u00a0\u00a0\u00a0\u00a0\u00a0\u00a0 Treff: Altk\u00f6tzschenbroda \/ Am Goldenen Anker<\/span><\/p>\n<p class=\"MsoNormal\" style=\"margin-bottom: 0cm; line-height: 150%;\"><span style=\"font-size: 12.0pt; line-height: 150%; font-family: 'Arial',sans-serif;\">12:00 Uhr\u00a0\u00a0\u00a0\u00a0\u00a0\u00a0\u00a0\u00a0\u00a0\u00a0\u00a0\u00a0\u00a0\u00a0\u00a0\u00a0\u00a0 Besuch des Stadtmuseums, Heinrichplatz 3 (Eintritt inclusive)<\/span><\/p>\n<p class=\"MsoNormal\" style=\"margin-bottom: 0cm; line-height: 150%;\"><span style=\"font-size: 12.0pt; line-height: 150%; font-family: 'Arial',sans-serif;\">14:00 Uhr\u00a0\u00a0\u00a0\u00a0\u00a0\u00a0\u00a0\u00a0\u00a0\u00a0\u00a0\u00a0\u00a0\u00a0\u00a0\u00a0\u00a0 Einkehr Biergarten (auf eigene Kosten)<\/span><\/p>\n<p class=\"MsoNormal\" style=\"margin-bottom: 0cm; line-height: 150%;\"><span style=\"font-size: 12.0pt; line-height: 150%; font-family: 'Arial',sans-serif;\">16:00 Uhr\u00a0\u00a0\u00a0\u00a0\u00a0\u00a0\u00a0\u00a0\u00a0\u00a0\u00a0\u00a0\u00a0\u00a0\u00a0\u00a0\u00a0 Ankunft in Radebeul, Goldener Anker<\/span><\/p>\n<p class=\"MsoNormal\" style=\"margin-bottom: 0cm; line-height: 150%;\"><span style=\"font-size: 12.0pt; line-height: 150%; font-family: 'Arial',sans-serif;\">Kosten:\u00a0\u00a0\u00a0\u00a0\u00a0\u00a0\u00a0\u00a0\u00a0\u00a0\u00a0\u00a0\u00a0\u00a0\u00a0\u00a0\u00a0\u00a0\u00a0\u00a0\u00a0 Mg.: 8,00 \u20ac, Nmg.: 10,00 \u20ac (inkl. Eintrittsgeld)<\/span><\/p>\n<p class=\"MsoNormal\"><b style=\"font-size: 18.5962px;\"><span style=\"font-size: 12.0pt; line-height: 150%; font-family: 'Arial',sans-serif;\">Anmeldung:<\/span><\/b><span style=\"font-size: 12pt; line-height: 150%; font-family: Arial, sans-serif;\"> bis 03.06.2026 bei Frau Fleischer 0171-4523544<\/span><\/p>\n<p class=\"MsoNormal\"><span style=\"font-size: 12pt; line-height: 150%; font-family: Arial, sans-serif;\"><b>&#8212;&#8212;&#8212;&#8212;&#8212;&#8212;&#8212;&#8212;&#8212;&#8212;&#8212;&#8212;&#8212;&#8212;&#8212;&#8212;&#8212;&#8212;&#8212;&#8212;&#8212;&#8212;&#8212;&#8212;&#8212;&#8212;&#8212;&#8212;&#8212;&#8212;&#8212;&#8212;&#8212;&#8212;&#8211;<\/b><\/span><\/p>\n<p class=\"MsoNormal\" style=\"margin-bottom: 0cm; line-height: 150%;\"><b><span style=\"font-size: 12.0pt; line-height: 150%; font-family: 'Arial',sans-serif;\">Sonntag, 21. Juni 2026<\/span><\/b><\/p>\n<p class=\"MsoNormal\" style=\"margin-bottom: 0cm; line-height: 150%;\"><b><span style=\"font-size: 12.0pt; line-height: 150%; font-family: 'Arial',sans-serif;\">&#8222;F\u00fchrung durch das Weingut Karl Friedrich Aust, einem der sch\u00f6nsten Weing\u00fcter Sachsens, inmitten der herrlichen Rebenbl\u00fcten, inklusive einem Glas Spitzenwein &#8222;<\/span><\/b><\/p>\n<p class=\"MsoNormal\" style=\"margin-bottom: 0cm; line-height: 150%;\"><b><span style=\"font-size: 12.0pt; line-height: 150%; font-family: 'Arial',sans-serif;\">\u00a0<\/span><\/b><\/p>\n<p class=\"MsoNormal\" style=\"margin-bottom: 0cm; line-height: 150%;\"><span style=\"font-size: 12.0pt; line-height: 150%; font-family: 'Arial',sans-serif;\">11:00 Uhr;\u00a0\u00a0\u00a0\u00a0\u00a0\u00a0\u00a0\u00a0\u00a0\u00a0\u00a0\u00a0\u00a0\u00a0\u00a0\u00a0 Weingut Karl Friedrich Aust<\/span><\/p>\n<p class=\"MsoNormal\" style=\"margin-bottom: 0cm; line-height: 150%;\"><span style=\"font-size: 12.0pt; line-height: 150%; font-family: 'Arial',sans-serif;\">Dauer: \u00a0\u00a0\u00a0\u00a0\u00a0\u00a0\u00a0\u00a0\u00a0\u00a0\u00a0\u00a0\u00a0\u00a0\u00a0\u00a0\u00a0\u00a0\u00a0\u00a0\u00a0\u00a0 ca. 1 Stunde<\/span><\/p>\n<p class=\"MsoNormal\" style=\"margin-bottom: 0cm; line-height: 150%;\"><span style=\"font-size: 12.0pt; line-height: 150%; font-family: 'Arial',sans-serif;\">Referent: \u00a0\u00a0\u00a0\u00a0\u00a0\u00a0\u00a0\u00a0\u00a0\u00a0\u00a0\u00a0\u00a0\u00a0\u00a0\u00a0\u00a0 Herr Karl Friedrich Aust, Winzer und Steinmetz<\/span><\/p>\n<p class=\"MsoNormal\" style=\"text-indent: -106.2pt; line-height: 150%; margin: 0cm 0cm 0cm 106.2pt;\"><span style=\"font-size: 12.0pt; line-height: 150%; font-family: 'Arial',sans-serif;\">Unkostenbeitrag:\u00a0\u00a0\u00a0\u00a0 Mg.: 15,00 \u20ac, Nmg.: 20,00 \u20ac <br>inklusive. einem Glas Spitzenwein<\/span><\/p>\n<p class=\"MsoNormal\" style=\"margin-bottom: 0cm; line-height: 150%;\"><span style=\"font-size: 12.0pt; line-height: 150%; font-family: 'Arial',sans-serif;\">Es besteht die M\u00f6glichkeit, eine kleine Leckerei zum Wein zu bestellen: <\/span><\/p>\n<p class=\"MsoNormal\" style=\"margin-bottom: 0cm; line-height: 150%;\"><span style=\"font-size: 12.0pt; line-height: 150%; font-family: 'Arial',sans-serif;\">Winzerteller: 12,50 \u20ac; K\u00e4sew\u00fcrfel mit Oliven: 6,50 \u20ac pro Person (Voranmeldung erforderlich)<\/span><\/p>\n<p class=\"MsoNormal\">\u00a0<\/p>\n<p class=\"MsoNormal\" style=\"margin-bottom: 0cm; line-height: 150%;\"><b><span style=\"font-size: 12.0pt; line-height: 150%; font-family: 'Arial',sans-serif;\">Anmeldung:<\/span><\/b><span style=\"font-size: 12.0pt; line-height: 150%; font-family: 'Arial',sans-serif;\"> bis 19.06.2026 bei Frau Hanke, Handy: 0151-500 12 888<\/span><\/p>\n<p class=\"MsoNormal\" style=\"margin-bottom: 0cm; line-height: 150%;\"><span style=\"font-size: 12.0pt; line-height: 150%; font-family: 'Arial',sans-serif;\">&#8212;&#8212;&#8212;&#8212;&#8212;&#8212;&#8212;&#8212;&#8212;&#8212;&#8212;&#8212;&#8212;&#8212;&#8212;&#8212;&#8212;&#8212;&#8212;&#8212;&#8212;&#8212;&#8212;&#8212;&#8212;&#8212;&#8212;&#8212;&#8212;&#8212;&#8212;&#8212;&#8212;&#8212;&#8211;<\/span><\/p>\n<p class=\"MsoNormal\" style=\"margin-bottom: 0cm; line-height: 150%;\"><b><span style=\"font-size: 12.0pt; line-height: 150%; font-family: 'Arial',sans-serif;\">Mittwoch, 24.06.2026<\/span><\/b><\/p>\n<p class=\"MsoNormal\" style=\"margin-bottom: 0cm; line-height: 150%;\"><b><span style=\"font-size: 12.0pt; line-height: 150%; font-family: 'Arial',sans-serif;\">\u201eJahreshauptversammlung \u201c <\/span><\/b><span style=\"font-size: 12.0pt; line-height: 150%; font-family: 'Arial',sans-serif;\">*)<\/span><\/p>\n<p class=\"MsoNormal\" style=\"margin-bottom: 0cm; line-height: 150%;\"><span style=\"font-size: 12.0pt; line-height: 150%; font-family: 'Arial',sans-serif;\">Anschlie\u00dfend geselliges Beisammensein<\/span><\/p>\n<p class=\"MsoNormal\" style=\"margin-bottom: 0cm; line-height: 150%;\"><span style=\"font-size: 12.0pt; line-height: 150%; font-family: 'Arial',sans-serif;\">Ort: \u00a0\u00a0\u00a0\u00a0\u00a0\u00a0\u00a0\u00a0\u00a0\u00a0\u00a0\u00a0\u00a0\u00a0\u00a0\u00a0\u00a0\u00a0\u00a0\u00a0\u00a0\u00a0\u00a0\u00a0\u00a0\u00a0\u00a0 Vereinshaus, Dr.-K\u00fclz-Str. 4<\/span><\/p>\n<p class=\"MsoNormal\" style=\"margin-bottom: 0cm; line-height: 150%;\">\u00a0<\/p>\n<p class=\"MsoNormal\" style=\"margin-bottom: 0cm; line-height: 150%;\"><span style=\"font-size: 12.0pt; line-height: 150%; font-family: 'Arial',sans-serif;\">Beginn: \u00a0\u00a0\u00a0\u00a0\u00a0\u00a0\u00a0\u00a0\u00a0\u00a0\u00a0\u00a0\u00a0\u00a0\u00a0\u00a0\u00a0\u00a0\u00a0\u00a0 18:00 Uhr<\/span><\/p>\n<p class=\"MsoNormal\" style=\"margin-bottom: 0cm; line-height: 150%;\"><span style=\"font-size: 12.0pt; line-height: 150%; font-family: 'Arial',sans-serif;\">&#8212;&#8212;&#8212;&#8212;&#8212;&#8212;&#8212;&#8212;&#8212;&#8212;&#8212;&#8212;&#8212;&#8212;&#8212;&#8212;&#8212;&#8212;&#8212;&#8212;&#8212;&#8212;&#8212;&#8212;&#8212;&#8212;&#8212;&#8212;&#8212;&#8212;&#8212;&#8212;&#8212;&#8212;&#8211;<\/span><\/p>\n<p class=\"MsoNormal\" style=\"margin-bottom: 0cm; line-height: 150%;\"><b><span style=\"font-size: 12.0pt; line-height: 150%; font-family: 'Arial',sans-serif;\">Sonntag, 28.06.2026<\/span><\/b><\/p>\n<p class=\"MsoNormal\" style=\"margin-bottom: 0cm; line-height: 150%;\"><b><span style=\"font-size: 12.0pt; line-height: 150%; font-family: 'Arial',sans-serif;\">Auf dem Rundwanderweg Mei\u00dfen \u2013 Schmilka \u2013 \u201e\u00dcber Affensteinpromenade zum Papststein und nach Bad Schandau\u201c<\/span><\/b><\/p>\n<p class=\"MsoNormal\" style=\"margin-bottom: 0cm; line-height: 150%;\"><span style=\"font-size: 12.0pt; line-height: 150%; font-family: 'Arial',sans-serif;\">\u00a0<\/span><\/p>\n<p class=\"MsoNormal\" style=\"margin-bottom: 0cm; line-height: 150%;\"><span style=\"font-size: 12.0pt; line-height: 150%; font-family: 'Arial',sans-serif;\">Wanderstrecke ca.11 km, <b>mittelschwer<\/b><\/span><\/p>\n<p class=\"MsoNormal\" style=\"margin-bottom: 0cm; line-height: 150%;\"><span style=\"font-size: 12.0pt; line-height: 150%; font-family: 'Arial',sans-serif;\">08:00 Uhr\u00a0\u00a0\u00a0\u00a0\u00a0 \u00a0\u00a0\u00a0\u00a0\u00a0\u00a0\u00a0\u00a0\u00a0\u00a0\u00a0 Treff Radebeul \u2013 Ost, Bstg.<\/span><\/p>\n<p class=\"MsoNormal\" style=\"margin-bottom: 0cm; line-height: 150%;\"><span style=\"font-size: 12.0pt; line-height: 150%; font-family: 'Arial',sans-serif;\">08:10 Uhr\u00a0\u00a0\u00a0\u00a0\u00a0 \u00a0\u00a0\u00a0\u00a0\u00a0\u00a0\u00a0\u00a0\u00a0\u00a0\u00a0 Fahrt mit S-Bahn nach K\u00f6nigstein, Weiterfahrt mit Bus<\/span><\/p>\n<p class=\"MsoNormal\" style=\"margin-bottom: 0cm; line-height: 150%;\"><b><span style=\"font-size: 12.0pt; line-height: 150%; font-family: 'Arial',sans-serif;\">Verpflegung aus dem Rucksack, Gasthaus m\u00f6glich<\/span><\/b><\/p>\n<p class=\"MsoNormal\" style=\"margin-bottom: 0cm; line-height: 150%;\"><b><span style=\"font-size: 12.0pt; line-height: 150%; font-family: 'Arial',sans-serif;\">WL:\u00a0\u00a0\u00a0 <\/span><\/b><span style=\"font-size: 12.0pt; line-height: 150%; font-family: 'Arial',sans-serif;\">Astrid M\u00fcller-Wenzke<b><\/b><\/span><\/p>\n<p class=\"MsoNormal\" style=\"margin-bottom: 0cm; line-height: 150%;\"><b><span style=\"font-size: 12.0pt; line-height: 150%; font-family: 'Arial',sans-serif;\">Fahrschein:<\/span><\/b><span style=\"font-size: 12.0pt; line-height: 150%; font-family: 'Arial',sans-serif;\"> KGK f\u00fcr 5 Pers. oder Deutschlandticket<\/span><\/p>\n<p class=\"MsoNormal\" style=\"margin-bottom: 0cm; line-height: 150%;\">\u00a0<\/p>\n<p class=\"MsoNormal\" style=\"margin-bottom: 0cm; line-height: 150%;\"><b><span style=\"font-size: 12.0pt; line-height: 150%; font-family: 'Arial',sans-serif;\">Anmeldung: <\/span><\/b><span style=\"font-size: 12.0pt; line-height: 150%; font-family: 'Arial',sans-serif;\">bis 26.06.2026 bei Frau Hamann 0351-8010455 (AB)<\/span><\/p>\n<p class=\"MsoNormal\" style=\"margin-bottom: 0cm; line-height: 150%;\"><span style=\"font-size: 12.0pt; line-height: 150%; font-family: 'Arial',sans-serif;\">&#8212;&#8212;&#8212;&#8212;&#8212;&#8212;&#8212;&#8212;&#8212;&#8212;&#8212;&#8212;&#8212;&#8212;&#8212;&#8212;&#8212;&#8212;&#8212;&#8212;&#8212;&#8212;&#8212;&#8212;&#8212;&#8212;&#8212;&#8212;&#8212;&#8212;&#8212;&#8212;&#8212;&#8212;&#8211;<\/span><\/p>\n<p class=\"MsoNormal\" style=\"margin-bottom: 0cm; line-height: 150%;\"><span style=\"font-size: 12.0pt; line-height: 150%; font-family: 'Arial',sans-serif;\">Erkl\u00e4rungen:<\/span><\/p>\n<p class=\"MsoNormal\" style=\"margin: 0cm; text-indent: -18.0pt; line-height: 150%; mso-list: l0 level1 lfo1;\"><!-- [if !supportLists]--><span style=\"font-size: 12.0pt; line-height: 150%; font-family: 'Times New Roman',serif; mso-fareast-font-family: 'Times New Roman';\">&#8211;<span style=\"font-variant-numeric: normal; font-variant-east-asian: normal; font-variant-alternates: normal; font-size-adjust: none; font-kerning: auto; font-optical-sizing: auto; font-feature-settings: normal; font-variation-settings: normal; font-variant-position: normal; font-variant-emoji: normal; font-stretch: normal; font-size: 7pt; line-height: normal; font-family: 'Times New Roman';\">\u00a0\u00a0\u00a0\u00a0\u00a0\u00a0\u00a0\u00a0\u00a0 <\/span><\/span><!--[endif]--><span style=\"font-size: 12.0pt; line-height: 150%; font-family: 'Arial',sans-serif;\">*) nur f\u00fcr Vereinsmitglieder<\/span><\/p>\n<p class=\"MsoNormal\" style=\"margin: 0cm; text-indent: -18.0pt; line-height: 150%; mso-list: l0 level1 lfo1;\"><!-- [if !supportLists]--><span style=\"font-size: 12.0pt; line-height: 150%; font-family: 'Times New Roman',serif; mso-fareast-font-family: 'Times New Roman';\">&#8211;<span style=\"font-variant-numeric: normal; font-variant-east-asian: normal; font-variant-alternates: normal; font-size-adjust: none; font-kerning: auto; font-optical-sizing: auto; font-feature-settings: normal; font-variation-settings: normal; font-variant-position: normal; font-variant-emoji: normal; font-stretch: normal; font-size: 7pt; line-height: normal; font-family: 'Times New Roman';\">\u00a0\u00a0\u00a0\u00a0\u00a0\u00a0\u00a0\u00a0\u00a0 <\/span><\/span><!--[endif]--><span style=\"font-size: 12.0pt; line-height: 150%; font-family: 'Arial',sans-serif;\">Zusatzbeitrag f\u00fcr G\u00e4ste soweit nicht anders ausgewiesen 4,00 \u20ac<\/span><\/p>\n<p class=\"MsoNormal\" style=\"margin: 0cm; text-indent: -18.0pt; line-height: 150%; mso-list: l0 level1 lfo1;\"><!-- [if !supportLists]--><span style=\"font-size: 12.0pt; line-height: 150%; font-family: 'Times New Roman',serif; mso-fareast-font-family: 'Times New Roman';\">&#8211;<span style=\"font-variant-numeric: normal; font-variant-east-asian: normal; font-variant-alternates: normal; font-size-adjust: none; font-kerning: auto; font-optical-sizing: auto; font-feature-settings: normal; font-variation-settings: normal; font-variant-position: normal; font-variant-emoji: normal; font-stretch: normal; font-size: 7pt; line-height: normal; font-family: 'Times New Roman';\">\u00a0\u00a0\u00a0\u00a0\u00a0\u00a0\u00a0\u00a0\u00a0 <\/span><\/span><!--[endif]--><span style=\"font-size: 12.0pt; line-height: 150%; font-family: 'Arial',sans-serif;\">Mg &#8211; Mitglied; Nmg &#8211; Nichtmitglied<\/span><\/p>\n<p class=\"MsoNormal\" style=\"margin: 0cm; text-indent: -18.0pt; line-height: 150%; mso-list: l0 level1 lfo1;\"><!-- [if !supportLists]--><span style=\"font-size: 12.0pt; line-height: 150%; font-family: 'Times New Roman',serif; mso-fareast-font-family: 'Times New Roman';\">&#8211;<span style=\"font-variant-numeric: normal; font-variant-east-asian: normal; font-variant-alternates: normal; font-size-adjust: none; font-kerning: auto; font-optical-sizing: auto; font-feature-settings: normal; font-variation-settings: normal; font-variant-position: normal; font-variant-emoji: normal; font-stretch: normal; font-size: 7pt; line-height: normal; font-family: 'Times New Roman';\">\u00a0\u00a0\u00a0\u00a0\u00a0\u00a0\u00a0\u00a0\u00a0 <\/span><\/span><!--[endif]--><span style=\"font-size: 12.0pt; line-height: 150%; font-family: 'Arial',sans-serif;\">KGK &#8211; Kleingruppenkarte der VVO <\/span><\/p>\n<p class=\"MsoNormal\" style=\"margin-bottom: 0cm; line-height: 150%;\"><span style=\"font-size: 12.0pt; line-height: 150%; font-family: 'Arial',sans-serif;\">\u00a0<\/span><span style=\"background-color: initial; color: black; font-size: 10pt;\">\u00a0<\/span><\/p>    <\/div>\n<\/div>\n<!-- \/module text -->        <\/div>\n                    <\/div>\n                <\/div>\n                        <\/div>\n        <\/div>\n                        <div  data-lazy=\"1\" class=\"module_row themify_builder_row tb_v7f1230 tf_w\">\n                        <div class=\"row_inner col_align_top tb_col_count_1 tf_box tf_rel\">\n                        <div  data-lazy=\"1\" class=\"module_column tb-column col-full tb_js2t930 first\">\n                            <\/div>\n                        <\/div>\n        <\/div>\n        <\/div>\n<!--\/themify_builder_content-->","protected":false},"excerpt":{"rendered":"<p>Januar Mittwoch, 21.01.2026 Vortrag: &#8222;Osteopathische Behandlungen von Kiefergelenksdysfunktionen\u201c 18.30 Uhr\u00a0\u00a0\u00a0\u00a0\u00a0\u00a0\u00a0\u00a0\u00a0\u00a0\u00a0\u00a0\u00a0\u00a0\u00a0\u00a0\u00a0Vereinshaus, Dr.- K\u00fclz-Str. 4 Referent: \u00a0\u00a0\u00a0\u00a0\u00a0\u00a0\u00a0\u00a0\u00a0\u00a0\u00a0\u00a0\u00a0\u00a0\u00a0\u00a0\u00a0 Herr Tony Steinke-Wiesberger, Osteopath Unkosten:\u00a0\u00a0\u00a0\u00a0\u00a0\u00a0\u00a0\u00a0\u00a0\u00a0\u00a0\u00a0\u00a0\u00a0\u00a0\u00a0\u00a0 Mg.: 2,00 \u20ac, Nmg.: 6,00 \u20ac Anmeldung: bis 18.01.2026 bei Frau Hentzschel 0351-2189544 (AB) \u00a0&#8212;&#8212;&#8212;&#8212;&#8212;&#8212;&#8212;&#8212;&#8212;&#8212;&#8212;&#8212;&#8212;&#8212;&#8212;&#8212;&#8212;&#8212;&#8212;&#8212;&#8212;&#8212;&#8212;&#8212;&#8212;&#8212;&#8212;&#8212;&#8212;&#8212;&#8212;&#8212;&#8212;&#8212; Mittwoch, 28.01.2026 Vortrag: &#8222;Aktiv entgiften gegen \u00dcbers\u00e4uerung&#8220; Passt f\u00fcr die Zeit nach den \u00fcppigen Tagen. 18:00 Uhr \u00a0 \u00a0 \u00a0 [&hellip;]<\/p>\n","protected":false},"author":5,"featured_media":0,"parent":0,"menu_order":2,"comment_status":"closed","ping_status":"closed","template":"","meta":{"footnotes":"","advanced-sidebar-menu\/link-title":"","advanced-sidebar-menu\/exclude-page":false},"class_list":["post-1115","page","type-page","status-publish","hentry","has-post-title","has-post-date","has-post-category","has-post-tag","has-post-comment","has-post-author",""],"yoast_head":"<!-- This site is optimized with the Yoast SEO plugin v24.7 - https:\/\/yoast.com\/wordpress\/plugins\/seo\/ -->\n<title>Programm erstes Halbjahr 2026 - Kneipp Radebeul<\/title>\n<meta name=\"description\" content=\"Programm 1. Halbjahr 2024 Kneipp Radebeul\" \/>\n<meta name=\"robots\" content=\"index, follow, max-snippet:-1, max-image-preview:large, max-video-preview:-1\" \/>\n<link rel=\"canonical\" href=\"https:\/\/www.kneipp-sachsen.de\/radebeul\/programm-1-halbjahr-2025-kneipp-radebeul\/\" \/>\n<meta property=\"og:locale\" content=\"de_DE\" \/>\n<meta property=\"og:type\" content=\"article\" \/>\n<meta property=\"og:title\" content=\"Programm erstes Halbjahr 2026 - Kneipp Radebeul\" \/>\n<meta property=\"og:description\" content=\"Programm 1. Halbjahr 2024 Kneipp Radebeul\" \/>\n<meta property=\"og:url\" content=\"https:\/\/www.kneipp-sachsen.de\/radebeul\/programm-1-halbjahr-2025-kneipp-radebeul\/\" \/>\n<meta property=\"og:site_name\" content=\"Kneipp Radebeul\" \/>\n<meta property=\"article:modified_time\" content=\"2026-04-14T13:49:33+00:00\" \/>\n<meta name=\"twitter:card\" content=\"summary_large_image\" \/>\n<meta name=\"twitter:label1\" content=\"Gesch\u00e4tzte Lesezeit\" \/>\n\t<meta name=\"twitter:data1\" content=\"10\u00a0Minuten\" \/>\n<script type=\"application\/ld+json\" class=\"yoast-schema-graph\">{\"@context\":\"https:\/\/schema.org\",\"@graph\":[{\"@type\":\"WebPage\",\"@id\":\"https:\/\/www.kneipp-sachsen.de\/radebeul\/programm-1-halbjahr-2025-kneipp-radebeul\/\",\"url\":\"https:\/\/www.kneipp-sachsen.de\/radebeul\/programm-1-halbjahr-2025-kneipp-radebeul\/\",\"name\":\"Programm erstes Halbjahr 2026 - Kneipp Radebeul\",\"isPartOf\":{\"@id\":\"https:\/\/www.kneipp-sachsen.de\/radebeul\/#website\"},\"datePublished\":\"2025-01-01T18:26:13+00:00\",\"dateModified\":\"2026-04-14T13:49:33+00:00\",\"description\":\"Programm 1. Halbjahr 2024 Kneipp Radebeul\",\"breadcrumb\":{\"@id\":\"https:\/\/www.kneipp-sachsen.de\/radebeul\/programm-1-halbjahr-2025-kneipp-radebeul\/#breadcrumb\"},\"inLanguage\":\"de\",\"potentialAction\":[{\"@type\":\"ReadAction\",\"target\":[\"https:\/\/www.kneipp-sachsen.de\/radebeul\/programm-1-halbjahr-2025-kneipp-radebeul\/\"]}]},{\"@type\":\"BreadcrumbList\",\"@id\":\"https:\/\/www.kneipp-sachsen.de\/radebeul\/programm-1-halbjahr-2025-kneipp-radebeul\/#breadcrumb\",\"itemListElement\":[{\"@type\":\"ListItem\",\"position\":1,\"name\":\"Startseite\",\"item\":\"https:\/\/www.kneipp-sachsen.de\/radebeul\/\"},{\"@type\":\"ListItem\",\"position\":2,\"name\":\"Programm erstes Halbjahr 2026\"}]},{\"@type\":\"WebSite\",\"@id\":\"https:\/\/www.kneipp-sachsen.de\/radebeul\/#website\",\"url\":\"https:\/\/www.kneipp-sachsen.de\/radebeul\/\",\"name\":\"Kneipp Radebeul\",\"description\":\"Eine weitere WordPress-Website\",\"publisher\":{\"@id\":\"https:\/\/www.kneipp-sachsen.de\/radebeul\/#organization\"},\"potentialAction\":[{\"@type\":\"SearchAction\",\"target\":{\"@type\":\"EntryPoint\",\"urlTemplate\":\"https:\/\/www.kneipp-sachsen.de\/radebeul\/?s={search_term_string}\"},\"query-input\":{\"@type\":\"PropertyValueSpecification\",\"valueRequired\":true,\"valueName\":\"search_term_string\"}}],\"inLanguage\":\"de\"},{\"@type\":\"Organization\",\"@id\":\"https:\/\/www.kneipp-sachsen.de\/radebeul\/#organization\",\"name\":\"Kneipp Radebeul\",\"url\":\"https:\/\/www.kneipp-sachsen.de\/radebeul\/\",\"logo\":{\"@type\":\"ImageObject\",\"inLanguage\":\"de\",\"@id\":\"https:\/\/www.kneipp-sachsen.de\/radebeul\/#\/schema\/logo\/image\/\",\"url\":\"https:\/\/www.kneipp-sachsen.de\/radebeul\/wp-content\/uploads\/2024\/03\/Radebeul.png\",\"contentUrl\":\"https:\/\/www.kneipp-sachsen.de\/radebeul\/wp-content\/uploads\/2024\/03\/Radebeul.png\",\"width\":967,\"height\":758,\"caption\":\"Kneipp Radebeul\"},\"image\":{\"@id\":\"https:\/\/www.kneipp-sachsen.de\/radebeul\/#\/schema\/logo\/image\/\"}}]}<\/script>\n<!-- \/ Yoast SEO plugin. -->","yoast_head_json":{"title":"Programm erstes Halbjahr 2026 - Kneipp Radebeul","description":"Programm 1. Halbjahr 2024 Kneipp Radebeul","robots":{"index":"index","follow":"follow","max-snippet":"max-snippet:-1","max-image-preview":"max-image-preview:large","max-video-preview":"max-video-preview:-1"},"canonical":"https:\/\/www.kneipp-sachsen.de\/radebeul\/programm-1-halbjahr-2025-kneipp-radebeul\/","og_locale":"de_DE","og_type":"article","og_title":"Programm erstes Halbjahr 2026 - Kneipp Radebeul","og_description":"Programm 1. Halbjahr 2024 Kneipp Radebeul","og_url":"https:\/\/www.kneipp-sachsen.de\/radebeul\/programm-1-halbjahr-2025-kneipp-radebeul\/","og_site_name":"Kneipp Radebeul","article_modified_time":"2026-04-14T13:49:33+00:00","twitter_card":"summary_large_image","twitter_misc":{"Gesch\u00e4tzte Lesezeit":"10\u00a0Minuten"},"schema":{"@context":"https:\/\/schema.org","@graph":[{"@type":"WebPage","@id":"https:\/\/www.kneipp-sachsen.de\/radebeul\/programm-1-halbjahr-2025-kneipp-radebeul\/","url":"https:\/\/www.kneipp-sachsen.de\/radebeul\/programm-1-halbjahr-2025-kneipp-radebeul\/","name":"Programm erstes Halbjahr 2026 - Kneipp Radebeul","isPartOf":{"@id":"https:\/\/www.kneipp-sachsen.de\/radebeul\/#website"},"datePublished":"2025-01-01T18:26:13+00:00","dateModified":"2026-04-14T13:49:33+00:00","description":"Programm 1. Halbjahr 2024 Kneipp Radebeul","breadcrumb":{"@id":"https:\/\/www.kneipp-sachsen.de\/radebeul\/programm-1-halbjahr-2025-kneipp-radebeul\/#breadcrumb"},"inLanguage":"de","potentialAction":[{"@type":"ReadAction","target":["https:\/\/www.kneipp-sachsen.de\/radebeul\/programm-1-halbjahr-2025-kneipp-radebeul\/"]}]},{"@type":"BreadcrumbList","@id":"https:\/\/www.kneipp-sachsen.de\/radebeul\/programm-1-halbjahr-2025-kneipp-radebeul\/#breadcrumb","itemListElement":[{"@type":"ListItem","position":1,"name":"Startseite","item":"https:\/\/www.kneipp-sachsen.de\/radebeul\/"},{"@type":"ListItem","position":2,"name":"Programm erstes Halbjahr 2026"}]},{"@type":"WebSite","@id":"https:\/\/www.kneipp-sachsen.de\/radebeul\/#website","url":"https:\/\/www.kneipp-sachsen.de\/radebeul\/","name":"Kneipp Radebeul","description":"Eine weitere WordPress-Website","publisher":{"@id":"https:\/\/www.kneipp-sachsen.de\/radebeul\/#organization"},"potentialAction":[{"@type":"SearchAction","target":{"@type":"EntryPoint","urlTemplate":"https:\/\/www.kneipp-sachsen.de\/radebeul\/?s={search_term_string}"},"query-input":{"@type":"PropertyValueSpecification","valueRequired":true,"valueName":"search_term_string"}}],"inLanguage":"de"},{"@type":"Organization","@id":"https:\/\/www.kneipp-sachsen.de\/radebeul\/#organization","name":"Kneipp Radebeul","url":"https:\/\/www.kneipp-sachsen.de\/radebeul\/","logo":{"@type":"ImageObject","inLanguage":"de","@id":"https:\/\/www.kneipp-sachsen.de\/radebeul\/#\/schema\/logo\/image\/","url":"https:\/\/www.kneipp-sachsen.de\/radebeul\/wp-content\/uploads\/2024\/03\/Radebeul.png","contentUrl":"https:\/\/www.kneipp-sachsen.de\/radebeul\/wp-content\/uploads\/2024\/03\/Radebeul.png","width":967,"height":758,"caption":"Kneipp Radebeul"},"image":{"@id":"https:\/\/www.kneipp-sachsen.de\/radebeul\/#\/schema\/logo\/image\/"}}]}},"builder_content":"<h1>Programm 1. Halbjahr 2026<br\/><\/h1>\n\n<h1 style=\"margin: 12.0pt 0cm 12.0pt 0cm;\">Januar<\/h1>\n<p style=\"margin-bottom: 0cm; line-height: 150%;\"><b>Mittwoch, 21.01.2026<\/b><\/p> <p style=\"margin-bottom: 0cm; line-height: 150%;\">Vortrag: \"<b>Osteopathische Behandlungen von Kiefergelenksdysfunktionen\u201c<\/b><b><\/b><\/p> <p style=\"margin-bottom: 0cm; line-height: 150%;\"><b>1<\/b>8.30 Uhr\u00a0\u00a0\u00a0\u00a0\u00a0\u00a0\u00a0\u00a0\u00a0\u00a0\u00a0\u00a0\u00a0\u00a0\u00a0\u00a0\u00a0Vereinshaus, Dr.- K\u00fclz-Str. 4<\/p> <p style=\"margin-bottom: 0cm; line-height: 150%;\"> Referent: \u00a0\u00a0\u00a0\u00a0\u00a0\u00a0\u00a0\u00a0\u00a0\u00a0\u00a0\u00a0\u00a0\u00a0\u00a0\u00a0\u00a0 Herr Tony Steinke-Wiesberger, Osteopath<\/p> <p style=\"margin-bottom: 0cm; line-height: 150%;\">Unkosten:\u00a0\u00a0\u00a0\u00a0\u00a0\u00a0\u00a0\u00a0\u00a0\u00a0\u00a0\u00a0\u00a0\u00a0\u00a0\u00a0\u00a0 Mg.: 2,00 \u20ac, Nmg.: 6,00 \u20ac<\/p> <p style=\"margin-bottom: 0cm; line-height: 150%;\"><b>Anmeldung:<\/b> bis 18.01.2026 bei Frau Hentzschel 0351-2189544 (AB)<\/p> <p style=\"margin-bottom: 0cm; line-height: 150%;\">\u00a0------------------------------------------------------------------------------------------------------<\/p> <p style=\"margin-bottom: 0cm; line-height: 150%;\"><b>Mittwoch, 28.01.2026<\/b><\/p> <p style=\"margin-bottom: 0cm; line-height: 150%;\">Vortrag: \"<b>Aktiv entgiften gegen \u00dcbers\u00e4uerung\"<\/b><\/p> <p style=\"margin-bottom: 0cm; line-height: 150%;\">Passt f\u00fcr die Zeit nach den \u00fcppigen Tagen.<\/p> <p style=\"margin-bottom: 0cm; line-height: 150%;\">18:00 Uhr \u00a0 \u00a0 \u00a0 \u00a0 \u00a0 \u00a0 \u00a0 \u00a0 Vereinshaus Radebeul, Dr. - K\u00fclz - Str. 4<\/p> <p style=\"text-indent: -106.2pt; line-height: 150%; margin: 0cm 0cm 0cm 106.2pt;\">Referent: \u00a0 \u00a0 \u00a0 \u00a0 \u00a0 \u00a0 \u00a0 \u00a0Frau Bianca Nicolai - \u00e4rztlich gepr\u00fcfte Gesundheitsberaterin\u00a0 \u00a0 und ganzheitliche Ern\u00e4hrungsberaterin GGB<\/p> <p style=\"margin-bottom: 0cm; line-height: 150%;\">Unkosten:\u00a0\u00a0\u00a0\u00a0\u00a0\u00a0\u00a0\u00a0\u00a0\u00a0\u00a0\u00a0\u00a0\u00a0\u00a0\u00a0\u00a0 Mg.: 2,00 \u20ac, Nmg.: 6,00 \u20ac<\/p> <p style=\"margin-bottom: 0cm; line-height: 24px;\"><b style=\"font-size: 18.5962px;\">Anmeldung<\/b>: bis 27.01.2026 bei Frau Steffi Hanke, Handy: 0151-500 12 888<\/p> <p style=\"margin-bottom: 0cm; line-height: 24px;\"><b>\u00a0<\/b><\/p>\n<h1 style=\"margin: 12.0pt 0cm 12.0pt 0cm;\">Februar<\/h1>\n<p style=\"margin-bottom: 0cm; line-height: 150%;\"><b>Sonntag, 22.02.2026<\/b><\/p> <p style=\"margin-bottom: 0cm; line-height: 150%;\"><b>\u201eWinterwanderung im Osterzgebirge \u2013 Aussichten rund um Oberb\u00e4renburg\u201c<\/b><\/p> <p style=\"margin-bottom: 0cm; line-height: 150%;\">Wanderstrecke ca. 5 km, <b>leicht<\/b><\/p> <p style=\"margin-bottom: 0cm; line-height: 150%;\">08:00 Uhr\u00a0\u00a0\u00a0\u00a0\u00a0 \u00a0\u00a0\u00a0\u00a0\u00a0\u00a0\u00a0\u00a0\u00a0\u00a0\u00a0 Treff Radebeul \u2013 Ost, Bstg.<\/p> <p style=\"margin-bottom: 0cm; line-height: 150%;\">08:10 Uhr\u00a0\u00a0\u00a0\u00a0\u00a0 \u00a0\u00a0\u00a0\u00a0\u00a0\u00a0\u00a0\u00a0\u00a0\u00a0\u00a0 Fahrt mit S-Bahn nach DD Hauptbahnhof, Weiterfahrt mit Bus <\/p> <p style=\"margin-bottom: 0cm; line-height: 150%;\"><b>WL:\u00a0\u00a0\u00a0 <\/b>Astrid M\u00fcller-Wenzke<b><\/b><\/p> <p style=\"margin-bottom: 0cm; line-height: 150%;\">Fahrschein:\u00a0\u00a0 \u00a0\u00a0\u00a0\u00a0\u00a0\u00a0\u00a0\u00a0\u00a0\u00a0\u00a0 KGK f\u00fcr 5 Pers. oder Deutschlandticket<\/p> <p style=\"margin-bottom: 0cm; line-height: 150%;\"><b>Verpflegung aus dem Rucksack, Gasthaus m\u00f6glich<\/b><\/p> <p style=\"margin-bottom: 0cm; line-height: 150%;\"><b>Anmeldung: <\/b>bis 20.02.2026 bei Frau Hamann 0351-8010455 (AB)<\/p> <p style=\"margin-bottom: 0cm; line-height: 150%;\">\u00a0------------------------------------------------------------------------------------------------------<\/p> <p style=\"margin-bottom: 0cm; line-height: 24px;\"><b style=\"font-size: 18.5962px;\">Mittwoch, 25.02.2026<\/b><\/p> <p style=\"margin-bottom: 0cm; line-height: 150%;\">Vortrag<b>: \"Fasten als Neubeginn\"<\/b><\/p> <p style=\"margin-bottom: 0cm; line-height: 150%;\">18:00 Uhr\u00a0 \u00a0 \u00a0 \u00a0 \u00a0 \u00a0 \u00a0 \u00a0 \u00a0 \u00a0Vereinshaus Radebeul, Dr. - K\u00fclz - Str. 4<\/p> <p style=\"text-indent: -106.2pt; line-height: 150%; margin: 0cm 0cm 0cm 106.2pt;\">Referent:\u00a0 \u00a0 \u00a0 \u00a0 \u00a0 \u00a0 \u00a0 \u00a0 Frau Bianca Nicolai - \u00e4rztlich gepr\u00fcfte Gesundheitsberaterin\u00a0 \u00a0und ganzheitliche Ern\u00e4hrungsberaterin GGB<\/p> <p style=\"margin-bottom: 0cm; line-height: 150%;\">Unkosten:\u00a0\u00a0\u00a0\u00a0\u00a0\u00a0\u00a0\u00a0\u00a0\u00a0\u00a0\u00a0\u00a0\u00a0\u00a0\u00a0\u00a0 Mg.: 2,00 \u20ac, Nmg.: 6,00 \u20ac<\/p> <p style=\"margin-bottom: 0cm; line-height: 24px;\"><b style=\"font-size: 18.5962px;\">Anmeldung<\/b>: bis 24.02.2026 bei Frau Steffi Hanke, Handy: 0151-500 12 888\u00a0<\/p>\n\u00a0\n<h1 style=\"margin: 12.0pt 0cm 12.0pt 0cm;\"><b style=\"letter-spacing: -0.03em; background-color: initial;\">M\u00e4rz<\/b><\/h1> <p style=\"margin-bottom: 0cm; line-height: 150%;\"><b>Mittwoch, 04.03.2026<\/b><\/p> <p style=\"margin-bottom: 0cm; line-height: 150%;\">Workshop<b>: \" Brot backen Teil 1\u201c <\/b>Schnelles Brot mit Hefe (max. 15 Pers.)<\/p> <p style=\"margin-bottom: 0cm; line-height: 150%;\">18:00 Uhr \u00a0 \u00a0 \u00a0 \u00a0 \u00a0 \u00a0 \u00a0 \u00a0 \u00a0\u00a0Vereinshaus Radebeul, Dr. - K\u00fclz - Str. 4<\/p> <p style=\"text-indent: -106.2pt; line-height: 150%; margin: 0cm 0cm 0cm 106.2pt;\">Referent:\u00a0 \u00a0 \u00a0 \u00a0 \u00a0 \u00a0 \u00a0 \u00a0 \u00a0 Frau Bianca Nicolai - \u00e4rztlich gepr\u00fcfte Gesundheitsberaterin\u00a0 \u00a0 und ganzheitliche Ern\u00e4hrungsberaterin GGB<\/p> <p style=\"margin-bottom: 0cm; line-height: 150%;\">Materialkosten:\u00a0\u00a0\u00a0\u00a0\u00a0\u00a0\u00a0\u00a0 12,00 \u20ac<\/p> <p style=\"margin-bottom: 0cm; line-height: 150%;\">Unkostenbeitrag:\u00a0\u00a0\u00a0\u00a0 Mg: 6,00 \u20ac, Nmg: 10,00 \u20ac<\/p> <p style=\"margin-bottom: 0cm; line-height: 150%;\"><b>Anmeldung<\/b>: bis 02.03.2026 bei Frau Steffi Hanke, Handy: 0151-500 12 888<\/p> <p style=\"margin-bottom: 0cm; line-height: 150%;\">\u00a0---------------------------------------------------------------------------------------------------------<\/p> <p style=\"margin-bottom: 0cm; line-height: 150%;\"><b>Mittwoch 11.03.2026<\/b><\/p> <p style=\"margin-bottom: 0cm; line-height: 150%;\">Besuch der Ausstellung <b>\u201cAMAZONIEN \u2013 Faszination tropischer Regenwald\u201c<\/b> <\/p> <p style=\"margin-bottom: 0cm; line-height: 150%;\">15:00 Uhr\u00a0 \u00a0 \u00a0 \u00a0 \u00a0 \u00a0 \u00a0 \u00a0Treffpunkt: Eingangshalle, Panometer, Gasanstaltstr.8B, 01237\u00a0 Dresden<\/p> <p style=\"margin-bottom: 0cm; line-height: 150%;\">Kosten: \u00a0\u00a0\u00a0\u00a0\u00a0\u00a0\u00a0\u00a0 \u00a0\u00a0\u00a0\u00a0\u00a0\u00a0\u00a0\u00a0\u00a0\u00a0\u00a0 Mg.: 14,00 \u20ac, Nmg.: 18,00 \u20ac<\/p> <p style=\"margin-bottom: 0cm; line-height: 150%;\"><b>Anmeldung<\/b>: bis 06.03.2026 bei Frau Thiemig 0351-8581639 (AB)\u00a0<\/p> <p style=\"margin-bottom: 0cm; line-height: 24px;\"><b>\u00a0<\/b>\u00a0------------------------------------------------------------------------------------------------------<\/p> <p style=\"margin-bottom: 0cm; line-height: 150%;\"><b>Sonntag, 29.03.2026<\/b><\/p> <p style=\"margin-bottom: 0cm; line-height: 150%;\"><b>\u201eWanderung auf dem Karras Rundweg durch das Moritzburger Teichgebiet\u201c \u2013 II. Teil <\/b>Wanderstrecke ca. 9 km, <b>leicht<\/b><\/p> <p style=\"margin-bottom: 0cm; line-height: 150%;\">08:30 Uhr\u00a0\u00a0\u00a0\u00a0\u00a0 \u00a0\u00a0\u00a0\u00a0\u00a0\u00a0\u00a0\u00a0\u00a0\u00a0\u00a0 Treff Bahnhof Radebeul \u2013 Ost, Bstg<b><\/b><\/p> <p style=\"margin-bottom: 0cm; line-height: 150%;\">08:46 Uhr\u00a0\u00a0\u00a0\u00a0\u00a0 \u00a0\u00a0\u00a0\u00a0\u00a0\u00a0\u00a0\u00a0\u00a0\u00a0\u00a0 Fahrt mit S-Bahn nach Coswig<br>\u00a0 \u00a0 \u00a0 \u00a0 \u00a0 \u00a0 \u00a0 \u00a0 \u00a0 \u00a0 \u00a0 \u00a0 \u00a0 \u00a0 \u00a0 \u00a0 \u00a0 Weiterfahrt mit Bus Li 405 nach Moritzburg<\/p> <p style=\"margin-bottom: 0cm; line-height: 150%;\"><b>Verpflegung aus dem Rucksack, Gasthaus m\u00f6glich<br>WL:\u00a0\u00a0\u00a0 \u00a0\u00a0\u00a0\u00a0\u00a0\u00a0\u00a0\u00a0\u00a0\u00a0\u00a0\u00a0\u00a0\u00a0\u00a0\u00a0\u00a0\u00a0\u00a0\u00a0\u00a0\u00a0\u00a0 <\/b>Manuela Hamann<b><\/b><\/p> <p style=\"margin-bottom: 0cm; line-height: 150%;\"><b>Fahrschein<\/b>:\u00a0 \u00a0 \u00a0 \u00a0 \u00a0 \u00a0 \u00a0 \u00a0KGK f\u00fcr 5 Pers. (1 Zone) oder Deutschlandticket<\/p> <p style=\"margin-bottom: 0cm; line-height: 24px;\"><b style=\"font-size: 18.5962px;\">Anmeldung: <\/b>bis 27.03.2026 bei Frau Hamann 0351-8010455 (AB)<\/p> <p style=\"margin-bottom: 0cm; line-height: 24px;\">\u00a0<\/p>\n<h1 style=\"margin: 12.0pt 0cm 12.0pt 0cm;\"><b style=\"letter-spacing: -0.03em; background-color: initial;\">April<\/b><\/h1> <p><b style=\"font-size: 18.5962px;\">Mittwoch, 15.04.2026<\/b><\/p> <p>Workshop:\u00a0\u00a0\u00a0\u00a0 <b style=\"font-family: Arial, sans-serif; font-size: 12pt;\">\"Fermentieren Teil 2 - Getr\u00e4nke \"<\/b> (max. 15 Pers.)\u00a0 \u00a0 \u00a0 \u00a0 \u00a0 \u00a0 \u00a0 \u00a0 \u00a0 \u00a0 \u00a0 \u00a0 \u00a0 \u00a0Im Sommer sind selbst fermentierte Limonaden ein Genuss;<\/p> <p style=\"margin-bottom: 0cm; line-height: 150%;\">18:00 Uhr \u00a0 \u00a0 \u00a0 \u00a0 \u00a0 \u00a0 \u00a0 \u00a0Vereinshaus Radebeul, Dr. - K\u00fclz - Str. 4<\/p> <p style=\"text-indent: -106.2pt; line-height: 150%; margin: 0cm 0cm 0cm 106.2pt;\">Referent:\u00a0 \u00a0 \u00a0 \u00a0 \u00a0 \u00a0 \u00a0 \u00a0 \u00a0Frau Bianca Nicolai - \u00e4rztlich gepr\u00fcfte Gesundheitsberaterin <br>und ganzheitliche Ern\u00e4hrungsberaterin GGB<\/p> <p style=\"margin-bottom: 0cm; line-height: 150%;\">Materialkosten: \u00a0\u00a0\u00a0\u00a0\u00a0\u00a0 12,00 \u20ac<\/p> <p style=\"margin-bottom: 0cm; line-height: 150%;\">Unkostenbeitrag\u00a0\u00a0\u00a0\u00a0\u00a0 Mg.: 6,00 \u20ac, Nmg.: 10,00 \u20ac<\/p> <p style=\"margin-bottom: 0cm; line-height: 150%;\"><b>Anmeldung: <\/b>bis 13.04.2026 bei Frau Steffi Hanke, Handy: 0151-500 12 888<\/p> <p style=\"margin-bottom: 0cm; line-height: 150%;\"><b>\u00a0-------------------------------------------------------------------------------------------------------<\/b><\/p> <p style=\"margin-bottom: 0cm; line-height: 150%;\"><b>Sonntag, 19.04.2026 <\/b><\/p> <p style=\"margin-bottom: 0cm; line-height: 150%;\"><b>Theaterbesuch: \u201eDer Liebestrank\u201c, <\/b>Oper von Gaetano Donizetti<\/p> <p style=\"margin-bottom: 0cm; line-height: 150%;\">Ort:\u00a0 \u00a0 \u00a0 \u00a0 \u00a0 \u00a0 \u00a0 \u00a0 \u00a0 \u00a0 \u00a0 \u00a0 \u00a0 \u00a0\u00a0Landesb\u00fchnen Sachsen<\/p> <p style=\"margin-bottom: 0cm; line-height: 150%;\">Beginn:\u00a0\u00a0\u00a0\u00a0\u00a0\u00a0\u00a0\u00a0\u00a0\u00a0\u00a0\u00a0\u00a0\u00a0\u00a0\u00a0\u00a0\u00a0\u00a0\u00a0\u00a0 15:00 Uhr<\/p> <p style=\"margin-bottom: 0cm; line-height: 150%;\">Kosten:\u00a0\u00a0\u00a0\u00a0\u00a0\u00a0\u00a0\u00a0\u00a0\u00a0\u00a0\u00a0\u00a0\u00a0\u00a0\u00a0\u00a0\u00a0\u00a0\u00a0\u00a0 25,00 \u20ac Vollzahler, 22,00 \u20ac Rentner<\/p> <p style=\"margin-bottom: 0cm; line-height: 150%;\"><b>Anmeldung<\/b>: bis <b>24.02.2026<\/b> bei Frau Hentzschel 0351-2189544 (AB)<\/p> <p style=\"margin-bottom: 0cm; line-height: 150%;\"><b>\u00a0--------------------------------------------------------------------------------------------------------<\/b><\/p> <p style=\"margin-bottom: 0cm; line-height: 150%;\"><b>Mittwoch 22.04.2026<\/b><\/p> <p style=\"margin-bottom: 0cm; line-height: 150%;\"><b>\u201eSpaziergang durch den Altkaditzer Dorfkern\u201c<\/b><\/p> <p style=\"margin-bottom: 0cm; line-height: 150%;\">Wanderstrecke ca. 2 km <\/p> <p style=\"margin-bottom: 0cm; line-height: 150%;\">14:00 Uhr\u00a0\u00a0\u00a0\u00a0\u00a0\u00a0\u00a0\u00a0\u00a0\u00a0\u00a0\u00a0\u00a0\u00a0\u00a0\u00a0\u00a0 Treffpunkt Haltestelle Riegelplatz (Li. 9,13 + Bus 64)<\/p> <p style=\"margin-bottom: 0cm; line-height: 150%;\">Fahrschein:\u00a0\u00a0\u00a0\u00a0\u00a0\u00a0\u00a0\u00a0\u00a0\u00a0\u00a0\u00a0\u00a0\u00a0 individuell<\/p> <p style=\"margin-bottom: 0cm; line-height: 150%;\"><b>Achtung: Treffpunkt beachten!!!<\/b><\/p> <p style=\"margin-bottom: 0cm; line-height: 150%;\"><b>Anmeldung<\/b>: bis 20.04.2026 bei Frau Thiemig 0351-8581639 (AB)<\/p> <p style=\"margin-bottom: 0cm; line-height: 150%;\"><b>\u00a0--------------------------------------------------------------------------------------------------------<\/b><\/p> <p style=\"margin: 0px 0px 0cm; font-size: 20px; line-height: 30px;\"><b>Sonntag, 26.04.2026<\/b><\/p> <p style=\"margin: 0px 0px 0cm; font-size: 20px; line-height: 30px;\"><b>\u201eWanderung rund um den Keulenberg, auf dem Gr\u00e4fenhainer Wanderschuh\u201c<\/b><\/p> <p style=\"margin: 0px 0px 0cm; font-size: 20px; line-height: 30px;\">08:00 bis 17:30 Uhr<\/p> <p style=\"margin: 0px 0px 0cm; font-size: 20px; line-height: 30px;\">Wanderstrecke ca. 14 km \u2013\u00a0<b>mittelschwer<\/b><\/p> <p style=\"margin: 0px 0px 0cm; font-size: 20px; line-height: 30px;\">08:00 Uhr\u00a0 Treff Bahnhof Radebeul \u2013 Ost, Bstg<b><\/b><\/p> <p style=\"margin: 0px 0px 0cm; font-size: 20px; line-height: 30px;\">08:10 Uhr\u00a0 \u00a0Fahrt mit S-Bahn nach Dresden-Neustadt, weiter nach Pulsnitz\u00a0 \u00a0 \u00a0 \u00a0 \u00a0 \u00a0 \u00a0 12:30 Uhr\u00a0 \u00a0Rast auf dem Keulenberg\u00a0 \u00a0 \u00a0 \u00a0 \u00a0\u00a0<\/p> <p style=\"margin: 0px 0px 0cm; font-size: 20px; line-height: 30px;\">14:00 Uhr\u00a0 \u00a0Kofferradiomuseum in Gr\u00e4fenhain,Selbstzahler\u00a0<\/p> <p style=\"margin: 0px 0px 0cm; font-size: 20px; line-height: 30px;\"><b>Verpflegung:\u00a0\u00a0\u00a0\u00a0\u00a0\u00a0\u00a0\u00a0\u00a0\u00a0 aus dem Rucksack, Imbiss auf dem Keulenberg m\u00f6glich<\/b><\/p> <p style=\"margin: 0px 0px 0cm; font-size: 20px; line-height: 30px;\"><b>WL:\u00a0\u00a0\u00a0 \u00a0\u00a0\u00a0\u00a0\u00a0\u00a0\u00a0\u00a0\u00a0\u00a0\u00a0\u00a0\u00a0\u00a0\u00a0\u00a0\u00a0\u00a0\u00a0\u00a0\u00a0\u00a0\u00a0\u00a0<\/b>Astrid M\u00fcller-Wenzke<b><\/b><\/p> <p style=\"margin: 0px 0px 0cm; font-size: 20px; line-height: 30px;\"><b>Fahrschein:<\/b>\u00a0\u00a0\u00a0\u00a0\u00a0\u00a0\u00a0\u00a0\u00a0\u00a0\u00a0\u00a0 KGK f\u00fcr 5 Pers. oder Deutschlandticket<\/p> <p style=\"margin: 0px 0px 0cm; font-size: 20px; line-height: 24px;\">\u00a0<\/p> <p style=\"margin: 0px 0px 0cm; font-size: 20px; line-height: 30px;\"><b>Anmeldung:\u00a0<\/b>bis 24.04.2026 bei Frau Hamann Tel. 0351-8010455 (AB)<\/p> <p style=\"margin-bottom: 0cm; line-height: 150%;\">\u00a0<\/p>\n<h1 style=\"margin: 12.0pt 0cm 12.0pt 0cm;\">Mai<\/h1> <p><b style=\"font-size: 18.5962px;\">Freitag, 01.05.2026<\/b><\/p> <p style=\"margin-bottom: 0cm; line-height: 150%;\"><b>Abbaden der Winterschwimmer <\/b><\/p> <p style=\"margin-bottom: 0cm; line-height: 150%;\">Ort:\u00a0\u00a0\u00a0\u00a0\u00a0\u00a0\u00a0\u00a0\u00a0\u00a0\u00a0\u00a0\u00a0\u00a0\u00a0\u00a0\u00a0\u00a0\u00a0\u00a0\u00a0\u00a0\u00a0\u00a0\u00a0\u00a0\u00a0\u00a0 L\u00f6\u00dfnitzbad Radebeul, Fabrikstra\u00dfe 47<\/p> <p style=\"margin-bottom: 0cm; line-height: 150%;\">Beginn: \u00a0\u00a0\u00a0\u00a0\u00a0\u00a0\u00a0\u00a0\u00a0\u00a0\u00a0\u00a0\u00a0\u00a0\u00a0\u00a0\u00a0\u00a0\u00a0\u00a0 10:00 Uhr<\/p> <p style=\"margin-bottom: 0cm; line-height: 150%;\">Anschlie\u00dfend geselliges Beisammensein<\/p> <p style=\"margin-bottom: 0cm; line-height: 150%;\">-------------------------------------------------------------------------------------------------------<\/p> <p style=\"margin-bottom: 0cm; line-height: 150%;\"><b>Mittwoch, 06.05 2026<\/b><\/p> <p style=\"margin-bottom: 0cm; line-height: 150%;\">Workshop: <b>\"Brot backen Teil 2\u201c <\/b>Sauerteigbrot (max. 15 Pers.)<b><\/b><\/p> <p style=\"margin-bottom: 0cm; line-height: 150%;\">\u00a0<\/p> <p style=\"margin-bottom: 0cm; line-height: 150%;\">18:00 Uhr \u00a0\u00a0\u00a0\u00a0\u00a0\u00a0\u00a0\u00a0\u00a0\u00a0\u00a0\u00a0\u00a0\u00a0\u00a0\u00a0 Vereinshaus Radebeul, Dr. - K\u00fclz - Str. 4<\/p> <p style=\"text-indent: -106.2pt; line-height: 150%; margin: 0cm 0cm 0cm 106.2pt;\">Referent:\u00a0\u00a0\u00a0\u00a0\u00a0\u00a0\u00a0\u00a0\u00a0\u00a0\u00a0\u00a0\u00a0\u00a0\u00a0\u00a0\u00a0\u00a0 Frau Bianca Nicolai - \u00e4rztlich gepr\u00fcfte Gesundheitsberaterin<br>und ganzheitliche Ern\u00e4hrungsberaterin GGB<\/p> <p style=\"margin-bottom: 0cm; line-height: 150%;\">Materialkosten:\u00a0\u00a0\u00a0\u00a0\u00a0\u00a0\u00a0\u00a0 12,00 \u20ac<\/p> <p style=\"margin-bottom: 0cm; line-height: 150%;\">Unkostenbeitrag:\u00a0\u00a0\u00a0\u00a0 Mg.: 6,00 \u20ac, Nmg.: 10,00 \u20ac<\/p> <p style=\"margin-bottom: 0cm; line-height: 150%;\">\u00a0<\/p> <p style=\"margin-bottom: 0cm; line-height: 150%;\"><b>Anmeldung:<\/b> bis 04.05.2026 bei Frau Hanke, Handy: 0151-500 12 888<\/p> <p style=\"margin-bottom: 0cm; line-height: 150%;\">--------------------------------------------------------------------------------------------------------<\/p> <p style=\"margin-bottom: 0cm; line-height: 150%;\"><b style=\"font-size: 18.5962px;\">Sonntag, 31.05.2026<\/b><\/p> <p style=\"margin-bottom: 0cm; line-height: 150%;\"><b>\u201eWanderung auf dem Panoramaweg von Lichtenhain nach Saupsdorf\u201c<\/b><\/p> <p style=\"margin-bottom: 0cm; line-height: 150%;\">Wanderstrecke ca.12 km, mittelschwer<\/p> <p style=\"margin-bottom: 0cm; line-height: 150%;\">\u00a0<\/p> <p style=\"margin-bottom: 0cm; line-height: 150%;\">08:00 Uhr\u00a0\u00a0\u00a0\u00a0\u00a0 \u00a0\u00a0\u00a0\u00a0\u00a0\u00a0\u00a0\u00a0\u00a0\u00a0\u00a0 Treff Bahnhof Radebeul \u2013 Ost, Bstg.<\/p> <p style=\"margin-bottom: 0cm; line-height: 150%;\">08:10 Uhr\u00a0\u00a0\u00a0\u00a0\u00a0 \u00a0\u00a0\u00a0\u00a0\u00a0\u00a0\u00a0\u00a0\u00a0\u00a0\u00a0 Fahrt mit S-Bahn nach Bad Schandau<\/p> <p style=\"margin-bottom: 0cm; line-height: 150%;\">09:20 Uhr\u00a0\u00a0\u00a0\u00a0\u00a0 \u00a0\u00a0\u00a0\u00a0\u00a0\u00a0\u00a0\u00a0\u00a0\u00a0\u00a0 Weiterfahrt mit Bus Li 260 nach Lichtenhain<\/p> <p style=\"margin-bottom: 0cm; line-height: 150%;\"><b>Verpflegung aus dem Rucksack, Gasthaus m\u00f6glich<\/b><\/p> <p style=\"margin-bottom: 0cm; line-height: 150%;\"><b>WL:\u00a0\u00a0\u00a0 \u00a0\u00a0\u00a0\u00a0\u00a0\u00a0\u00a0\u00a0\u00a0\u00a0\u00a0\u00a0\u00a0\u00a0\u00a0\u00a0\u00a0\u00a0\u00a0\u00a0\u00a0\u00a0\u00a0 <\/b>Manuela Hamann<b><\/b><\/p> <p style=\"margin-bottom: 0cm; line-height: 150%;\"><b>Fahrschein<\/b>: \u00a0\u00a0\u00a0\u00a0\u00a0\u00a0\u00a0\u00a0\u00a0\u00a0\u00a0 KGK f\u00fcr 5 Pers. oder Deutschlandticket<\/p> <p style=\"margin-bottom: 0cm; line-height: 150%;\"><b>Anmeldung: <\/b>bis 29.05.2026 bei Frau Hamann 0351-8010455 (AB)<\/p>\n<h1 style=\"margin: 12.0pt 0cm 12.0pt 0cm;\"><b style=\"letter-spacing: -0.03em; background-color: initial;\">Juni<\/b><\/h1> <p><b style=\"font-size: 18.5962px;\">Samstag, 06.06.2026<\/b><\/p> <p style=\"margin-bottom: 0cm; line-height: 150%;\"><b>\u201eFahrradtour nach Mei\u00dfen\u201c<\/b><\/p> <p style=\"margin-bottom: 0cm; line-height: 150%;\"><i>Fahrradstrecke ca. 28 km. Es wird empfohlen, einen Fahrradhelm zu tragen!<\/i><\/p> <p style=\"margin-bottom: 0cm; line-height: 150%;\">\u00a0<\/p> <p style=\"margin-bottom: 0cm; line-height: 150%;\">Unsere Fahrradtour f\u00fchrt uns von Radebeul \u00fcber den Elberadweg nach Mei\u00dfen. Dort besuchen wir das Stadtmuseum, wo wir viel Interessantes \u00fcber die Geschichte und die Geschichten der \u00e4ltesten Stadt in Sachsen erfahren.<\/p> <p style=\"margin-bottom: 0cm; line-height: 150%;\">Anschlie\u00dfend st\u00e4rken wir uns in einem Biergarten und radeln nach Radebeul zur\u00fcck.<\/p> <p style=\"margin-bottom: 0cm; line-height: 150%;\">Auch Teilnehmer mit eigener Anreise nach Mei\u00dfen sind herzlich willkommen.<\/p> <p style=\"margin-bottom: 0cm; line-height: 150%;\">\u00a0<\/p> <p style=\"margin-bottom: 0cm; line-height: 150%;\">10:00 Uhr\u00a0\u00a0\u00a0\u00a0\u00a0\u00a0\u00a0\u00a0\u00a0\u00a0\u00a0\u00a0\u00a0\u00a0\u00a0\u00a0\u00a0 Treff: Altk\u00f6tzschenbroda \/ Am Goldenen Anker<\/p> <p style=\"margin-bottom: 0cm; line-height: 150%;\">12:00 Uhr\u00a0\u00a0\u00a0\u00a0\u00a0\u00a0\u00a0\u00a0\u00a0\u00a0\u00a0\u00a0\u00a0\u00a0\u00a0\u00a0\u00a0 Besuch des Stadtmuseums, Heinrichplatz 3 (Eintritt inclusive)<\/p> <p style=\"margin-bottom: 0cm; line-height: 150%;\">14:00 Uhr\u00a0\u00a0\u00a0\u00a0\u00a0\u00a0\u00a0\u00a0\u00a0\u00a0\u00a0\u00a0\u00a0\u00a0\u00a0\u00a0\u00a0 Einkehr Biergarten (auf eigene Kosten)<\/p> <p style=\"margin-bottom: 0cm; line-height: 150%;\">16:00 Uhr\u00a0\u00a0\u00a0\u00a0\u00a0\u00a0\u00a0\u00a0\u00a0\u00a0\u00a0\u00a0\u00a0\u00a0\u00a0\u00a0\u00a0 Ankunft in Radebeul, Goldener Anker<\/p> <p style=\"margin-bottom: 0cm; line-height: 150%;\">Kosten:\u00a0\u00a0\u00a0\u00a0\u00a0\u00a0\u00a0\u00a0\u00a0\u00a0\u00a0\u00a0\u00a0\u00a0\u00a0\u00a0\u00a0\u00a0\u00a0\u00a0\u00a0 Mg.: 8,00 \u20ac, Nmg.: 10,00 \u20ac (inkl. Eintrittsgeld)<\/p> <p><b style=\"font-size: 18.5962px;\">Anmeldung:<\/b> bis 03.06.2026 bei Frau Fleischer 0171-4523544<\/p> <p><b>--------------------------------------------------------------------------------------------------------<\/b><\/p> <p style=\"margin-bottom: 0cm; line-height: 150%;\"><b>Sonntag, 21. Juni 2026<\/b><\/p> <p style=\"margin-bottom: 0cm; line-height: 150%;\"><b>\"F\u00fchrung durch das Weingut Karl Friedrich Aust, einem der sch\u00f6nsten Weing\u00fcter Sachsens, inmitten der herrlichen Rebenbl\u00fcten, inklusive einem Glas Spitzenwein \"<\/b><\/p> <p style=\"margin-bottom: 0cm; line-height: 150%;\"><b>\u00a0<\/b><\/p> <p style=\"margin-bottom: 0cm; line-height: 150%;\">11:00 Uhr;\u00a0\u00a0\u00a0\u00a0\u00a0\u00a0\u00a0\u00a0\u00a0\u00a0\u00a0\u00a0\u00a0\u00a0\u00a0\u00a0 Weingut Karl Friedrich Aust<\/p> <p style=\"margin-bottom: 0cm; line-height: 150%;\">Dauer: \u00a0\u00a0\u00a0\u00a0\u00a0\u00a0\u00a0\u00a0\u00a0\u00a0\u00a0\u00a0\u00a0\u00a0\u00a0\u00a0\u00a0\u00a0\u00a0\u00a0\u00a0\u00a0 ca. 1 Stunde<\/p> <p style=\"margin-bottom: 0cm; line-height: 150%;\">Referent: \u00a0\u00a0\u00a0\u00a0\u00a0\u00a0\u00a0\u00a0\u00a0\u00a0\u00a0\u00a0\u00a0\u00a0\u00a0\u00a0\u00a0 Herr Karl Friedrich Aust, Winzer und Steinmetz<\/p> <p style=\"text-indent: -106.2pt; line-height: 150%; margin: 0cm 0cm 0cm 106.2pt;\">Unkostenbeitrag:\u00a0\u00a0\u00a0\u00a0 Mg.: 15,00 \u20ac, Nmg.: 20,00 \u20ac <br>inklusive. einem Glas Spitzenwein<\/p> <p style=\"margin-bottom: 0cm; line-height: 150%;\">Es besteht die M\u00f6glichkeit, eine kleine Leckerei zum Wein zu bestellen: <\/p> <p style=\"margin-bottom: 0cm; line-height: 150%;\">Winzerteller: 12,50 \u20ac; K\u00e4sew\u00fcrfel mit Oliven: 6,50 \u20ac pro Person (Voranmeldung erforderlich)<\/p> <p>\u00a0<\/p> <p style=\"margin-bottom: 0cm; line-height: 150%;\"><b>Anmeldung:<\/b> bis 19.06.2026 bei Frau Hanke, Handy: 0151-500 12 888<\/p> <p style=\"margin-bottom: 0cm; line-height: 150%;\">--------------------------------------------------------------------------------------------------------<\/p> <p style=\"margin-bottom: 0cm; line-height: 150%;\"><b>Mittwoch, 24.06.2026<\/b><\/p> <p style=\"margin-bottom: 0cm; line-height: 150%;\"><b>\u201eJahreshauptversammlung \u201c <\/b>*)<\/p> <p style=\"margin-bottom: 0cm; line-height: 150%;\">Anschlie\u00dfend geselliges Beisammensein<\/p> <p style=\"margin-bottom: 0cm; line-height: 150%;\">Ort: \u00a0\u00a0\u00a0\u00a0\u00a0\u00a0\u00a0\u00a0\u00a0\u00a0\u00a0\u00a0\u00a0\u00a0\u00a0\u00a0\u00a0\u00a0\u00a0\u00a0\u00a0\u00a0\u00a0\u00a0\u00a0\u00a0\u00a0 Vereinshaus, Dr.-K\u00fclz-Str. 4<\/p> <p style=\"margin-bottom: 0cm; line-height: 150%;\">\u00a0<\/p> <p style=\"margin-bottom: 0cm; line-height: 150%;\">Beginn: \u00a0\u00a0\u00a0\u00a0\u00a0\u00a0\u00a0\u00a0\u00a0\u00a0\u00a0\u00a0\u00a0\u00a0\u00a0\u00a0\u00a0\u00a0\u00a0\u00a0 18:00 Uhr<\/p> <p style=\"margin-bottom: 0cm; line-height: 150%;\">--------------------------------------------------------------------------------------------------------<\/p> <p style=\"margin-bottom: 0cm; line-height: 150%;\"><b>Sonntag, 28.06.2026<\/b><\/p> <p style=\"margin-bottom: 0cm; line-height: 150%;\"><b>Auf dem Rundwanderweg Mei\u00dfen \u2013 Schmilka \u2013 \u201e\u00dcber Affensteinpromenade zum Papststein und nach Bad Schandau\u201c<\/b><\/p> <p style=\"margin-bottom: 0cm; line-height: 150%;\">\u00a0<\/p> <p style=\"margin-bottom: 0cm; line-height: 150%;\">Wanderstrecke ca.11 km, <b>mittelschwer<\/b><\/p> <p style=\"margin-bottom: 0cm; line-height: 150%;\">08:00 Uhr\u00a0\u00a0\u00a0\u00a0\u00a0 \u00a0\u00a0\u00a0\u00a0\u00a0\u00a0\u00a0\u00a0\u00a0\u00a0\u00a0 Treff Radebeul \u2013 Ost, Bstg.<\/p> <p style=\"margin-bottom: 0cm; line-height: 150%;\">08:10 Uhr\u00a0\u00a0\u00a0\u00a0\u00a0 \u00a0\u00a0\u00a0\u00a0\u00a0\u00a0\u00a0\u00a0\u00a0\u00a0\u00a0 Fahrt mit S-Bahn nach K\u00f6nigstein, Weiterfahrt mit Bus<\/p> <p style=\"margin-bottom: 0cm; line-height: 150%;\"><b>Verpflegung aus dem Rucksack, Gasthaus m\u00f6glich<\/b><\/p> <p style=\"margin-bottom: 0cm; line-height: 150%;\"><b>WL:\u00a0\u00a0\u00a0 <\/b>Astrid M\u00fcller-Wenzke<b><\/b><\/p> <p style=\"margin-bottom: 0cm; line-height: 150%;\"><b>Fahrschein:<\/b> KGK f\u00fcr 5 Pers. oder Deutschlandticket<\/p> <p style=\"margin-bottom: 0cm; line-height: 150%;\">\u00a0<\/p> <p style=\"margin-bottom: 0cm; line-height: 150%;\"><b>Anmeldung: <\/b>bis 26.06.2026 bei Frau Hamann 0351-8010455 (AB)<\/p> <p style=\"margin-bottom: 0cm; line-height: 150%;\">--------------------------------------------------------------------------------------------------------<\/p> <p style=\"margin-bottom: 0cm; line-height: 150%;\">Erkl\u00e4rungen:<\/p> <p style=\"margin: 0cm; text-indent: -18.0pt; line-height: 150%; mso-list: l0 level1 lfo1;\">-\u00a0\u00a0\u00a0\u00a0\u00a0\u00a0\u00a0\u00a0\u00a0 *) nur f\u00fcr Vereinsmitglieder<\/p> <p style=\"margin: 0cm; text-indent: -18.0pt; line-height: 150%; mso-list: l0 level1 lfo1;\">-\u00a0\u00a0\u00a0\u00a0\u00a0\u00a0\u00a0\u00a0\u00a0 Zusatzbeitrag f\u00fcr G\u00e4ste soweit nicht anders ausgewiesen 4,00 \u20ac<\/p> <p style=\"margin: 0cm; text-indent: -18.0pt; line-height: 150%; mso-list: l0 level1 lfo1;\">-\u00a0\u00a0\u00a0\u00a0\u00a0\u00a0\u00a0\u00a0\u00a0 Mg - Mitglied; Nmg - Nichtmitglied<\/p> <p style=\"margin: 0cm; text-indent: -18.0pt; line-height: 150%; mso-list: l0 level1 lfo1;\">-\u00a0\u00a0\u00a0\u00a0\u00a0\u00a0\u00a0\u00a0\u00a0 KGK - Kleingruppenkarte der VVO <\/p> <p style=\"margin-bottom: 0cm; line-height: 150%;\">\u00a0\u00a0<\/p>","_links":{"self":[{"href":"https:\/\/www.kneipp-sachsen.de\/radebeul\/wp-json\/wp\/v2\/pages\/1115","targetHints":{"allow":["GET"]}}],"collection":[{"href":"https:\/\/www.kneipp-sachsen.de\/radebeul\/wp-json\/wp\/v2\/pages"}],"about":[{"href":"https:\/\/www.kneipp-sachsen.de\/radebeul\/wp-json\/wp\/v2\/types\/page"}],"author":[{"embeddable":true,"href":"https:\/\/www.kneipp-sachsen.de\/radebeul\/wp-json\/wp\/v2\/users\/5"}],"replies":[{"embeddable":true,"href":"https:\/\/www.kneipp-sachsen.de\/radebeul\/wp-json\/wp\/v2\/comments?post=1115"}],"version-history":[{"count":38,"href":"https:\/\/www.kneipp-sachsen.de\/radebeul\/wp-json\/wp\/v2\/pages\/1115\/revisions"}],"predecessor-version":[{"id":1725,"href":"https:\/\/www.kneipp-sachsen.de\/radebeul\/wp-json\/wp\/v2\/pages\/1115\/revisions\/1725"}],"wp:attachment":[{"href":"https:\/\/www.kneipp-sachsen.de\/radebeul\/wp-json\/wp\/v2\/media?parent=1115"}],"curies":[{"name":"wp","href":"https:\/\/api.w.org\/{rel}","templated":true}]}}