{"id":132,"date":"2023-09-20T12:54:00","date_gmt":"2023-09-20T10:54:00","guid":{"rendered":"https:\/\/www.kneipp-sachsen.de\/leipziger-land\/?page_id=132"},"modified":"2026-01-28T13:07:33","modified_gmt":"2026-01-28T12:07:33","slug":"sportangebote-kneipp-radebeul","status":"publish","type":"page","link":"https:\/\/www.kneipp-sachsen.de\/radebeul\/sportangebote-kneipp-radebeul\/","title":{"rendered":"Sportangebote"},"content":{"rendered":"<!--themify_builder_content-->\n<div id=\"themify_builder_content-132\" data-postid=\"132\" class=\"themify_builder_content themify_builder_content-132 themify_builder tf_clear\">\n                    <div  data-lazy=\"1\" class=\"module_row themify_builder_row tb_kvnp641 tb_first tf_w\">\n                        <div class=\"row_inner col_align_top tb_col_count_1 tf_box tf_rel\">\n                        <div  data-lazy=\"1\" class=\"module_column tb-column col-full tb_7ro0641 first\">\n                    <!-- module accordion -->\n<div  class=\"module module-accordion tb_p7ma357 \" data-behavior=\"accordion\" data-lazy=\"1\">\n    \n    <ul class=\"ui module-accordion   tb_default_color\">\n            <li class=\"builder-accordion-active\">\n            <div class=\"accordion-title tf_rel\">\n                <a href=\"#acc-p7ma357-0\" class=\"tb_title_accordion\" aria-controls=\"acc-p7ma357-0-content\" aria-expanded=\"true\">\n                                        <i class=\"accordion-active-icon\"><svg  class=\"tf_fa tf-ti-minus\" aria-hidden=\"true\"><use href=\"#tf-ti-minus\"><\/use><\/svg><\/i>                    Sportangebote\u00a0                <\/a>\n            <\/div><!-- .accordion-title -->\n            <div id=\"acc-p7ma357-0-content\" data-id=\"acc-p7ma357-0\" aria-hidden=\"false\" class=\"accordion-content tf_clearfix\">\n                        <div  data-lazy=\"1\" class=\"module_subrow themify_builder_sub_row tf_w col_align_top tb_col_count_1 tb_6axr572\">\n                <div  data-lazy=\"1\" class=\"module_column sub_column tb_afjz572 first\">\n                    <!-- module text -->\n<div  class=\"module module-text tb_zhq1572   \" data-lazy=\"1\">\n        <div  class=\"tb_text_wrap\">\n        <p class=\"MsoNormal\" style=\"margin: 0cm 3.8pt 6.0pt 0cm;\"><b>Die Winterschwimmer<\/b> treffen sich vom 03.10. bis 01.05. jeden Sonnabend, Sonntag und an Feiertagen 10:00-11:00 Uhr im L\u00f6\u00dfnitzbad Radebeul.<\/p>\n<p class=\"MsoNormal\" style=\"margin-right: 3.8pt;\"><b>&#8212;&#8212;&#8212;&#8212;&#8212;&#8212;&#8212;&#8212;&#8212;&#8212;&#8212;&#8212;&#8212;&#8212;&#8212;&#8212;&#8212;&#8212;&#8212;&#8212;&#8212;&#8212;&#8212;&#8212;&#8212;&#8212;&#8212;&#8212;&#8212;&#8212;&#8212;&#8212;&#8211;<\/b><\/p>\n<p class=\"MsoNormal\" style=\"margin-right: 3.8pt;\"><b>Kurs f\u00fcr R\u00fcckengymnastik &#8211; <\/b>jeden Dienstag 19:30-20:30 Uhr<br><span style=\"font-size: 1em;\">Ort: Turnhalle Schiller-Grundschule Radebeul, Hauptstr.\/Ecke Gellertstr.<\/span><\/p>\n<p class=\"MsoNormal\" style=\"margin-right: 3.8pt;\"><b>&#8212;&#8212;&#8212;&#8212;&#8212;&#8212;&#8212;&#8212;&#8212;&#8212;&#8212;&#8212;&#8212;&#8212;&#8212;&#8212;&#8212;&#8212;&#8212;&#8212;&#8212;&#8212;&#8212;&#8212;&#8212;&#8212;&#8212;&#8212;&#8212;&#8212;&#8212;&#8212;&#8211;<\/b><\/p>\n<p class=\"MsoNormal\" style=\"margin-right: 3.8pt;\"><b>Seniorengymnastik &#8211; j<\/b>eden Dienstag 09:00-10:00 Uhr \/ 10:00-11:00 Uhr<br><span style=\"font-size: 1em;\">Ort: Vereinshaus, Dr.-K\u00fclz-Str. 4<\/span><\/p>\n<p class=\"MsoNormal\" style=\"margin-right: 3.8pt;\"><b>&#8212;&#8212;&#8212;&#8212;&#8212;&#8212;&#8212;&#8212;&#8212;&#8212;&#8212;&#8212;&#8212;&#8212;&#8212;&#8212;&#8212;&#8212;&#8212;&#8212;&#8212;&#8212;&#8212;&#8212;&#8212;&#8212;&#8212;&#8212;&#8212;&#8212;&#8212;&#8212;&#8211;<\/b><\/p>\n<p class=\"MsoNormal\" style=\"margin-right: 3.8pt;\"><b>Yoga<\/b> &#8211; jeden Montag 17:45-19:15 Uhr<br><span style=\"font-size: 1em;\">Ort: Vereinshaus, Dr.-K\u00fclz-Str. 4<\/span><\/p>\n<p class=\"MsoNormal\" style=\"margin-right: 3.8pt;\"><span style=\"font-size: 1em;\">Mindestteilnehmerzahl erforderlich<\/span><span style=\"font-size: 1em;\"><br><\/span><\/p>\n<p class=\"MsoNormal\" style=\"margin: 0cm 3.8pt 6.0pt 0cm;\">Anmeldung an: Frau Anita Wilhelm,\u00a0\u00a0\u00a0\u00a0\u00a0\u00a0\u00a0\u00a0\u00a0\u00a0\u00a0\u00a0\u00a0 Tel.: 0351-8303529<\/p>\n<p class=\"MsoNormal\" style=\"margin-right: 3.8pt;\"><b>&#8212;&#8212;&#8212;&#8212;&#8212;&#8212;&#8212;&#8212;&#8212;&#8212;&#8212;&#8212;&#8212;&#8212;&#8212;&#8212;&#8212;&#8212;&#8212;&#8212;&#8212;&#8212;&#8212;&#8212;&#8212;&#8212;&#8212;&#8212;&#8212;&#8212;&#8212;&#8212;-<\/b><\/p>\n<p class=\"MsoNormal\" style=\"margin-right: 3.8pt;\"><b>Nordic-Walking<\/b> &#8211; M\u00e4rz bis November jeden Mittwoch 14:00-15:00 Uhr Treffpunkt: Forststra\u00dfe, Radebeul-Ost<\/p>\n<p class=\"MsoNormal\" style=\"margin-right: 3.8pt;\">Mindestteilnehmerzahl erforderlich<\/p>\n<p class=\"MsoNormal\" style=\"margin: 0cm 3.8pt 6.0pt 0cm;\">Anmeldung an: Frau Anita Wilhelm,\u00a0\u00a0\u00a0\u00a0\u00a0\u00a0\u00a0\u00a0\u00a0\u00a0\u00a0\u00a0\u00a0 Tel.: 0351-8303529<\/p>\n<p class=\"MsoNormal\"><b>&#8212;&#8212;&#8212;&#8212;&#8212;&#8212;&#8212;&#8212;&#8212;&#8212;&#8212;&#8212;&#8212;&#8212;&#8212;&#8212;&#8212;&#8212;&#8212;&#8212;&#8212;&#8212;&#8212;&#8212;&#8212;&#8212;&#8212;&#8212;&#8212;&#8212;&#8212;&#8212;-<\/b><\/p>\n<p class=\"MsoNormal\"><b>Tanzkurs, gesellige Gruppent\u00e4nze f\u00fcr Jung und Alt<br><\/b><span style=\"font-size: 1em;\">nach Terminplan mittwochs<\/span><span style=\"font-size: 1em;\">\u00a0\u00a0<\/span><span style=\"font-size: 1em;\">jeweils 15:30-17:00 Uhr\u00a0<\/span><\/p>\n<p class=\"MsoNormal\"><span style=\"font-size: 1em;\">Termine 2026:\u00a0<\/span><\/p>\n<p class=\"MsoNormal\"><span style=\"font-size: 1em;\">14.1.;04.2.;18.2.;04.3.;18.3.;08.4.;22.4.;6.5.;20.5.;03.6.;17.6.;08.7.;02.9.;16.9.;07.10.;21.10.;04.11.;25.11.;02.12.;09.12.<\/span><\/p>\n<p class=\"MsoNormal\"><span style=\"font-size: 1em;\">Ort: Turnsaal, Vereinshaus, Dr.-K\u00fclz-Str. 4<\/span><span style=\"font-size: 1em;\"><br><\/span><\/p>\n<p class=\"MsoNormal\"><span style=\"font-size: 10pt;\">Kosten: 3 Euro \/ vor Ort zu bezahlen<br><\/span><span style=\"font-size: 10pt;\">Kursleiterin: Frau Sabine Heer<\/span><span style=\"font-size: 10pt;\"><br><\/span><\/p>\n<p class=\"MsoNormal\" style=\"margin-right: 3.7pt;\"><b>&#8212;&#8212;&#8212;&#8212;&#8212;&#8212;&#8212;&#8212;&#8212;&#8212;&#8212;&#8212;&#8212;&#8212;&#8212;&#8212;&#8212;&#8212;&#8212;&#8212;&#8212;&#8212;&#8212;&#8212;&#8212;&#8212;&#8212;&#8212;&#8212;&#8212;&#8212;&#8212;<\/b><\/p>\n<p class=\"MsoNormal\" style=\"margin-right: 3.7pt;\"><b>Barfu\u00dfpfad &#8211; <\/b>Montag-Freitag zu den \u00d6ffnungszeiten des Vereinshauses<br><span style=\"font-size: 1em;\">Ort: Vereinshaus-Au\u00dfengel\u00e4nde, Dr.-K\u00fclz-Str. 4<\/span><\/p>\n<p class=\"MsoNormal\" style=\"margin-right: 3.7pt;\"><b>&#8212;&#8212;&#8212;&#8212;&#8212;&#8212;&#8212;&#8212;&#8212;&#8212;&#8212;&#8212;&#8212;&#8212;&#8212;&#8212;&#8212;&#8212;&#8212;&#8212;&#8212;&#8212;&#8212;&#8212;&#8212;&#8212;&#8212;&#8212;&#8212;&#8212;&#8212;&#8212;<\/b><\/p>\n<p class=\"MsoNormal\" style=\"margin-right: 3.7pt;\"><b>Wanderungen:<\/b> F\u00fcr R\u00fcckfragen stehen Ihnen unsere Wanderleiter jederzeit gern zur Verf\u00fcgung.<span style=\"font-size: 2pt;\">\u00a0<\/span><\/p>    <\/div>\n<\/div>\n<!-- \/module text -->        <\/div>\n                    <\/div>\n                    <\/div><!-- .accordion-content -->\n        <\/li>\n        <\/ul>\n\n<\/div><!-- \/module accordion -->        <\/div>\n                        <\/div>\n        <\/div>\n                        <div  data-lazy=\"1\" class=\"module_row themify_builder_row tb_udeo872 tf_w\">\n                        <div class=\"row_inner col_align_top tb_col_count_1 tf_box tf_rel\">\n                        <div  data-lazy=\"1\" class=\"module_column tb-column col-full tb_ny1g873 first\">\n                            <\/div>\n                        <\/div>\n        <\/div>\n        <\/div>\n<!--\/themify_builder_content-->\n\n\n<p><\/p>\n\n\n<p><\/p>","protected":false},"excerpt":{"rendered":"","protected":false},"author":5,"featured_media":0,"parent":0,"menu_order":9,"comment_status":"closed","ping_status":"closed","template":"","meta":{"footnotes":"","advanced-sidebar-menu\/link-title":"","advanced-sidebar-menu\/exclude-page":false},"class_list":["post-132","page","type-page","status-publish","hentry","has-post-title","has-post-date","has-post-category","has-post-tag","has-post-comment","has-post-author",""],"yoast_head":"<!-- This site is optimized with the Yoast SEO plugin v24.7 - https:\/\/yoast.com\/wordpress\/plugins\/seo\/ -->\n<title>Sportangebote Kneipp-Radebeul<\/title>\n<meta name=\"description\" content=\"Sportangebote Kneipp-Radebeul\" \/>\n<meta name=\"robots\" content=\"index, follow, max-snippet:-1, max-image-preview:large, max-video-preview:-1\" \/>\n<link rel=\"canonical\" href=\"https:\/\/www.kneipp-sachsen.de\/radebeul\/sportangebote-kneipp-radebeul\/\" \/>\n<meta property=\"og:locale\" content=\"de_DE\" \/>\n<meta property=\"og:type\" content=\"article\" \/>\n<meta property=\"og:title\" content=\"Sportangebote Kneipp-Radebeul\" \/>\n<meta property=\"og:description\" content=\"Sportangebote Kneipp-Radebeul\" \/>\n<meta property=\"og:url\" content=\"https:\/\/www.kneipp-sachsen.de\/radebeul\/sportangebote-kneipp-radebeul\/\" \/>\n<meta property=\"og:site_name\" content=\"Kneipp Radebeul\" \/>\n<meta property=\"article:modified_time\" content=\"2026-01-28T12:07:33+00:00\" \/>\n<meta name=\"twitter:card\" content=\"summary_large_image\" \/>\n<script type=\"application\/ld+json\" class=\"yoast-schema-graph\">{\"@context\":\"https:\/\/schema.org\",\"@graph\":[{\"@type\":\"WebPage\",\"@id\":\"https:\/\/www.kneipp-sachsen.de\/radebeul\/sportangebote-kneipp-radebeul\/\",\"url\":\"https:\/\/www.kneipp-sachsen.de\/radebeul\/sportangebote-kneipp-radebeul\/\",\"name\":\"Sportangebote Kneipp-Radebeul\",\"isPartOf\":{\"@id\":\"https:\/\/www.kneipp-sachsen.de\/radebeul\/#website\"},\"datePublished\":\"2023-09-20T10:54:00+00:00\",\"dateModified\":\"2026-01-28T12:07:33+00:00\",\"description\":\"Sportangebote Kneipp-Radebeul\",\"breadcrumb\":{\"@id\":\"https:\/\/www.kneipp-sachsen.de\/radebeul\/sportangebote-kneipp-radebeul\/#breadcrumb\"},\"inLanguage\":\"de\",\"potentialAction\":[{\"@type\":\"ReadAction\",\"target\":[\"https:\/\/www.kneipp-sachsen.de\/radebeul\/sportangebote-kneipp-radebeul\/\"]}]},{\"@type\":\"BreadcrumbList\",\"@id\":\"https:\/\/www.kneipp-sachsen.de\/radebeul\/sportangebote-kneipp-radebeul\/#breadcrumb\",\"itemListElement\":[{\"@type\":\"ListItem\",\"position\":1,\"name\":\"Startseite\",\"item\":\"https:\/\/www.kneipp-sachsen.de\/radebeul\/\"},{\"@type\":\"ListItem\",\"position\":2,\"name\":\"Sportangebote\"}]},{\"@type\":\"WebSite\",\"@id\":\"https:\/\/www.kneipp-sachsen.de\/radebeul\/#website\",\"url\":\"https:\/\/www.kneipp-sachsen.de\/radebeul\/\",\"name\":\"Kneipp Radebeul\",\"description\":\"Eine weitere WordPress-Website\",\"publisher\":{\"@id\":\"https:\/\/www.kneipp-sachsen.de\/radebeul\/#organization\"},\"potentialAction\":[{\"@type\":\"SearchAction\",\"target\":{\"@type\":\"EntryPoint\",\"urlTemplate\":\"https:\/\/www.kneipp-sachsen.de\/radebeul\/?s={search_term_string}\"},\"query-input\":{\"@type\":\"PropertyValueSpecification\",\"valueRequired\":true,\"valueName\":\"search_term_string\"}}],\"inLanguage\":\"de\"},{\"@type\":\"Organization\",\"@id\":\"https:\/\/www.kneipp-sachsen.de\/radebeul\/#organization\",\"name\":\"Kneipp Radebeul\",\"url\":\"https:\/\/www.kneipp-sachsen.de\/radebeul\/\",\"logo\":{\"@type\":\"ImageObject\",\"inLanguage\":\"de\",\"@id\":\"https:\/\/www.kneipp-sachsen.de\/radebeul\/#\/schema\/logo\/image\/\",\"url\":\"https:\/\/www.kneipp-sachsen.de\/radebeul\/wp-content\/uploads\/2024\/03\/Radebeul.png\",\"contentUrl\":\"https:\/\/www.kneipp-sachsen.de\/radebeul\/wp-content\/uploads\/2024\/03\/Radebeul.png\",\"width\":967,\"height\":758,\"caption\":\"Kneipp Radebeul\"},\"image\":{\"@id\":\"https:\/\/www.kneipp-sachsen.de\/radebeul\/#\/schema\/logo\/image\/\"}}]}<\/script>\n<!-- \/ Yoast SEO plugin. -->","yoast_head_json":{"title":"Sportangebote Kneipp-Radebeul","description":"Sportangebote Kneipp-Radebeul","robots":{"index":"index","follow":"follow","max-snippet":"max-snippet:-1","max-image-preview":"max-image-preview:large","max-video-preview":"max-video-preview:-1"},"canonical":"https:\/\/www.kneipp-sachsen.de\/radebeul\/sportangebote-kneipp-radebeul\/","og_locale":"de_DE","og_type":"article","og_title":"Sportangebote Kneipp-Radebeul","og_description":"Sportangebote Kneipp-Radebeul","og_url":"https:\/\/www.kneipp-sachsen.de\/radebeul\/sportangebote-kneipp-radebeul\/","og_site_name":"Kneipp Radebeul","article_modified_time":"2026-01-28T12:07:33+00:00","twitter_card":"summary_large_image","schema":{"@context":"https:\/\/schema.org","@graph":[{"@type":"WebPage","@id":"https:\/\/www.kneipp-sachsen.de\/radebeul\/sportangebote-kneipp-radebeul\/","url":"https:\/\/www.kneipp-sachsen.de\/radebeul\/sportangebote-kneipp-radebeul\/","name":"Sportangebote Kneipp-Radebeul","isPartOf":{"@id":"https:\/\/www.kneipp-sachsen.de\/radebeul\/#website"},"datePublished":"2023-09-20T10:54:00+00:00","dateModified":"2026-01-28T12:07:33+00:00","description":"Sportangebote Kneipp-Radebeul","breadcrumb":{"@id":"https:\/\/www.kneipp-sachsen.de\/radebeul\/sportangebote-kneipp-radebeul\/#breadcrumb"},"inLanguage":"de","potentialAction":[{"@type":"ReadAction","target":["https:\/\/www.kneipp-sachsen.de\/radebeul\/sportangebote-kneipp-radebeul\/"]}]},{"@type":"BreadcrumbList","@id":"https:\/\/www.kneipp-sachsen.de\/radebeul\/sportangebote-kneipp-radebeul\/#breadcrumb","itemListElement":[{"@type":"ListItem","position":1,"name":"Startseite","item":"https:\/\/www.kneipp-sachsen.de\/radebeul\/"},{"@type":"ListItem","position":2,"name":"Sportangebote"}]},{"@type":"WebSite","@id":"https:\/\/www.kneipp-sachsen.de\/radebeul\/#website","url":"https:\/\/www.kneipp-sachsen.de\/radebeul\/","name":"Kneipp Radebeul","description":"Eine weitere WordPress-Website","publisher":{"@id":"https:\/\/www.kneipp-sachsen.de\/radebeul\/#organization"},"potentialAction":[{"@type":"SearchAction","target":{"@type":"EntryPoint","urlTemplate":"https:\/\/www.kneipp-sachsen.de\/radebeul\/?s={search_term_string}"},"query-input":{"@type":"PropertyValueSpecification","valueRequired":true,"valueName":"search_term_string"}}],"inLanguage":"de"},{"@type":"Organization","@id":"https:\/\/www.kneipp-sachsen.de\/radebeul\/#organization","name":"Kneipp Radebeul","url":"https:\/\/www.kneipp-sachsen.de\/radebeul\/","logo":{"@type":"ImageObject","inLanguage":"de","@id":"https:\/\/www.kneipp-sachsen.de\/radebeul\/#\/schema\/logo\/image\/","url":"https:\/\/www.kneipp-sachsen.de\/radebeul\/wp-content\/uploads\/2024\/03\/Radebeul.png","contentUrl":"https:\/\/www.kneipp-sachsen.de\/radebeul\/wp-content\/uploads\/2024\/03\/Radebeul.png","width":967,"height":758,"caption":"Kneipp Radebeul"},"image":{"@id":"https:\/\/www.kneipp-sachsen.de\/radebeul\/#\/schema\/logo\/image\/"}}]}},"builder_content":"<ul><li><h4>Sportangebote\u00a0<\/h4><p style=\"margin: 0cm 3.8pt 6.0pt 0cm;\"><b>Die Winterschwimmer<\/b> treffen sich vom 03.10. bis 01.05. jeden Sonnabend, Sonntag und an Feiertagen 10:00-11:00 Uhr im L\u00f6\u00dfnitzbad Radebeul.<\/p> <p style=\"margin-right: 3.8pt;\"><b>--------------------------------------------------------------------------------------------------<\/b><\/p> <p style=\"margin-right: 3.8pt;\"><b>Kurs f\u00fcr R\u00fcckengymnastik - <\/b>jeden Dienstag 19:30-20:30 Uhr<br>Ort: Turnhalle Schiller-Grundschule Radebeul, Hauptstr.\/Ecke Gellertstr.<\/p> <p style=\"margin-right: 3.8pt;\"><b>--------------------------------------------------------------------------------------------------<\/b><\/p> <p style=\"margin-right: 3.8pt;\"><b>Seniorengymnastik - j<\/b>eden Dienstag 09:00-10:00 Uhr \/ 10:00-11:00 Uhr<br>Ort: Vereinshaus, Dr.-K\u00fclz-Str. 4<\/p> <p style=\"margin-right: 3.8pt;\"><b>--------------------------------------------------------------------------------------------------<\/b><\/p> <p style=\"margin-right: 3.8pt;\"><b>Yoga<\/b> - jeden Montag 17:45-19:15 Uhr<br>Ort: Vereinshaus, Dr.-K\u00fclz-Str. 4<\/p> <p style=\"margin-right: 3.8pt;\">Mindestteilnehmerzahl erforderlich<br><\/p> <p style=\"margin: 0cm 3.8pt 6.0pt 0cm;\">Anmeldung an: Frau Anita Wilhelm,\u00a0\u00a0\u00a0\u00a0\u00a0\u00a0\u00a0\u00a0\u00a0\u00a0\u00a0\u00a0\u00a0 Tel.: 0351-8303529<\/p> <p style=\"margin-right: 3.8pt;\"><b>-------------------------------------------------------------------------------------------------<\/b><\/p> <p style=\"margin-right: 3.8pt;\"><b>Nordic-Walking<\/b> - M\u00e4rz bis November jeden Mittwoch 14:00-15:00 Uhr Treffpunkt: Forststra\u00dfe, Radebeul-Ost<\/p> <p style=\"margin-right: 3.8pt;\">Mindestteilnehmerzahl erforderlich<\/p> <p style=\"margin: 0cm 3.8pt 6.0pt 0cm;\">Anmeldung an: Frau Anita Wilhelm,\u00a0\u00a0\u00a0\u00a0\u00a0\u00a0\u00a0\u00a0\u00a0\u00a0\u00a0\u00a0\u00a0 Tel.: 0351-8303529<\/p> <p><b>-------------------------------------------------------------------------------------------------<\/b><\/p> <p><b>Tanzkurs, gesellige Gruppent\u00e4nze f\u00fcr Jung und Alt<br><\/b>nach Terminplan mittwochs\u00a0\u00a0jeweils 15:30-17:00 Uhr\u00a0<\/p> <p>Termine 2026:\u00a0<\/p> <p>14.1.;04.2.;18.2.;04.3.;18.3.;08.4.;22.4.;6.5.;20.5.;03.6.;17.6.;08.7.;02.9.;16.9.;07.10.;21.10.;04.11.;25.11.;02.12.;09.12.<\/p> <p>Ort: Turnsaal, Vereinshaus, Dr.-K\u00fclz-Str. 4<br><\/p> <p>Kosten: 3 Euro \/ vor Ort zu bezahlen<br>Kursleiterin: Frau Sabine Heer<br><\/p> <p style=\"margin-right: 3.7pt;\"><b>------------------------------------------------------------------------------------------------<\/b><\/p> <p style=\"margin-right: 3.7pt;\"><b>Barfu\u00dfpfad - <\/b>Montag-Freitag zu den \u00d6ffnungszeiten des Vereinshauses<br>Ort: Vereinshaus-Au\u00dfengel\u00e4nde, Dr.-K\u00fclz-Str. 4<\/p> <p style=\"margin-right: 3.7pt;\"><b>------------------------------------------------------------------------------------------------<\/b><\/p> <p style=\"margin-right: 3.7pt;\"><b>Wanderungen:<\/b> F\u00fcr R\u00fcckfragen stehen Ihnen unsere Wanderleiter jederzeit gern zur Verf\u00fcgung.\u00a0<\/p><\/li><\/ul>\n<p style=\"margin: 0cm 3.8pt 6.0pt 0cm;\"><b>Die Winterschwimmer<\/b> treffen sich vom 03.10. bis 01.05. jeden Sonnabend, Sonntag und an Feiertagen 10:00-11:00 Uhr im L\u00f6\u00dfnitzbad Radebeul.<\/p> <p style=\"margin-right: 3.8pt;\"><b>--------------------------------------------------------------------------------------------------<\/b><\/p> <p style=\"margin-right: 3.8pt;\"><b>Kurs f\u00fcr R\u00fcckengymnastik - <\/b>jeden Dienstag 19:30-20:30 Uhr<br>Ort: Turnhalle Schiller-Grundschule Radebeul, Hauptstr.\/Ecke Gellertstr.<\/p> <p style=\"margin-right: 3.8pt;\"><b>--------------------------------------------------------------------------------------------------<\/b><\/p> <p style=\"margin-right: 3.8pt;\"><b>Seniorengymnastik - j<\/b>eden Dienstag 09:00-10:00 Uhr \/ 10:00-11:00 Uhr<br>Ort: Vereinshaus, Dr.-K\u00fclz-Str. 4<\/p> <p style=\"margin-right: 3.8pt;\"><b>--------------------------------------------------------------------------------------------------<\/b><\/p> <p style=\"margin-right: 3.8pt;\"><b>Yoga<\/b> - jeden Montag 17:45-19:15 Uhr<br>Ort: Vereinshaus, Dr.-K\u00fclz-Str. 4<\/p> <p style=\"margin-right: 3.8pt;\">Mindestteilnehmerzahl erforderlich<br><\/p> <p style=\"margin: 0cm 3.8pt 6.0pt 0cm;\">Anmeldung an: Frau Anita Wilhelm,\u00a0\u00a0\u00a0\u00a0\u00a0\u00a0\u00a0\u00a0\u00a0\u00a0\u00a0\u00a0\u00a0 Tel.: 0351-8303529<\/p> <p style=\"margin-right: 3.8pt;\"><b>-------------------------------------------------------------------------------------------------<\/b><\/p> <p style=\"margin-right: 3.8pt;\"><b>Nordic-Walking<\/b> - M\u00e4rz bis November jeden Mittwoch 14:00-15:00 Uhr Treffpunkt: Forststra\u00dfe, Radebeul-Ost<\/p> <p style=\"margin-right: 3.8pt;\">Mindestteilnehmerzahl erforderlich<\/p> <p style=\"margin: 0cm 3.8pt 6.0pt 0cm;\">Anmeldung an: Frau Anita Wilhelm,\u00a0\u00a0\u00a0\u00a0\u00a0\u00a0\u00a0\u00a0\u00a0\u00a0\u00a0\u00a0\u00a0 Tel.: 0351-8303529<\/p> <p><b>-------------------------------------------------------------------------------------------------<\/b><\/p> <p><b>Tanzkurs, gesellige Gruppent\u00e4nze f\u00fcr Jung und Alt<br><\/b>nach Terminplan mittwochs\u00a0\u00a0jeweils 15:30-17:00 Uhr\u00a0<\/p> <p>Termine 2026:\u00a0<\/p> <p>14.1.;04.2.;18.2.;04.3.;18.3.;08.4.;22.4.;6.5.;20.5.;03.6.;17.6.;08.7.;02.9.;16.9.;07.10.;21.10.;04.11.;25.11.;02.12.;09.12.<\/p> <p>Ort: Turnsaal, Vereinshaus, Dr.-K\u00fclz-Str. 4<br><\/p> <p>Kosten: 3 Euro \/ vor Ort zu bezahlen<br>Kursleiterin: Frau Sabine Heer<br><\/p> <p style=\"margin-right: 3.7pt;\"><b>------------------------------------------------------------------------------------------------<\/b><\/p> <p style=\"margin-right: 3.7pt;\"><b>Barfu\u00dfpfad - <\/b>Montag-Freitag zu den \u00d6ffnungszeiten des Vereinshauses<br>Ort: Vereinshaus-Au\u00dfengel\u00e4nde, Dr.-K\u00fclz-Str. 4<\/p> <p style=\"margin-right: 3.7pt;\"><b>------------------------------------------------------------------------------------------------<\/b><\/p> <p style=\"margin-right: 3.7pt;\"><b>Wanderungen:<\/b> F\u00fcr R\u00fcckfragen stehen Ihnen unsere Wanderleiter jederzeit gern zur Verf\u00fcgung.\u00a0<\/p>","_links":{"self":[{"href":"https:\/\/www.kneipp-sachsen.de\/radebeul\/wp-json\/wp\/v2\/pages\/132","targetHints":{"allow":["GET"]}}],"collection":[{"href":"https:\/\/www.kneipp-sachsen.de\/radebeul\/wp-json\/wp\/v2\/pages"}],"about":[{"href":"https:\/\/www.kneipp-sachsen.de\/radebeul\/wp-json\/wp\/v2\/types\/page"}],"author":[{"embeddable":true,"href":"https:\/\/www.kneipp-sachsen.de\/radebeul\/wp-json\/wp\/v2\/users\/5"}],"replies":[{"embeddable":true,"href":"https:\/\/www.kneipp-sachsen.de\/radebeul\/wp-json\/wp\/v2\/comments?post=132"}],"version-history":[{"count":98,"href":"https:\/\/www.kneipp-sachsen.de\/radebeul\/wp-json\/wp\/v2\/pages\/132\/revisions"}],"predecessor-version":[{"id":1591,"href":"https:\/\/www.kneipp-sachsen.de\/radebeul\/wp-json\/wp\/v2\/pages\/132\/revisions\/1591"}],"wp:attachment":[{"href":"https:\/\/www.kneipp-sachsen.de\/radebeul\/wp-json\/wp\/v2\/media?parent=132"}],"curies":[{"name":"wp","href":"https:\/\/api.w.org\/{rel}","templated":true}]}}