{"id":56,"date":"2021-12-08T22:45:05","date_gmt":"2021-12-08T21:45:05","guid":{"rendered":"https:\/\/www.kneipp-sachsen.de\/leipziger-land\/?page_id=56"},"modified":"2024-03-08T16:26:52","modified_gmt":"2024-03-08T15:26:52","slug":"ueber-uns-kneipp-radebeul","status":"publish","type":"page","link":"https:\/\/www.kneipp-sachsen.de\/radebeul\/wer-wir-sind-kneipp-radebeul\/ueber-uns-kneipp-radebeul\/","title":{"rendered":"\u00dcber uns"},"content":{"rendered":"<!--themify_builder_content-->\n<div id=\"themify_builder_content-56\" data-postid=\"56\" class=\"themify_builder_content themify_builder_content-56 themify_builder tf_clear\">\n                    <div  data-lazy=\"1\" class=\"module_row themify_builder_row tb_372k240 tb_first tf_w\">\n                        <div class=\"row_inner col_align_top tb_col_count_1 tf_box tf_rel\">\n                        <div  data-lazy=\"1\" class=\"module_column tb-column col-full tb_fxkz245 first\">\n                            <div  data-lazy=\"1\" class=\"module_subrow themify_builder_sub_row tf_w col_align_top tb_col_count_1 tb_9vbt245\">\n                <div  data-lazy=\"1\" class=\"module_column sub_column col-full tb_y1ns246 first\">\n                    <!-- module fancy heading -->\n<div  class=\"module module-fancy-heading tb_uy43246  tb_hide_divider\" data-lazy=\"1\">\n        <h2 class=\"fancy-heading\">\n    <span class=\"main-head tf_block\">\n                    Vereinsgeschichte            <\/span>\n\n    \n    <span class=\"sub-head tf_block tf_rel\">\n                                <\/span>\n    <\/h2>\n<\/div>\n<!-- \/module fancy heading -->\n<!-- module text -->\n<div  class=\"module module-text tb_ijqr246   \" data-lazy=\"1\">\n        <div  class=\"tb_text_wrap\">\n        <p style=\"font-family: Arial, Helvetica, sans-serif;\"><em>Die ersten Aktivit\u00e4ten zur Gr\u00fcndung des Kneipp-Vereins lagen in den H\u00e4nden von Frau Edith Neumann. Durch die Verbindung unserer Heimatstadt zur Partnerstadt St. Ingbert ergaben sich erste Gespr\u00e4che zur Gr\u00fcndung eines Kneipp-Vereins in Radebeul.<\/em><\/p>\n<p style=\"font-family: Arial, Helvetica, sans-serif;\"><em style=\"font-size: 1em;\">Der Kneipp-Verein Radebeul e.V. wurde am 19.10.1990 in Radebeul im Klubhaus Heiterer Blick als erster Kneipp-Verein im neuen Freistatt Sachsen gegr\u00fcndet.<\/em><\/p>\n<p style=\"font-family: Arial, Helvetica, sans-serif;\"><em>Die Vertreter des Kneipp-Bundes Bad W\u00f6rishofen waren anwesend. Der Verein begann mit 26 Gr\u00fcndungsmitgliedern seine aktive T\u00e4tigkeit.<\/em><\/p>\n<p style=\"font-family: Arial, Helvetica, sans-serif;\"><em>Frau Heidrun Kahlert wurde als Vorsitzende und Herr Rainer Scheppan als Stellvertreter des Kneipp-Vereins Radebeul e.V. gew\u00e4hlt.<\/em><\/p>\n<p style=\"font-family: Arial, Helvetica, sans-serif;\"><em>Nach \u00fcber zwanzig Jahren erfolgreicher Arbeit und inzwischen 100 Mitgliedern f\u00fchrte von 2012 bis 2022 Herr Dr. Wiegand als Vorsitzender den Verein an.\u00a0<\/em><\/p>\n<p style=\"font-family: Arial, Helvetica, sans-serif;\"><em>Frau Manuela Hamann \u00fcbernahm die Stellvertretung. In 2022 \u00fcbernahm sie den Vorsitz und Frau Christine Thiemig wurde zur Stellvertreterin gew\u00e4hlt.<\/em><\/p>\n<p style=\"font-family: Arial, Helvetica, sans-serif;\"><em>Der Vorstand und der Beirat treffen sich regelm\u00e4ssig monatlich im Vereinshaus der Stadt Radebeul, um die Gestaltung des Verreinslebens zu beraten und durchzuf\u00fchren.<\/em><\/p>\n<p style=\"font-family: Arial, Helvetica, sans-serif;\">\u00a0<\/p>    <\/div>\n<\/div>\n<!-- \/module text -->        <\/div>\n                    <\/div>\n                <div  data-lazy=\"1\" class=\"module_subrow themify_builder_sub_row tf_w col_align_top tb_col_count_1 tb_17xg23\">\n                <div  data-lazy=\"1\" class=\"module_column sub_column col-full tb_wbie23 first\">\n                    <!-- module fancy heading -->\n<div  class=\"module module-fancy-heading tb_majm23  tb_hide_divider\" data-lazy=\"1\">\n        <h2 class=\"fancy-heading\">\n    <span class=\"main-head tf_block\">\n                    Aufgaben            <\/span>\n\n    \n    <span class=\"sub-head tf_block tf_rel\">\n                                <\/span>\n    <\/h2>\n<\/div>\n<!-- \/module fancy heading -->\n<!-- module text -->\n<div  class=\"module module-text tb_jytf24   \" data-lazy=\"1\">\n        <div  class=\"tb_text_wrap\">\n        <p style=\"font-family: Arial, Helvetica, sans-serif;\"><em>Allen Menschen, nicht nur unseren Mitgliedern, den Einstieg in eine gesunde Lebensweise nahe zu bringen und die Lehre Sebastian Kneipps zug\u00e4nglich zu machen.<\/em><\/p>\n<p><em>Durch Sportangebote, Vortr\u00e4ge und Wanderungen werden gesundheitsorientierte Aktivit\u00e4ten gef\u00f6rdert.<\/em><\/p>\n<p><em>Das Gesundheitsbewusstsein und Gesundheitsverhalten zu f\u00f6rdern, vor allem auch jungen Menschen wie in Kindertagesst\u00e4tten. So bestehen mit dem Kindergarten \u201eRadebeuler Spatzen\u201c enge Kontakte.<\/em><br><em>Der Kneipp-Verein Radebeul e.V. ist Mitglied im Kreissportbund Mei\u00dfen e.V., und im Landessportbund Sachsen e.V.\u00a0<\/em><em>Dachverband ist der Kneipp-Bund e.V.\u00a0<\/em><\/p>\n<p style=\"font-family: Arial, Helvetica, sans-serif;\"><em>Unsere Angebote sind f\u00fcr jedermann \u2013 auch f\u00fcr Nichtmitglieder \u2013 offen.<\/em><\/p>\n<p style=\"font-family: Arial, Helvetica, sans-serif;\"><em>Der Radebeuler Kneipp-Verein arbeitet mit vielen Organisationen zusammen.<\/em><\/p>    <\/div>\n<\/div>\n<!-- \/module text -->        <\/div>\n                    <\/div>\n                <\/div>\n                        <\/div>\n        <\/div>\n        <\/div>\n<!--\/themify_builder_content-->","protected":false},"excerpt":{"rendered":"<p>Die ersten Aktivit\u00e4ten zur Gr\u00fcndung des Kneipp-Vereins lagen in den H\u00e4nden von Frau Edith Neumann. Durch die Verbindung unserer Heimatstadt zur Partnerstadt St. Ingbert ergaben sich erste Gespr\u00e4che zur Gr\u00fcndung eines Kneipp-Vereins in Radebeul. Der Kneipp-Verein Radebeul e.V. wurde am 19.10.1990 in Radebeul im Klubhaus Heiterer Blick als erster Kneipp-Verein im neuen Freistatt Sachsen gegr\u00fcndet. [&hellip;]<\/p>\n","protected":false},"author":5,"featured_media":0,"parent":54,"menu_order":0,"comment_status":"closed","ping_status":"closed","template":"","meta":{"footnotes":"","advanced-sidebar-menu\/link-title":"","advanced-sidebar-menu\/exclude-page":false},"class_list":["post-56","page","type-page","status-publish","hentry","has-post-title","has-post-date","has-post-category","has-post-tag","has-post-comment","has-post-author",""],"yoast_head":"<!-- This site is optimized with the Yoast SEO plugin v24.7 - https:\/\/yoast.com\/wordpress\/plugins\/seo\/ -->\n<title>\u00dcber uns - Kneipp Radebeul<\/title>\n<meta name=\"description\" content=\"\u00dcber uns Kneipp Radebeul\" \/>\n<meta name=\"robots\" content=\"index, follow, max-snippet:-1, max-image-preview:large, max-video-preview:-1\" \/>\n<link rel=\"canonical\" href=\"https:\/\/www.kneipp-sachsen.de\/radebeul\/wer-wir-sind-kneipp-radebeul\/ueber-uns-kneipp-radebeul\/\" \/>\n<meta property=\"og:locale\" content=\"de_DE\" \/>\n<meta property=\"og:type\" content=\"article\" \/>\n<meta property=\"og:title\" content=\"\u00dcber uns - Kneipp Radebeul\" \/>\n<meta property=\"og:description\" content=\"\u00dcber uns Kneipp Radebeul\" \/>\n<meta property=\"og:url\" content=\"https:\/\/www.kneipp-sachsen.de\/radebeul\/wer-wir-sind-kneipp-radebeul\/ueber-uns-kneipp-radebeul\/\" \/>\n<meta property=\"og:site_name\" content=\"Kneipp Radebeul\" \/>\n<meta property=\"article:modified_time\" content=\"2024-03-08T15:26:52+00:00\" \/>\n<meta name=\"twitter:card\" content=\"summary_large_image\" \/>\n<meta name=\"twitter:label1\" content=\"Gesch\u00e4tzte Lesezeit\" \/>\n\t<meta name=\"twitter:data1\" content=\"3\u00a0Minuten\" \/>\n<script type=\"application\/ld+json\" class=\"yoast-schema-graph\">{\"@context\":\"https:\/\/schema.org\",\"@graph\":[{\"@type\":\"WebPage\",\"@id\":\"https:\/\/www.kneipp-sachsen.de\/radebeul\/wer-wir-sind-kneipp-radebeul\/ueber-uns-kneipp-radebeul\/\",\"url\":\"https:\/\/www.kneipp-sachsen.de\/radebeul\/wer-wir-sind-kneipp-radebeul\/ueber-uns-kneipp-radebeul\/\",\"name\":\"\u00dcber uns - Kneipp Radebeul\",\"isPartOf\":{\"@id\":\"https:\/\/www.kneipp-sachsen.de\/radebeul\/#website\"},\"datePublished\":\"2021-12-08T21:45:05+00:00\",\"dateModified\":\"2024-03-08T15:26:52+00:00\",\"description\":\"\u00dcber uns Kneipp Radebeul\",\"breadcrumb\":{\"@id\":\"https:\/\/www.kneipp-sachsen.de\/radebeul\/wer-wir-sind-kneipp-radebeul\/ueber-uns-kneipp-radebeul\/#breadcrumb\"},\"inLanguage\":\"de\",\"potentialAction\":[{\"@type\":\"ReadAction\",\"target\":[\"https:\/\/www.kneipp-sachsen.de\/radebeul\/wer-wir-sind-kneipp-radebeul\/ueber-uns-kneipp-radebeul\/\"]}]},{\"@type\":\"BreadcrumbList\",\"@id\":\"https:\/\/www.kneipp-sachsen.de\/radebeul\/wer-wir-sind-kneipp-radebeul\/ueber-uns-kneipp-radebeul\/#breadcrumb\",\"itemListElement\":[{\"@type\":\"ListItem\",\"position\":1,\"name\":\"Startseite\",\"item\":\"https:\/\/www.kneipp-sachsen.de\/radebeul\/\"},{\"@type\":\"ListItem\",\"position\":2,\"name\":\"Wer wir sind\",\"item\":\"https:\/\/www.kneipp-sachsen.de\/radebeul\/wer-wir-sind-kneipp-radebeul\/\"},{\"@type\":\"ListItem\",\"position\":3,\"name\":\"\u00dcber uns\"}]},{\"@type\":\"WebSite\",\"@id\":\"https:\/\/www.kneipp-sachsen.de\/radebeul\/#website\",\"url\":\"https:\/\/www.kneipp-sachsen.de\/radebeul\/\",\"name\":\"Kneipp Radebeul\",\"description\":\"Eine weitere WordPress-Website\",\"publisher\":{\"@id\":\"https:\/\/www.kneipp-sachsen.de\/radebeul\/#organization\"},\"potentialAction\":[{\"@type\":\"SearchAction\",\"target\":{\"@type\":\"EntryPoint\",\"urlTemplate\":\"https:\/\/www.kneipp-sachsen.de\/radebeul\/?s={search_term_string}\"},\"query-input\":{\"@type\":\"PropertyValueSpecification\",\"valueRequired\":true,\"valueName\":\"search_term_string\"}}],\"inLanguage\":\"de\"},{\"@type\":\"Organization\",\"@id\":\"https:\/\/www.kneipp-sachsen.de\/radebeul\/#organization\",\"name\":\"Kneipp Radebeul\",\"url\":\"https:\/\/www.kneipp-sachsen.de\/radebeul\/\",\"logo\":{\"@type\":\"ImageObject\",\"inLanguage\":\"de\",\"@id\":\"https:\/\/www.kneipp-sachsen.de\/radebeul\/#\/schema\/logo\/image\/\",\"url\":\"https:\/\/www.kneipp-sachsen.de\/radebeul\/wp-content\/uploads\/2024\/03\/Radebeul.png\",\"contentUrl\":\"https:\/\/www.kneipp-sachsen.de\/radebeul\/wp-content\/uploads\/2024\/03\/Radebeul.png\",\"width\":967,\"height\":758,\"caption\":\"Kneipp Radebeul\"},\"image\":{\"@id\":\"https:\/\/www.kneipp-sachsen.de\/radebeul\/#\/schema\/logo\/image\/\"}}]}<\/script>\n<!-- \/ Yoast SEO plugin. -->","yoast_head_json":{"title":"\u00dcber uns - Kneipp Radebeul","description":"\u00dcber uns Kneipp Radebeul","robots":{"index":"index","follow":"follow","max-snippet":"max-snippet:-1","max-image-preview":"max-image-preview:large","max-video-preview":"max-video-preview:-1"},"canonical":"https:\/\/www.kneipp-sachsen.de\/radebeul\/wer-wir-sind-kneipp-radebeul\/ueber-uns-kneipp-radebeul\/","og_locale":"de_DE","og_type":"article","og_title":"\u00dcber uns - Kneipp Radebeul","og_description":"\u00dcber uns Kneipp Radebeul","og_url":"https:\/\/www.kneipp-sachsen.de\/radebeul\/wer-wir-sind-kneipp-radebeul\/ueber-uns-kneipp-radebeul\/","og_site_name":"Kneipp Radebeul","article_modified_time":"2024-03-08T15:26:52+00:00","twitter_card":"summary_large_image","twitter_misc":{"Gesch\u00e4tzte Lesezeit":"3\u00a0Minuten"},"schema":{"@context":"https:\/\/schema.org","@graph":[{"@type":"WebPage","@id":"https:\/\/www.kneipp-sachsen.de\/radebeul\/wer-wir-sind-kneipp-radebeul\/ueber-uns-kneipp-radebeul\/","url":"https:\/\/www.kneipp-sachsen.de\/radebeul\/wer-wir-sind-kneipp-radebeul\/ueber-uns-kneipp-radebeul\/","name":"\u00dcber uns - Kneipp Radebeul","isPartOf":{"@id":"https:\/\/www.kneipp-sachsen.de\/radebeul\/#website"},"datePublished":"2021-12-08T21:45:05+00:00","dateModified":"2024-03-08T15:26:52+00:00","description":"\u00dcber uns Kneipp Radebeul","breadcrumb":{"@id":"https:\/\/www.kneipp-sachsen.de\/radebeul\/wer-wir-sind-kneipp-radebeul\/ueber-uns-kneipp-radebeul\/#breadcrumb"},"inLanguage":"de","potentialAction":[{"@type":"ReadAction","target":["https:\/\/www.kneipp-sachsen.de\/radebeul\/wer-wir-sind-kneipp-radebeul\/ueber-uns-kneipp-radebeul\/"]}]},{"@type":"BreadcrumbList","@id":"https:\/\/www.kneipp-sachsen.de\/radebeul\/wer-wir-sind-kneipp-radebeul\/ueber-uns-kneipp-radebeul\/#breadcrumb","itemListElement":[{"@type":"ListItem","position":1,"name":"Startseite","item":"https:\/\/www.kneipp-sachsen.de\/radebeul\/"},{"@type":"ListItem","position":2,"name":"Wer wir sind","item":"https:\/\/www.kneipp-sachsen.de\/radebeul\/wer-wir-sind-kneipp-radebeul\/"},{"@type":"ListItem","position":3,"name":"\u00dcber uns"}]},{"@type":"WebSite","@id":"https:\/\/www.kneipp-sachsen.de\/radebeul\/#website","url":"https:\/\/www.kneipp-sachsen.de\/radebeul\/","name":"Kneipp Radebeul","description":"Eine weitere WordPress-Website","publisher":{"@id":"https:\/\/www.kneipp-sachsen.de\/radebeul\/#organization"},"potentialAction":[{"@type":"SearchAction","target":{"@type":"EntryPoint","urlTemplate":"https:\/\/www.kneipp-sachsen.de\/radebeul\/?s={search_term_string}"},"query-input":{"@type":"PropertyValueSpecification","valueRequired":true,"valueName":"search_term_string"}}],"inLanguage":"de"},{"@type":"Organization","@id":"https:\/\/www.kneipp-sachsen.de\/radebeul\/#organization","name":"Kneipp Radebeul","url":"https:\/\/www.kneipp-sachsen.de\/radebeul\/","logo":{"@type":"ImageObject","inLanguage":"de","@id":"https:\/\/www.kneipp-sachsen.de\/radebeul\/#\/schema\/logo\/image\/","url":"https:\/\/www.kneipp-sachsen.de\/radebeul\/wp-content\/uploads\/2024\/03\/Radebeul.png","contentUrl":"https:\/\/www.kneipp-sachsen.de\/radebeul\/wp-content\/uploads\/2024\/03\/Radebeul.png","width":967,"height":758,"caption":"Kneipp Radebeul"},"image":{"@id":"https:\/\/www.kneipp-sachsen.de\/radebeul\/#\/schema\/logo\/image\/"}}]}},"builder_content":"<h2>Vereinsgeschichte<br\/><\/h2>\n<p style=\"font-family: Arial, Helvetica, sans-serif;\"><em>Die ersten Aktivit\u00e4ten zur Gr\u00fcndung des Kneipp-Vereins lagen in den H\u00e4nden von Frau Edith Neumann. Durch die Verbindung unserer Heimatstadt zur Partnerstadt St. Ingbert ergaben sich erste Gespr\u00e4che zur Gr\u00fcndung eines Kneipp-Vereins in Radebeul.<\/em><\/p> <p style=\"font-family: Arial, Helvetica, sans-serif;\"><em style=\"font-size: 1em;\">Der Kneipp-Verein Radebeul e.V. wurde am 19.10.1990 in Radebeul im Klubhaus Heiterer Blick als erster Kneipp-Verein im neuen Freistatt Sachsen gegr\u00fcndet.<\/em><\/p> <p style=\"font-family: Arial, Helvetica, sans-serif;\"><em>Die Vertreter des Kneipp-Bundes Bad W\u00f6rishofen waren anwesend. Der Verein begann mit 26 Gr\u00fcndungsmitgliedern seine aktive T\u00e4tigkeit.<\/em><\/p> <p style=\"font-family: Arial, Helvetica, sans-serif;\"><em>Frau Heidrun Kahlert wurde als Vorsitzende und Herr Rainer Scheppan als Stellvertreter des Kneipp-Vereins Radebeul e.V. gew\u00e4hlt.<\/em><\/p> <p style=\"font-family: Arial, Helvetica, sans-serif;\"><em>Nach \u00fcber zwanzig Jahren erfolgreicher Arbeit und inzwischen 100 Mitgliedern f\u00fchrte von 2012 bis 2022 Herr Dr. Wiegand als Vorsitzender den Verein an.\u00a0<\/em><\/p> <p style=\"font-family: Arial, Helvetica, sans-serif;\"><em>Frau Manuela Hamann \u00fcbernahm die Stellvertretung. In 2022 \u00fcbernahm sie den Vorsitz und Frau Christine Thiemig wurde zur Stellvertreterin gew\u00e4hlt.<\/em><\/p> <p style=\"font-family: Arial, Helvetica, sans-serif;\"><em>Der Vorstand und der Beirat treffen sich regelm\u00e4ssig monatlich im Vereinshaus der Stadt Radebeul, um die Gestaltung des Verreinslebens zu beraten und durchzuf\u00fchren.<\/em><\/p> <p style=\"font-family: Arial, Helvetica, sans-serif;\">\u00a0<\/p>\n<h2>Aufgaben<br\/><\/h2>\n<p style=\"font-family: Arial, Helvetica, sans-serif;\"><em>Allen Menschen, nicht nur unseren Mitgliedern, den Einstieg in eine gesunde Lebensweise nahe zu bringen und die Lehre Sebastian Kneipps zug\u00e4nglich zu machen.<\/em><\/p> <p><em>Durch Sportangebote, Vortr\u00e4ge und Wanderungen werden gesundheitsorientierte Aktivit\u00e4ten gef\u00f6rdert.<\/em><\/p> <p><em>Das Gesundheitsbewusstsein und Gesundheitsverhalten zu f\u00f6rdern, vor allem auch jungen Menschen wie in Kindertagesst\u00e4tten. So bestehen mit dem Kindergarten \u201eRadebeuler Spatzen\u201c enge Kontakte.<\/em><br><em>Der Kneipp-Verein Radebeul e.V. ist Mitglied im Kreissportbund Mei\u00dfen e.V., und im Landessportbund Sachsen e.V.\u00a0<\/em><em>Dachverband ist der Kneipp-Bund e.V.\u00a0<\/em><\/p> <p style=\"font-family: Arial, Helvetica, sans-serif;\"><em>Unsere Angebote sind f\u00fcr jedermann \u2013 auch f\u00fcr Nichtmitglieder \u2013 offen.<\/em><\/p> <p style=\"font-family: Arial, Helvetica, sans-serif;\"><em>Der Radebeuler Kneipp-Verein arbeitet mit vielen Organisationen zusammen.<\/em><\/p>","_links":{"self":[{"href":"https:\/\/www.kneipp-sachsen.de\/radebeul\/wp-json\/wp\/v2\/pages\/56","targetHints":{"allow":["GET"]}}],"collection":[{"href":"https:\/\/www.kneipp-sachsen.de\/radebeul\/wp-json\/wp\/v2\/pages"}],"about":[{"href":"https:\/\/www.kneipp-sachsen.de\/radebeul\/wp-json\/wp\/v2\/types\/page"}],"author":[{"embeddable":true,"href":"https:\/\/www.kneipp-sachsen.de\/radebeul\/wp-json\/wp\/v2\/users\/5"}],"replies":[{"embeddable":true,"href":"https:\/\/www.kneipp-sachsen.de\/radebeul\/wp-json\/wp\/v2\/comments?post=56"}],"version-history":[{"count":27,"href":"https:\/\/www.kneipp-sachsen.de\/radebeul\/wp-json\/wp\/v2\/pages\/56\/revisions"}],"predecessor-version":[{"id":843,"href":"https:\/\/www.kneipp-sachsen.de\/radebeul\/wp-json\/wp\/v2\/pages\/56\/revisions\/843"}],"up":[{"embeddable":true,"href":"https:\/\/www.kneipp-sachsen.de\/radebeul\/wp-json\/wp\/v2\/pages\/54"}],"wp:attachment":[{"href":"https:\/\/www.kneipp-sachsen.de\/radebeul\/wp-json\/wp\/v2\/media?parent=56"}],"curies":[{"name":"wp","href":"https:\/\/api.w.org\/{rel}","templated":true}]}}