{"id":782,"date":"2024-03-08T11:28:16","date_gmt":"2024-03-08T10:28:16","guid":{"rendered":"https:\/\/www.kneipp-sachsen.de\/radebeul\/programm-1-halbjahr-2024-copy\/"},"modified":"2026-04-14T15:48:19","modified_gmt":"2026-04-14T13:48:19","slug":"aktuelles-kneipp-radebeul","status":"publish","type":"page","link":"https:\/\/www.kneipp-sachsen.de\/radebeul\/aktuelles-kneipp-radebeul\/","title":{"rendered":"Aktuelles"},"content":{"rendered":"<!--themify_builder_content-->\n<div id=\"themify_builder_content-782\" data-postid=\"782\" class=\"themify_builder_content themify_builder_content-782 themify_builder tf_clear\">\n                    <div  data-lazy=\"1\" class=\"module_row themify_builder_row tb_olgt280 tb_first tf_w\">\n                        <div class=\"row_inner col_align_top tb_col_count_1 tf_box tf_rel\">\n                        <div  data-lazy=\"1\" class=\"module_column tb-column col-full tb_s2b0145 first\">\n                            <div  data-lazy=\"1\" class=\"module_subrow themify_builder_sub_row tf_w col_align_top tb_col_count_1 tb_o2iu119\">\n                <div  data-lazy=\"1\" class=\"module_column sub_column col-full tb_sdm6080 first\">\n                    <!-- module fancy heading -->\n<div  class=\"module module-fancy-heading tb_hzb4080  tb_hide_divider\" data-lazy=\"1\" id=\"kneippbadschlema1\">\n        <h1 class=\"fancy-heading tf_textc\">\n    <span class=\"main-head tf_block\">\n                    Aktuelles            <\/span>\n\n    \n    <span class=\"sub-head tf_block tf_rel\">\n                                <\/span>\n    <\/h1>\n<\/div>\n<!-- \/module fancy heading -->\n        <\/div>\n                    <\/div>\n                <\/div>\n                        <\/div>\n        <\/div>\n                        <div  data-lazy=\"1\" class=\"module_row themify_builder_row tb_u6rn005 tf_w\">\n                        <div class=\"row_inner col_align_top tb_col_count_1 tf_box tf_rel\">\n                        <div  data-lazy=\"1\" class=\"module_column tb-column col-full tb_w07l450 first\">\n                            <div  data-lazy=\"1\" class=\"module_subrow themify_builder_sub_row tf_w col_align_top tb_col_count_1 tb_7yuu002\">\n                <div  data-lazy=\"1\" class=\"module_column sub_column col-full tb_8ctp828 first\">\n                    <!-- module divider -->\n<div  class=\"module tf_mw module-divider tb_es2q242 dotted   \" style=\"border-width: 1px;border-color: #666666;margin-bottom: 15px;\" data-lazy=\"1\" id=\"kneippbadschlema\">\n    <\/div>\n<!-- \/module divider -->\n        <\/div>\n                    <\/div>\n                <\/div>\n                        <\/div>\n        <\/div>\n                        <div  data-lazy=\"1\" class=\"module_row themify_builder_row tb_1k1s866 tf_w\">\n                        <div class=\"row_inner col_align_top tb_col_count_1 tf_box tf_rel\">\n                        <div  data-lazy=\"1\" class=\"module_column tb-column col-full tb_yjeo840 first\">\n                            <div  data-lazy=\"1\" class=\"module_subrow themify_builder_sub_row tf_w col_align_top tb_col_count_1 tb_j8pi248\">\n                <div  data-lazy=\"1\" class=\"module_column sub_column col-full tb_j5cv421 first\">\n                    <!-- module text -->\n<div  class=\"module module-text tb_scwk407   \" data-lazy=\"1\">\n        <div  class=\"tb_text_wrap\">\n        <h2 style=\"margin: 12pt 0cm;\"><span style=\"color: #025296; font-size: 40px; letter-spacing: -0.03em; text-align: justify;\">&#8212;&#8212;&#8212;&#8211;Programm 2026&#8212;&#8212;&#8212;-<\/span><\/h2>\n<div>\n<div class=\"module module-text tb_0dhn666\" style=\"transition-behavior: normal, normal, normal, normal, normal, normal, normal, normal, normal, normal, normal, normal; transition-duration: 0.5s, 0s, 0s, 0s, 0s, 0s, 0s, 0s, 0s, 0s, 0s, 0s; transition-timing-function: ease, ease, ease, ease, ease, ease, ease, ease, ease, ease, ease, ease; transition-delay: 0s, 0s, 0s, 0s, 0s, 0s, 0s, 0s, 0s, 0s, 0s, 0s;\">\n<div class=\"tb_text_wrap\">\n<div class=\"module module-text tb_8z2j596\" style=\"transition-behavior: normal, normal, normal, normal, normal, normal, normal, normal, normal, normal, normal, normal; transition-duration: 0.5s, 0s, 0s, 0s, 0s, 0s, 0s, 0s, 0s, 0s, 0s, 0s; transition-timing-function: ease, ease, ease, ease, ease, ease, ease, ease, ease, ease, ease, ease; transition-delay: 0s, 0s, 0s, 0s, 0s, 0s, 0s, 0s, 0s, 0s, 0s, 0s;\">\n<div class=\"tb_text_wrap\">\n<div>\n<div class=\"module module-text tb_ao76606\" style=\"transition-behavior: normal, normal, normal, normal, normal, normal, normal, normal, normal, normal, normal, normal; transition-duration: 0.5s, 0s, 0s, 0s, 0s, 0s, 0s, 0s, 0s, 0s, 0s, 0s; transition-timing-function: ease, ease, ease, ease, ease, ease, ease, ease, ease, ease, ease, ease; transition-delay: 0s, 0s, 0s, 0s, 0s, 0s, 0s, 0s, 0s, 0s, 0s, 0s;\">\n<div class=\"tb_text_wrap\">\n<div>\n<p style=\"margin: 0cm; line-height: 24px;\"><span style=\"font-size: 1em;\">\u00a0<\/span><\/p>\n<\/div>\n<\/div>\n<\/div>\n<\/div>\n<\/div>\n<\/div>\n<\/div>\n<\/div>\n<\/div>    <\/div>\n<\/div>\n<!-- \/module text --><!-- module text -->\n<div  class=\"module module-text tb_7rb3868   \" data-lazy=\"1\">\n        <div  class=\"tb_text_wrap\">\n        <h2 style=\"margin: 12pt 0cm;\"><b style=\"color: #025296; font-size: 40px; letter-spacing: -0.03em; text-align: justify; background-color: initial;\">April<\/b><\/h2>\n<div>\n<div class=\"module module-text tb_0dhn666\" style=\"transition-behavior: normal, normal, normal, normal, normal, normal, normal, normal, normal, normal, normal, normal; transition-duration: 0.5s, 0s, 0s, 0s, 0s, 0s, 0s, 0s, 0s, 0s, 0s, 0s; transition-timing-function: ease, ease, ease, ease, ease, ease, ease, ease, ease, ease, ease, ease; transition-delay: 0s, 0s, 0s, 0s, 0s, 0s, 0s, 0s, 0s, 0s, 0s, 0s;\">\n<div class=\"tb_text_wrap\">\n<div class=\"module module-text tb_8z2j596\" style=\"transition-behavior: normal, normal, normal, normal, normal, normal, normal, normal, normal, normal, normal, normal; transition-duration: 0.5s, 0s, 0s, 0s, 0s, 0s, 0s, 0s, 0s, 0s, 0s, 0s; transition-timing-function: ease, ease, ease, ease, ease, ease, ease, ease, ease, ease, ease, ease; transition-delay: 0s, 0s, 0s, 0s, 0s, 0s, 0s, 0s, 0s, 0s, 0s, 0s;\">\n<div class=\"tb_text_wrap\">\n<div>\n<div class=\"module module-text tb_etbb003\" style=\"transition-behavior: normal, normal, normal, normal, normal, normal, normal, normal, normal, normal, normal, normal; transition-duration: 0.5s, 0s, 0s, 0s, 0s, 0s, 0s, 0s, 0s, 0s, 0s, 0s; transition-timing-function: ease, ease, ease, ease, ease, ease, ease, ease, ease, ease, ease, ease; transition-delay: 0s, 0s, 0s, 0s, 0s, 0s, 0s, 0s, 0s, 0s, 0s, 0s;\">\n<div class=\"tb_text_wrap\">\n<div>\n<p class=\"MsoNormal\" style=\"font-size: 20px;\"><b style=\"font-size: 18.5962px;\"><span style=\"font-size: 12pt; line-height: 24px; font-family: Arial, sans-serif;\">Mittwoch, 15.04.2026<\/span><\/b><\/p>\n<p class=\"MsoNormal\" style=\"font-size: 20px;\"><span style=\"font-family: Arial, sans-serif; font-size: 12pt;\">Workshop:<\/span><span style=\"font-family: Arial, sans-serif; font-size: 12pt;\">\u00a0\u00a0\u00a0\u00a0\u00a0<\/span><b style=\"font-family: Arial, sans-serif; font-size: 12pt;\">\u201eFermentieren Teil 2 \u2013 Getr\u00e4nke \u201e<\/b><span style=\"font-family: Arial, sans-serif; font-size: 12pt;\">\u00a0(max. 15 Pers.)\u00a0 \u00a0 \u00a0 \u00a0 \u00a0 \u00a0 \u00a0 \u00a0 \u00a0 \u00a0 \u00a0 \u00a0 \u00a0 \u00a0<\/span><span style=\"font-family: Arial, sans-serif; font-size: 12pt;\">Im Sommer sind selbst fermentierte Limonaden ein Genuss;<\/span><\/p>\n<p class=\"MsoNormal\" style=\"margin-bottom: 0cm; font-size: 20px; line-height: 30px;\"><span style=\"font-family: Arial, sans-serif; font-size: 12pt;\">18:00 Uhr\u00a0<\/span><span style=\"font-family: Arial, sans-serif; font-size: 12pt;\">\u00a0 \u00a0 \u00a0 \u00a0 \u00a0 \u00a0 \u00a0 \u00a0<\/span><span style=\"font-family: Arial, sans-serif; font-size: 12pt;\">Vereinshaus Radebeul, Dr. \u2013 K\u00fclz \u2013 Str. 4<\/span><\/p>\n<p class=\"MsoNormal\" style=\"margin: 0cm 0cm 0cm 106.2pt; font-size: 20px; text-indent: -106.2pt; line-height: 30px;\"><span style=\"font-size: 12pt; line-height: 24px; font-family: Arial, sans-serif;\">Referent:\u00a0 \u00a0 \u00a0 \u00a0 \u00a0 \u00a0 \u00a0 \u00a0 \u00a0Frau Bianca Nicolai \u2013 \u00e4rztlich gepr\u00fcfte Gesundheitsberaterin<br>und ganzheitliche Ern\u00e4hrungsberaterin GGB<\/span><\/p>\n<p class=\"MsoNormal\" style=\"margin-bottom: 0cm; font-size: 20px; line-height: 30px;\"><span style=\"font-size: 12pt; line-height: 24px; font-family: Arial, sans-serif;\">Materialkosten: \u00a0\u00a0\u00a0\u00a0\u00a0\u00a0 12,00 \u20ac<\/span><\/p>\n<p class=\"MsoNormal\" style=\"margin-bottom: 0cm; font-size: 20px; line-height: 30px;\"><span style=\"font-size: 12pt; line-height: 24px; font-family: Arial, sans-serif;\">Unkostenbeitrag\u00a0\u00a0\u00a0\u00a0\u00a0 Mg.: 6,00 \u20ac, Nmg.: 10,00 \u20ac<\/span><\/p>\n<p class=\"MsoNormal\" style=\"margin-bottom: 0cm; font-size: 20px; line-height: 30px;\"><b><span style=\"font-size: 12pt; line-height: 24px; font-family: Arial, sans-serif;\">Anmeldung:\u00a0<\/span><\/b><span style=\"font-size: 12pt; line-height: 24px; font-family: Arial, sans-serif;\">bis 13.04.2026 bei Frau Steffi Hanke, Handy: 0151-500 12 888<\/span><\/p>\n<p class=\"MsoNormal\" style=\"margin-bottom: 0cm; font-size: 20px; line-height: 30px;\"><b><span style=\"font-size: 12pt; line-height: 24px; font-family: Arial, sans-serif;\">\u00a0\u2014\u2014\u2014\u2014\u2014\u2014\u2014\u2014\u2014\u2014\u2014\u2014\u2014\u2014\u2014\u2014\u2014\u2014\u2014\u2014\u2014\u2014\u2014\u2014\u2014\u2014\u2014\u2014\u2014\u2014\u2014\u2014\u2014\u2014-<\/span><\/b><\/p>\n<p class=\"MsoNormal\" style=\"margin-bottom: 0cm; font-size: 20px; line-height: 30px;\"><b><span style=\"font-size: 12pt; line-height: 24px; font-family: Arial, sans-serif;\">Sonntag, 19.04.2026<\/span><\/b><\/p>\n<p class=\"MsoNormal\" style=\"margin-bottom: 0cm; font-size: 20px; line-height: 30px;\"><b><span style=\"font-size: 12pt; line-height: 24px; font-family: Arial, sans-serif;\">Theaterbesuch: \u201eDer Liebestrank\u201c,\u00a0<\/span><\/b><span style=\"font-size: 12pt; line-height: 24px; font-family: Arial, sans-serif;\">Oper von Gaetano Donizetti<\/span><\/p>\n<p class=\"MsoNormal\" style=\"margin-bottom: 0cm; font-size: 20px; line-height: 30px;\"><span style=\"font-family: Arial, sans-serif; font-size: 12pt;\">Ort:<\/span><span style=\"font-family: Arial, sans-serif; font-size: 12pt;\">\u00a0 \u00a0 \u00a0 \u00a0 \u00a0 \u00a0 \u00a0 \u00a0 \u00a0 \u00a0 \u00a0 \u00a0 \u00a0 \u00a0\u00a0<\/span><span style=\"font-family: Arial, sans-serif; font-size: 12pt;\">Landesb\u00fchnen Sachsen<\/span><\/p>\n<p class=\"MsoNormal\" style=\"margin-bottom: 0cm; font-size: 20px; line-height: 30px;\"><span style=\"font-size: 12pt; line-height: 24px; font-family: Arial, sans-serif;\">Beginn:\u00a0\u00a0\u00a0\u00a0\u00a0\u00a0\u00a0\u00a0\u00a0\u00a0\u00a0\u00a0\u00a0\u00a0\u00a0\u00a0\u00a0\u00a0\u00a0\u00a0\u00a0 15:00 Uhr<\/span><\/p>\n<p class=\"MsoNormal\" style=\"margin-bottom: 0cm; font-size: 20px; line-height: 30px;\"><span style=\"font-size: 12pt; line-height: 24px; font-family: Arial, sans-serif;\">Kosten:\u00a0\u00a0\u00a0\u00a0\u00a0\u00a0\u00a0\u00a0\u00a0\u00a0\u00a0\u00a0\u00a0\u00a0\u00a0\u00a0\u00a0\u00a0\u00a0\u00a0\u00a0 25,00 \u20ac Vollzahler, 22,00 \u20ac Rentner<\/span><\/p>\n<p class=\"MsoNormal\" style=\"margin-bottom: 0cm; font-size: 20px; line-height: 30px;\"><b><span style=\"font-size: 12pt; line-height: 24px; font-family: Arial, sans-serif;\">Anmeldung<\/span><\/b><span style=\"font-size: 12pt; line-height: 24px; font-family: Arial, sans-serif;\">: bis\u00a0<b>24.02.2026<\/b>\u00a0bei Frau Hentzschel 0351-2189544 (AB)<\/span><\/p>\n<p class=\"MsoNormal\" style=\"margin-bottom: 0cm; font-size: 20px; line-height: 30px;\"><b><span style=\"font-size: 12pt; line-height: 24px; font-family: Arial, sans-serif;\">\u00a0\u2014\u2014\u2014\u2014\u2014\u2014\u2014\u2014\u2014\u2014\u2014\u2014\u2014\u2014\u2014\u2014\u2014\u2014\u2014\u2014\u2014\u2014\u2014\u2014\u2014\u2014\u2014\u2014\u2014\u2014\u2014\u2014\u2014\u2014\u2013<\/span><\/b><\/p>\n<p class=\"MsoNormal\" style=\"margin-bottom: 0cm; font-size: 20px; line-height: 30px;\"><b><span style=\"font-size: 12pt; line-height: 24px; font-family: Arial, sans-serif;\">Mittwoch 22.04.2026<\/span><\/b><\/p>\n<p class=\"MsoNormal\" style=\"margin-bottom: 0cm; font-size: 20px; line-height: 30px;\"><b><span style=\"font-size: 12pt; line-height: 24px; font-family: Arial, sans-serif;\">\u201eSpaziergang durch den Altkaditzer Dorfkern\u201c<\/span><\/b><\/p>\n<p class=\"MsoNormal\" style=\"margin-bottom: 0cm; font-size: 20px; line-height: 30px;\"><span style=\"font-size: 12pt; line-height: 24px; font-family: Arial, sans-serif;\">Wanderstrecke ca. 2 km<\/span><\/p>\n<p class=\"MsoNormal\" style=\"margin-bottom: 0cm; font-size: 20px; line-height: 30px;\"><span style=\"font-family: Arial, sans-serif; font-size: 12pt;\">14:00 Uhr<\/span><span style=\"font-family: Arial, sans-serif; font-size: 12pt;\">\u00a0\u00a0\u00a0\u00a0\u00a0\u00a0\u00a0\u00a0\u00a0\u00a0\u00a0\u00a0\u00a0\u00a0\u00a0\u00a0\u00a0\u00a0<\/span><span style=\"font-family: Arial, sans-serif; font-size: 12pt;\">Treffpunkt Haltestelle Riegelplatz (Li. 9,13 + Bus 64)<\/span><\/p>\n<p class=\"MsoNormal\" style=\"margin-bottom: 0cm; font-size: 20px; line-height: 30px;\"><span style=\"font-size: 12pt; line-height: 24px; font-family: Arial, sans-serif;\">Fahrschein:\u00a0\u00a0\u00a0\u00a0\u00a0\u00a0\u00a0\u00a0\u00a0\u00a0\u00a0\u00a0\u00a0\u00a0 individuell<\/span><\/p>\n<p class=\"MsoNormal\" style=\"margin-bottom: 0cm; font-size: 20px; line-height: 30px;\"><b><span style=\"font-size: 12pt; line-height: 24px; font-family: Arial, sans-serif;\">Achtung: Treffpunkt beachten!!!<\/span><\/b><\/p>\n<p class=\"MsoNormal\" style=\"margin-bottom: 0cm; font-size: 20px; line-height: 30px;\"><b><span style=\"font-size: 12pt; line-height: 24px; font-family: Arial, sans-serif;\">Anmeldung<\/span><\/b><span style=\"font-size: 12pt; line-height: 24px; font-family: Arial, sans-serif;\">: bis 20.04.2026 bei Frau Thiemig 0351-8581639 (AB)<\/span><\/p>\n<p class=\"MsoNormal\" style=\"margin-bottom: 0cm; font-size: 20px; line-height: 30px;\"><b><span style=\"font-size: 12pt; line-height: 24px; font-family: Arial, sans-serif;\">\u00a0\u2014\u2014\u2014\u2014\u2014\u2014\u2014\u2014\u2014\u2014\u2014\u2014\u2014\u2014\u2014\u2014\u2014\u2014\u2014\u2014\u2014\u2014\u2014\u2014\u2014\u2014\u2014\u2014\u2014\u2014\u2014\u2014\u2014\u2014\u2013<\/span><\/b><\/p>\n<p class=\"MsoNormal\" style=\"margin-bottom: 0cm; font-size: 20px; line-height: 30px;\"><b><span style=\"font-size: 12pt; line-height: 24px; font-family: Arial, sans-serif;\">Sonntag, 26.04.2026<\/span><\/b><\/p>\n<p class=\"MsoNormal\" style=\"margin-bottom: 0cm; font-size: 20px; line-height: 30px;\"><b><span style=\"font-size: 12pt; line-height: 24px; font-family: Arial, sans-serif;\">\u201eWanderung rund um den Keulenberg, auf dem Gr\u00e4fenhainer Wanderschuh\u201c<\/span><\/b><\/p>\n<p class=\"MsoNormal\" style=\"margin-bottom: 0cm; font-size: 20px; line-height: 30px;\"><span style=\"font-size: 12pt; line-height: 24px; font-family: Arial, sans-serif;\">08:00 bis 17:30 Uhr<\/span><\/p>\n<p class=\"MsoNormal\" style=\"margin-bottom: 0cm; font-size: 20px; line-height: 30px;\"><span style=\"font-size: 12pt; line-height: 24px; font-family: Arial, sans-serif;\">Wanderstrecke ca. 14 km \u2013\u00a0<b>mittelschwer<\/b><\/span><\/p>\n<p class=\"MsoNormal\" style=\"margin-bottom: 0cm; font-size: 20px; line-height: 30px;\"><span style=\"font-size: 12pt; line-height: 24px; font-family: Arial, sans-serif;\">08:00 Uhr\u00a0 Treff Bahnhof Radebeul \u2013 Ost, Bstg<b><\/b><\/span><\/p>\n<p class=\"MsoNormal\" style=\"margin-bottom: 0cm; font-size: 20px; line-height: 30px;\"><span style=\"font-size: 12pt; line-height: 24px; font-family: Arial, sans-serif;\">08:10 Uhr\u00a0 \u00a0Fahrt mit S-Bahn nach Dresden-Neustadt, weiter nach Pulsnitz\u00a0 \u00a0 \u00a0 \u00a0 \u00a0 \u00a0 \u00a0 12:30 Uhr\u00a0 \u00a0Rast auf dem Keulenberg\u00a0 \u00a0 \u00a0 \u00a0 \u00a0\u00a0<\/span><\/p>\n<p class=\"MsoNormal\" style=\"margin-bottom: 0cm; font-size: 20px; line-height: 30px;\"><span style=\"font-size: 12pt; line-height: 24px; font-family: Arial, sans-serif;\">14:00 Uhr\u00a0 \u00a0Kofferradiomuseum in Gr\u00e4fenhain,Selbstzahler\u00a0<\/span><\/p>\n<p class=\"MsoNormal\" style=\"margin-bottom: 0cm; font-size: 20px; line-height: 30px;\"><b><span style=\"font-size: 12pt; line-height: 24px; font-family: Arial, sans-serif;\">Verpflegung:\u00a0\u00a0\u00a0\u00a0\u00a0\u00a0\u00a0\u00a0\u00a0\u00a0 aus dem Rucksack, Imbiss auf dem Keulenberg m\u00f6glich<\/span><\/b><\/p>\n<p class=\"MsoNormal\" style=\"margin-bottom: 0cm; font-size: 20px; line-height: 30px;\"><b><span style=\"font-size: 12pt; line-height: 24px; font-family: Arial, sans-serif;\">WL:\u00a0\u00a0\u00a0 \u00a0\u00a0\u00a0\u00a0\u00a0\u00a0\u00a0\u00a0\u00a0\u00a0\u00a0\u00a0\u00a0\u00a0\u00a0\u00a0\u00a0\u00a0\u00a0\u00a0\u00a0\u00a0\u00a0\u00a0<\/span><\/b><span style=\"font-size: 12pt; line-height: 24px; font-family: Arial, sans-serif;\">Astrid M\u00fcller-Wenzke<b><\/b><\/span><\/p>\n<p class=\"MsoNormal\" style=\"margin-bottom: 0cm; font-size: 20px; line-height: 30px;\"><b><span style=\"font-size: 12pt; line-height: 24px; font-family: Arial, sans-serif;\">Fahrschein:<\/span><\/b><span style=\"font-size: 12pt; line-height: 24px; font-family: Arial, sans-serif;\">\u00a0\u00a0\u00a0\u00a0\u00a0\u00a0\u00a0\u00a0\u00a0\u00a0\u00a0\u00a0 KGK f\u00fcr 5 Pers. oder Deutschlandticket<\/span><\/p>\n<p class=\"MsoNormal\" style=\"margin-bottom: 0cm; font-size: 20px; line-height: 24px;\">\u00a0<\/p>\n<p class=\"MsoNormal\" style=\"margin-bottom: 0cm; font-size: 20px; line-height: 30px;\"><b><span style=\"font-size: 12pt; line-height: 24px; font-family: Arial, sans-serif;\">Anmeldung:\u00a0<\/span><\/b><span style=\"font-size: 12pt; line-height: 24px; font-family: Arial, sans-serif;\">bis 24.04.2026 bei Frau Hamann Tel. 0351-8010455 (AB)<\/span><\/p>\n<\/div>\n<\/div>\n<\/div>\n<\/div>\n<\/div>\n<\/div>\n<\/div>\n<\/div>\n<\/div>    <\/div>\n<\/div>\n<!-- \/module text --><!-- module text -->\n<div  class=\"module module-text tb_7igd96   \" data-lazy=\"1\">\n        <div  class=\"tb_text_wrap\">\n        <h2 style=\"margin: 12pt 0cm;\">\u00a0&#8212;&#8212;&#8212;&#8212;&#8212;&#8212;&#8212;&#8212;&#8212;&#8212;&#8212;&#8212;&#8212;&#8212;&#8212;&#8212;-<\/h2>\n<div>\n<h2 style=\"margin: 12pt 0cm;\">Kneipp-Verein<b style=\"letter-spacing: -0.03em; background-color: initial;\">\u00a0<\/b><span style=\"letter-spacing: -0.03em; background-color: initial; font-weight: normal;\">Dresden\u00a0e.V.<\/span><b style=\"letter-spacing: -0.03em; background-color: initial;\">\u00a0 \u00a0 \u00a0\u00a0<\/b><\/h2>\n<p class=\"MsoNormal\" style=\"margin-bottom: 0cm; background-image: initial; background-position: initial; background-size: initial; background-repeat: initial; background-attachment: initial; background-origin: initial; background-clip: initial; line-height: 16.8pt;\"><span style=\"color: #333333; font-family: Arial, sans-serif; font-size: 12pt; letter-spacing: -0.25pt;\">Der Kneipp- Verein Dresden bietet ein interessantes Programm mit Reisen, Wanderungen, Workshops und Vortr\u00e4gen.<\/span><\/p>\n<p class=\"MsoNormal\" style=\"margin-bottom: 0cm; background-image: initial; background-position: initial; background-size: initial; background-repeat: initial; background-attachment: initial; background-origin: initial; background-clip: initial; line-height: 16.8pt;\"><span style=\"color: #333333; font-family: Arial, sans-serif; font-size: 12pt; letter-spacing: -0.25pt;\">Sie k\u00f6nnen es anschauen und herunterladen.<\/span><span style=\"color: #333333; font-family: Arial, sans-serif; font-size: 12pt; letter-spacing: -0.25pt;\">\u00a0<\/span><\/p>\n<p class=\"MsoNormal\" style=\"margin-bottom: 0cm; background-image: initial; background-position: initial; background-size: initial; background-repeat: initial; background-attachment: initial; background-origin: initial; background-clip: initial; line-height: 16.8pt;\">\u00a0<\/p>\n<\/div>    <\/div>\n<\/div>\n<!-- \/module text --><!-- module text -->\n<div  class=\"module module-text tb_9udy618   \" data-lazy=\"1\">\n        <div  class=\"tb_text_wrap\">\n        <h2 style=\"margin: 12pt 0cm;\">\u00a0&#8212;&#8212;&#8212;&#8212;&#8212;&#8212;&#8212;&#8212;&#8212;&#8212;&#8212;&#8212;&#8212;&#8212;&#8212;&#8212;-<\/h2>    <\/div>\n<\/div>\n<!-- \/module text --><!-- module text -->\n<div  class=\"module module-text tb_86mq64   \" data-lazy=\"1\">\n        <div  class=\"tb_text_wrap\">\n        <h1 style=\"margin: 12pt 0cm;\">Kneipp-Verein<b style=\"letter-spacing: -0.03em; background-color: initial;\"> Radebeul e.V.\u00a0 \u00a0 \u00a0 in eigener Sache<\/b><\/h1>\n<p class=\"MsoNormal\" style=\"margin-bottom: 0cm; line-height: 16.8pt; background-image: initial; background-position: initial; background-size: initial; background-repeat: initial; background-attachment: initial; background-origin: initial; background-clip: initial;\"><b><span style=\"font-size: 12.0pt; font-family: 'Arial',sans-serif; mso-fareast-font-family: 'Times New Roman'; color: #333333; letter-spacing: -.25pt; mso-font-kerning: 0pt; mso-ligatures: none; mso-fareast-language: DE;\">LIEBE KNEIPP-MITGLIEDER, LIEBE INTERESSENTEN UNSERES VEREINS<\/span><\/b><b><\/b><\/p>\n<p class=\"MsoNormal\" style=\"margin-bottom: 6pt; line-height: 16.8pt; background-image: initial; background-position: initial; background-size: initial; background-repeat: initial; background-attachment: initial; background-origin: initial; background-clip: initial;\"><span style=\"font-size: 12.0pt; font-family: 'Arial',sans-serif; mso-fareast-font-family: 'Times New Roman'; color: #333333; letter-spacing: -.25pt; mso-font-kerning: 0pt; mso-ligatures: none; mso-fareast-language: DE;\">\u00a0<\/span><\/p>\n<p class=\"MsoNormal\" style=\"margin-bottom: 6pt; line-height: 16.8pt; background-image: initial; background-position: initial; background-size: initial; background-repeat: initial; background-attachment: initial; background-origin: initial; background-clip: initial;\"><span style=\"font-size: 12.0pt; font-family: 'Arial',sans-serif; mso-fareast-font-family: 'Times New Roman'; color: #333333; letter-spacing: -.25pt; mso-font-kerning: 0pt; mso-ligatures: none; mso-fareast-language: DE;\">Um unseren Verein weiterhin am Leben zu erhalten, ben\u00f6tigen wir dringend:<\/span><\/p>\n<p class=\"MsoNormal\" style=\"margin-bottom: 0cm; line-height: 16.8pt; background-image: initial; background-position: initial; background-size: initial; background-repeat: initial; background-attachment: initial; background-origin: initial; background-clip: initial;\"><span style=\"font-size: 12.0pt; font-family: 'Arial',sans-serif; mso-fareast-font-family: 'Times New Roman'; color: #333333; letter-spacing: -.25pt; mso-font-kerning: 0pt; mso-ligatures: none; mso-fareast-language: DE;\">1. Einen zus\u00e4tzlichen Wanderleiter f\u00fcr 1-2 Wanderungen im Halbjahr<\/span><\/p>\n<p class=\"MsoNormal\" style=\"margin-bottom: 6pt; line-height: 16.8pt; background-image: initial; background-position: initial; background-size: initial; background-repeat: initial; background-attachment: initial; background-origin: initial; background-clip: initial;\"><span style=\"font-size: 12.0pt; font-family: 'Arial',sans-serif; mso-fareast-font-family: 'Times New Roman'; color: #333333; letter-spacing: -.25pt; mso-font-kerning: 0pt; mso-ligatures: none; mso-fareast-language: DE;\">2. Eine Vertretung f\u00fcr unsere \u00dcL bei Urlaub + Krankheit f\u00fcr das Sportangebot in der Schillerschule Dienstag 19:30-20:30 Uhr.<\/span><\/p>\n<p class=\"MsoNormal\" style=\"margin-bottom: 6pt; line-height: 16.8pt; background-image: initial; background-position: initial; background-size: initial; background-repeat: initial; background-attachment: initial; background-origin: initial; background-clip: initial;\"><span style=\"font-size: 12.0pt; font-family: 'Arial',sans-serif; mso-fareast-font-family: 'Times New Roman'; color: #333333; letter-spacing: -.25pt; mso-font-kerning: 0pt; mso-ligatures: none; mso-fareast-language: DE;\">3.\u00a0 Jederzeit auch neue Vereinsmitglieder (Mitglieder werben Mitglieder)<\/span><\/p>\n<p class=\"MsoNormal\" style=\"margin-bottom: 6pt; line-height: 16.8pt; background-image: initial; background-position: initial; background-size: initial; background-repeat: initial; background-attachment: initial; background-origin: initial; background-clip: initial;\"><span style=\"font-size: 12.0pt; font-family: 'Arial',sans-serif; mso-fareast-font-family: 'Times New Roman'; color: #333333; letter-spacing: -.25pt; mso-font-kerning: 0pt; mso-ligatures: none; mso-fareast-language: DE;\">Vielleicht kann sich jemand mit der gesundheitlichen Idee von Pfarrer Sebastian Kneipp (s. Website) begeistern und uns beim Erhalt unseres Vereines behilflich sein.<\/span><\/p>\n<p class=\"MsoNormal\" style=\"margin-bottom: 0cm; line-height: 16.8pt; background-image: initial; background-position: initial; background-size: initial; background-repeat: initial; background-attachment: initial; background-origin: initial; background-clip: initial;\"><span style=\"font-size: 12.0pt; font-family: 'Arial',sans-serif; mso-fareast-font-family: 'Times New Roman'; color: #333333; letter-spacing: -.25pt; mso-font-kerning: 0pt; mso-ligatures: none; mso-fareast-language: DE;\">Genauere Angaben dazu erteilt Ihnen Frau Hamann (Tel. 0351 \/ 8010455).<br><\/span><\/p>\n<p class=\"MsoNormal\" style=\"margin-bottom: 0cm; line-height: 16.8pt; background-image: initial; background-position: initial; background-size: initial; background-repeat: initial; background-attachment: initial; background-origin: initial; background-clip: initial;\"><span style=\"font-size: 12.0pt; font-family: 'Arial',sans-serif; mso-fareast-font-family: 'Times New Roman'; color: #333333; letter-spacing: -.25pt; mso-font-kerning: 0pt; mso-ligatures: none; mso-fareast-language: DE;\">\u00a0<\/span><\/p>\n<p class=\"MsoNormal\" style=\"margin-bottom: 0cm; line-height: 16.8pt; background-image: initial; background-position: initial; background-size: initial; background-repeat: initial; background-attachment: initial; background-origin: initial; background-clip: initial;\"><span style=\"font-size: 12.0pt; font-family: 'Arial',sans-serif; mso-fareast-font-family: 'Times New Roman'; color: #333333; letter-spacing: -.25pt; mso-font-kerning: 0pt; mso-ligatures: none; mso-fareast-language: DE;\">Bitte melden Sie sich telefonisch bei Frau Hamann oder per E-Mail an\u00a0<a href=\"mailto:radebeul@kneipp-sachsen.de\" target=\"_blank\" rel=\"noopener\"><span style=\"color: #596d85; border: none windowtext 1.0pt; mso-border-alt: none windowtext 0cm; padding: 0cm;\">radebeul@kneipp-sachsen.de<\/span><\/a><\/span><\/p>\n<h3 style=\"margin-top: 30px; margin-bottom: 0px; color: #333333; font-size: 1.6em; font-family: Helvetica, Arial, sans-serif;\"><span style=\"color: #666666; font-family: 'Public Sans', Arial, sans-serif; font-size: 1em; font-weight: normal;\">&#8212;&#8212;&#8212;&#8212;&#8212;&#8212;&#8212;&#8212;&#8212;&#8212;&#8212;&#8212;&#8212;&#8212;&#8212;&#8212;&#8212;&#8212;&#8212;&#8212;&#8212;&#8212;&#8212;&#8212;<\/span><span style=\"background-color: initial; color: #666666; font-family: 'Public Sans', Arial, sans-serif; font-size: 1em; font-weight: normal; letter-spacing: -0.03em;\">\u00a0<\/span><\/h3>    <\/div>\n<\/div>\n<!-- \/module text --><!-- module text -->\n<div  class=\"module module-text tb_a8it007   \" data-lazy=\"1\">\n        <div  class=\"tb_text_wrap\">\n        <p class=\"MsoNormal\" style=\"margin-bottom: 0cm; line-height: normal; background-image: initial; background-position: initial; background-size: initial; background-repeat: initial; background-attachment: initial; background-origin: initial; background-clip: initial;\">\u00a0<\/p>\n<p class=\"MsoNormal\"><span style=\"font-family: 'Arial',sans-serif;\">&#8211;<\/span><\/p>\n<p><span style=\"font-family: Arial, sans-serif; font-size: 12pt; text-align: left;\">\u00a0<\/span><span style=\"font-size: 1em;\">\u00a0<\/span><\/p>    <\/div>\n<\/div>\n<!-- \/module text -->        <\/div>\n                    <\/div>\n                <\/div>\n                        <\/div>\n        <\/div>\n        <\/div>\n<!--\/themify_builder_content-->","protected":false},"excerpt":{"rendered":"<p>&#8212;&#8212;&#8212;&#8211;Programm 2026&#8212;&#8212;&#8212;- \u00a0<\/p>\n","protected":false},"author":5,"featured_media":0,"parent":0,"menu_order":3,"comment_status":"closed","ping_status":"closed","template":"","meta":{"footnotes":"","advanced-sidebar-menu\/link-title":"","advanced-sidebar-menu\/exclude-page":false},"class_list":["post-782","page","type-page","status-publish","hentry","has-post-title","has-post-date","has-post-category","has-post-tag","has-post-comment","has-post-author",""],"yoast_head":"<!-- This site is optimized with the Yoast SEO plugin v24.7 - https:\/\/yoast.com\/wordpress\/plugins\/seo\/ -->\n<title>Aktuelles - Kneipp Radebeul<\/title>\n<meta name=\"description\" content=\"Aktuelles Kneipp Radebeul\" \/>\n<meta name=\"robots\" content=\"index, follow, max-snippet:-1, max-image-preview:large, max-video-preview:-1\" \/>\n<link rel=\"canonical\" href=\"https:\/\/www.kneipp-sachsen.de\/radebeul\/aktuelles-kneipp-radebeul\/\" \/>\n<meta property=\"og:locale\" content=\"de_DE\" \/>\n<meta property=\"og:type\" content=\"article\" \/>\n<meta property=\"og:title\" content=\"Aktuelles - Kneipp Radebeul\" \/>\n<meta property=\"og:description\" content=\"Aktuelles Kneipp Radebeul\" \/>\n<meta property=\"og:url\" content=\"https:\/\/www.kneipp-sachsen.de\/radebeul\/aktuelles-kneipp-radebeul\/\" \/>\n<meta property=\"og:site_name\" content=\"Kneipp Radebeul\" \/>\n<meta property=\"article:modified_time\" content=\"2026-04-14T13:48:19+00:00\" \/>\n<meta name=\"twitter:card\" content=\"summary_large_image\" \/>\n<meta name=\"twitter:label1\" content=\"Gesch\u00e4tzte Lesezeit\" \/>\n\t<meta name=\"twitter:data1\" content=\"6\u00a0Minuten\" \/>\n<script type=\"application\/ld+json\" class=\"yoast-schema-graph\">{\"@context\":\"https:\/\/schema.org\",\"@graph\":[{\"@type\":\"WebPage\",\"@id\":\"https:\/\/www.kneipp-sachsen.de\/radebeul\/aktuelles-kneipp-radebeul\/\",\"url\":\"https:\/\/www.kneipp-sachsen.de\/radebeul\/aktuelles-kneipp-radebeul\/\",\"name\":\"Aktuelles - Kneipp Radebeul\",\"isPartOf\":{\"@id\":\"https:\/\/www.kneipp-sachsen.de\/radebeul\/#website\"},\"datePublished\":\"2024-03-08T10:28:16+00:00\",\"dateModified\":\"2026-04-14T13:48:19+00:00\",\"description\":\"Aktuelles Kneipp Radebeul\",\"breadcrumb\":{\"@id\":\"https:\/\/www.kneipp-sachsen.de\/radebeul\/aktuelles-kneipp-radebeul\/#breadcrumb\"},\"inLanguage\":\"de\",\"potentialAction\":[{\"@type\":\"ReadAction\",\"target\":[\"https:\/\/www.kneipp-sachsen.de\/radebeul\/aktuelles-kneipp-radebeul\/\"]}]},{\"@type\":\"BreadcrumbList\",\"@id\":\"https:\/\/www.kneipp-sachsen.de\/radebeul\/aktuelles-kneipp-radebeul\/#breadcrumb\",\"itemListElement\":[{\"@type\":\"ListItem\",\"position\":1,\"name\":\"Startseite\",\"item\":\"https:\/\/www.kneipp-sachsen.de\/radebeul\/\"},{\"@type\":\"ListItem\",\"position\":2,\"name\":\"Aktuelles\"}]},{\"@type\":\"WebSite\",\"@id\":\"https:\/\/www.kneipp-sachsen.de\/radebeul\/#website\",\"url\":\"https:\/\/www.kneipp-sachsen.de\/radebeul\/\",\"name\":\"Kneipp Radebeul\",\"description\":\"Eine weitere WordPress-Website\",\"publisher\":{\"@id\":\"https:\/\/www.kneipp-sachsen.de\/radebeul\/#organization\"},\"potentialAction\":[{\"@type\":\"SearchAction\",\"target\":{\"@type\":\"EntryPoint\",\"urlTemplate\":\"https:\/\/www.kneipp-sachsen.de\/radebeul\/?s={search_term_string}\"},\"query-input\":{\"@type\":\"PropertyValueSpecification\",\"valueRequired\":true,\"valueName\":\"search_term_string\"}}],\"inLanguage\":\"de\"},{\"@type\":\"Organization\",\"@id\":\"https:\/\/www.kneipp-sachsen.de\/radebeul\/#organization\",\"name\":\"Kneipp Radebeul\",\"url\":\"https:\/\/www.kneipp-sachsen.de\/radebeul\/\",\"logo\":{\"@type\":\"ImageObject\",\"inLanguage\":\"de\",\"@id\":\"https:\/\/www.kneipp-sachsen.de\/radebeul\/#\/schema\/logo\/image\/\",\"url\":\"https:\/\/www.kneipp-sachsen.de\/radebeul\/wp-content\/uploads\/2024\/03\/Radebeul.png\",\"contentUrl\":\"https:\/\/www.kneipp-sachsen.de\/radebeul\/wp-content\/uploads\/2024\/03\/Radebeul.png\",\"width\":967,\"height\":758,\"caption\":\"Kneipp Radebeul\"},\"image\":{\"@id\":\"https:\/\/www.kneipp-sachsen.de\/radebeul\/#\/schema\/logo\/image\/\"}}]}<\/script>\n<!-- \/ Yoast SEO plugin. -->","yoast_head_json":{"title":"Aktuelles - Kneipp Radebeul","description":"Aktuelles Kneipp Radebeul","robots":{"index":"index","follow":"follow","max-snippet":"max-snippet:-1","max-image-preview":"max-image-preview:large","max-video-preview":"max-video-preview:-1"},"canonical":"https:\/\/www.kneipp-sachsen.de\/radebeul\/aktuelles-kneipp-radebeul\/","og_locale":"de_DE","og_type":"article","og_title":"Aktuelles - Kneipp Radebeul","og_description":"Aktuelles Kneipp Radebeul","og_url":"https:\/\/www.kneipp-sachsen.de\/radebeul\/aktuelles-kneipp-radebeul\/","og_site_name":"Kneipp Radebeul","article_modified_time":"2026-04-14T13:48:19+00:00","twitter_card":"summary_large_image","twitter_misc":{"Gesch\u00e4tzte Lesezeit":"6\u00a0Minuten"},"schema":{"@context":"https:\/\/schema.org","@graph":[{"@type":"WebPage","@id":"https:\/\/www.kneipp-sachsen.de\/radebeul\/aktuelles-kneipp-radebeul\/","url":"https:\/\/www.kneipp-sachsen.de\/radebeul\/aktuelles-kneipp-radebeul\/","name":"Aktuelles - Kneipp Radebeul","isPartOf":{"@id":"https:\/\/www.kneipp-sachsen.de\/radebeul\/#website"},"datePublished":"2024-03-08T10:28:16+00:00","dateModified":"2026-04-14T13:48:19+00:00","description":"Aktuelles Kneipp Radebeul","breadcrumb":{"@id":"https:\/\/www.kneipp-sachsen.de\/radebeul\/aktuelles-kneipp-radebeul\/#breadcrumb"},"inLanguage":"de","potentialAction":[{"@type":"ReadAction","target":["https:\/\/www.kneipp-sachsen.de\/radebeul\/aktuelles-kneipp-radebeul\/"]}]},{"@type":"BreadcrumbList","@id":"https:\/\/www.kneipp-sachsen.de\/radebeul\/aktuelles-kneipp-radebeul\/#breadcrumb","itemListElement":[{"@type":"ListItem","position":1,"name":"Startseite","item":"https:\/\/www.kneipp-sachsen.de\/radebeul\/"},{"@type":"ListItem","position":2,"name":"Aktuelles"}]},{"@type":"WebSite","@id":"https:\/\/www.kneipp-sachsen.de\/radebeul\/#website","url":"https:\/\/www.kneipp-sachsen.de\/radebeul\/","name":"Kneipp Radebeul","description":"Eine weitere WordPress-Website","publisher":{"@id":"https:\/\/www.kneipp-sachsen.de\/radebeul\/#organization"},"potentialAction":[{"@type":"SearchAction","target":{"@type":"EntryPoint","urlTemplate":"https:\/\/www.kneipp-sachsen.de\/radebeul\/?s={search_term_string}"},"query-input":{"@type":"PropertyValueSpecification","valueRequired":true,"valueName":"search_term_string"}}],"inLanguage":"de"},{"@type":"Organization","@id":"https:\/\/www.kneipp-sachsen.de\/radebeul\/#organization","name":"Kneipp Radebeul","url":"https:\/\/www.kneipp-sachsen.de\/radebeul\/","logo":{"@type":"ImageObject","inLanguage":"de","@id":"https:\/\/www.kneipp-sachsen.de\/radebeul\/#\/schema\/logo\/image\/","url":"https:\/\/www.kneipp-sachsen.de\/radebeul\/wp-content\/uploads\/2024\/03\/Radebeul.png","contentUrl":"https:\/\/www.kneipp-sachsen.de\/radebeul\/wp-content\/uploads\/2024\/03\/Radebeul.png","width":967,"height":758,"caption":"Kneipp Radebeul"},"image":{"@id":"https:\/\/www.kneipp-sachsen.de\/radebeul\/#\/schema\/logo\/image\/"}}]}},"builder_content":"<h1>Aktuelles<br\/><\/h1>\n\n<h2 style=\"margin: 12pt 0cm;\">-----------Programm 2026----------<\/h2>\n<p style=\"margin: 0cm; line-height: 24px;\">\u00a0<\/p>\n<h2 style=\"margin: 12pt 0cm;\"><b style=\"color: #025296; font-size: 40px; letter-spacing: -0.03em; text-align: justify; background-color: initial;\">April<\/b><\/h2>\n<p style=\"font-size: 20px;\"><b style=\"font-size: 18.5962px;\">Mittwoch, 15.04.2026<\/b><\/p> <p style=\"font-size: 20px;\">Workshop:\u00a0\u00a0\u00a0\u00a0\u00a0<b style=\"font-family: Arial, sans-serif; font-size: 12pt;\">\u201eFermentieren Teil 2 \u2013 Getr\u00e4nke \u201e<\/b>\u00a0(max. 15 Pers.)\u00a0 \u00a0 \u00a0 \u00a0 \u00a0 \u00a0 \u00a0 \u00a0 \u00a0 \u00a0 \u00a0 \u00a0 \u00a0 \u00a0Im Sommer sind selbst fermentierte Limonaden ein Genuss;<\/p> <p style=\"margin-bottom: 0cm; font-size: 20px; line-height: 30px;\">18:00 Uhr\u00a0\u00a0 \u00a0 \u00a0 \u00a0 \u00a0 \u00a0 \u00a0 \u00a0Vereinshaus Radebeul, Dr. \u2013 K\u00fclz \u2013 Str. 4<\/p> <p style=\"margin: 0cm 0cm 0cm 106.2pt; font-size: 20px; text-indent: -106.2pt; line-height: 30px;\">Referent:\u00a0 \u00a0 \u00a0 \u00a0 \u00a0 \u00a0 \u00a0 \u00a0 \u00a0Frau Bianca Nicolai \u2013 \u00e4rztlich gepr\u00fcfte Gesundheitsberaterin<br>und ganzheitliche Ern\u00e4hrungsberaterin GGB<\/p> <p style=\"margin-bottom: 0cm; font-size: 20px; line-height: 30px;\">Materialkosten: \u00a0\u00a0\u00a0\u00a0\u00a0\u00a0 12,00 \u20ac<\/p> <p style=\"margin-bottom: 0cm; font-size: 20px; line-height: 30px;\">Unkostenbeitrag\u00a0\u00a0\u00a0\u00a0\u00a0 Mg.: 6,00 \u20ac, Nmg.: 10,00 \u20ac<\/p> <p style=\"margin-bottom: 0cm; font-size: 20px; line-height: 30px;\"><b>Anmeldung:\u00a0<\/b>bis 13.04.2026 bei Frau Steffi Hanke, Handy: 0151-500 12 888<\/p> <p style=\"margin-bottom: 0cm; font-size: 20px; line-height: 30px;\"><b>\u00a0\u2014\u2014\u2014\u2014\u2014\u2014\u2014\u2014\u2014\u2014\u2014\u2014\u2014\u2014\u2014\u2014\u2014\u2014\u2014\u2014\u2014\u2014\u2014\u2014\u2014\u2014\u2014\u2014\u2014\u2014\u2014\u2014\u2014\u2014-<\/b><\/p> <p style=\"margin-bottom: 0cm; font-size: 20px; line-height: 30px;\"><b>Sonntag, 19.04.2026<\/b><\/p> <p style=\"margin-bottom: 0cm; font-size: 20px; line-height: 30px;\"><b>Theaterbesuch: \u201eDer Liebestrank\u201c,\u00a0<\/b>Oper von Gaetano Donizetti<\/p> <p style=\"margin-bottom: 0cm; font-size: 20px; line-height: 30px;\">Ort:\u00a0 \u00a0 \u00a0 \u00a0 \u00a0 \u00a0 \u00a0 \u00a0 \u00a0 \u00a0 \u00a0 \u00a0 \u00a0 \u00a0\u00a0Landesb\u00fchnen Sachsen<\/p> <p style=\"margin-bottom: 0cm; font-size: 20px; line-height: 30px;\">Beginn:\u00a0\u00a0\u00a0\u00a0\u00a0\u00a0\u00a0\u00a0\u00a0\u00a0\u00a0\u00a0\u00a0\u00a0\u00a0\u00a0\u00a0\u00a0\u00a0\u00a0\u00a0 15:00 Uhr<\/p> <p style=\"margin-bottom: 0cm; font-size: 20px; line-height: 30px;\">Kosten:\u00a0\u00a0\u00a0\u00a0\u00a0\u00a0\u00a0\u00a0\u00a0\u00a0\u00a0\u00a0\u00a0\u00a0\u00a0\u00a0\u00a0\u00a0\u00a0\u00a0\u00a0 25,00 \u20ac Vollzahler, 22,00 \u20ac Rentner<\/p> <p style=\"margin-bottom: 0cm; font-size: 20px; line-height: 30px;\"><b>Anmeldung<\/b>: bis\u00a0<b>24.02.2026<\/b>\u00a0bei Frau Hentzschel 0351-2189544 (AB)<\/p> <p style=\"margin-bottom: 0cm; font-size: 20px; line-height: 30px;\"><b>\u00a0\u2014\u2014\u2014\u2014\u2014\u2014\u2014\u2014\u2014\u2014\u2014\u2014\u2014\u2014\u2014\u2014\u2014\u2014\u2014\u2014\u2014\u2014\u2014\u2014\u2014\u2014\u2014\u2014\u2014\u2014\u2014\u2014\u2014\u2014\u2013<\/b><\/p> <p style=\"margin-bottom: 0cm; font-size: 20px; line-height: 30px;\"><b>Mittwoch 22.04.2026<\/b><\/p> <p style=\"margin-bottom: 0cm; font-size: 20px; line-height: 30px;\"><b>\u201eSpaziergang durch den Altkaditzer Dorfkern\u201c<\/b><\/p> <p style=\"margin-bottom: 0cm; font-size: 20px; line-height: 30px;\">Wanderstrecke ca. 2 km<\/p> <p style=\"margin-bottom: 0cm; font-size: 20px; line-height: 30px;\">14:00 Uhr\u00a0\u00a0\u00a0\u00a0\u00a0\u00a0\u00a0\u00a0\u00a0\u00a0\u00a0\u00a0\u00a0\u00a0\u00a0\u00a0\u00a0\u00a0Treffpunkt Haltestelle Riegelplatz (Li. 9,13 + Bus 64)<\/p> <p style=\"margin-bottom: 0cm; font-size: 20px; line-height: 30px;\">Fahrschein:\u00a0\u00a0\u00a0\u00a0\u00a0\u00a0\u00a0\u00a0\u00a0\u00a0\u00a0\u00a0\u00a0\u00a0 individuell<\/p> <p style=\"margin-bottom: 0cm; font-size: 20px; line-height: 30px;\"><b>Achtung: Treffpunkt beachten!!!<\/b><\/p> <p style=\"margin-bottom: 0cm; font-size: 20px; line-height: 30px;\"><b>Anmeldung<\/b>: bis 20.04.2026 bei Frau Thiemig 0351-8581639 (AB)<\/p> <p style=\"margin-bottom: 0cm; font-size: 20px; line-height: 30px;\"><b>\u00a0\u2014\u2014\u2014\u2014\u2014\u2014\u2014\u2014\u2014\u2014\u2014\u2014\u2014\u2014\u2014\u2014\u2014\u2014\u2014\u2014\u2014\u2014\u2014\u2014\u2014\u2014\u2014\u2014\u2014\u2014\u2014\u2014\u2014\u2014\u2013<\/b><\/p> <p style=\"margin-bottom: 0cm; font-size: 20px; line-height: 30px;\"><b>Sonntag, 26.04.2026<\/b><\/p> <p style=\"margin-bottom: 0cm; font-size: 20px; line-height: 30px;\"><b>\u201eWanderung rund um den Keulenberg, auf dem Gr\u00e4fenhainer Wanderschuh\u201c<\/b><\/p> <p style=\"margin-bottom: 0cm; font-size: 20px; line-height: 30px;\">08:00 bis 17:30 Uhr<\/p> <p style=\"margin-bottom: 0cm; font-size: 20px; line-height: 30px;\">Wanderstrecke ca. 14 km \u2013\u00a0<b>mittelschwer<\/b><\/p> <p style=\"margin-bottom: 0cm; font-size: 20px; line-height: 30px;\">08:00 Uhr\u00a0 Treff Bahnhof Radebeul \u2013 Ost, Bstg<b><\/b><\/p> <p style=\"margin-bottom: 0cm; font-size: 20px; line-height: 30px;\">08:10 Uhr\u00a0 \u00a0Fahrt mit S-Bahn nach Dresden-Neustadt, weiter nach Pulsnitz\u00a0 \u00a0 \u00a0 \u00a0 \u00a0 \u00a0 \u00a0 12:30 Uhr\u00a0 \u00a0Rast auf dem Keulenberg\u00a0 \u00a0 \u00a0 \u00a0 \u00a0\u00a0<\/p> <p style=\"margin-bottom: 0cm; font-size: 20px; line-height: 30px;\">14:00 Uhr\u00a0 \u00a0Kofferradiomuseum in Gr\u00e4fenhain,Selbstzahler\u00a0<\/p> <p style=\"margin-bottom: 0cm; font-size: 20px; line-height: 30px;\"><b>Verpflegung:\u00a0\u00a0\u00a0\u00a0\u00a0\u00a0\u00a0\u00a0\u00a0\u00a0 aus dem Rucksack, Imbiss auf dem Keulenberg m\u00f6glich<\/b><\/p> <p style=\"margin-bottom: 0cm; font-size: 20px; line-height: 30px;\"><b>WL:\u00a0\u00a0\u00a0 \u00a0\u00a0\u00a0\u00a0\u00a0\u00a0\u00a0\u00a0\u00a0\u00a0\u00a0\u00a0\u00a0\u00a0\u00a0\u00a0\u00a0\u00a0\u00a0\u00a0\u00a0\u00a0\u00a0\u00a0<\/b>Astrid M\u00fcller-Wenzke<b><\/b><\/p> <p style=\"margin-bottom: 0cm; font-size: 20px; line-height: 30px;\"><b>Fahrschein:<\/b>\u00a0\u00a0\u00a0\u00a0\u00a0\u00a0\u00a0\u00a0\u00a0\u00a0\u00a0\u00a0 KGK f\u00fcr 5 Pers. oder Deutschlandticket<\/p> <p style=\"margin-bottom: 0cm; font-size: 20px; line-height: 24px;\">\u00a0<\/p> <p style=\"margin-bottom: 0cm; font-size: 20px; line-height: 30px;\"><b>Anmeldung:\u00a0<\/b>bis 24.04.2026 bei Frau Hamann Tel. 0351-8010455 (AB)<\/p>\n<h2 style=\"margin: 12pt 0cm;\">\u00a0-------------------------------------------------<\/h2>\n<h2 style=\"margin: 12pt 0cm;\">Kneipp-Verein<b style=\"letter-spacing: -0.03em; background-color: initial;\">\u00a0<\/b>Dresden\u00a0e.V.<b style=\"letter-spacing: -0.03em; background-color: initial;\">\u00a0 \u00a0 \u00a0\u00a0<\/b><\/h2> <p style=\"margin-bottom: 0cm; background-image: initial; background-position: initial; background-size: initial; background-repeat: initial; background-attachment: initial; background-origin: initial; background-clip: initial; line-height: 16.8pt;\">Der Kneipp- Verein Dresden bietet ein interessantes Programm mit Reisen, Wanderungen, Workshops und Vortr\u00e4gen.<\/p> <p style=\"margin-bottom: 0cm; background-image: initial; background-position: initial; background-size: initial; background-repeat: initial; background-attachment: initial; background-origin: initial; background-clip: initial; line-height: 16.8pt;\">Sie k\u00f6nnen es anschauen und herunterladen.\u00a0<\/p> <p style=\"margin-bottom: 0cm; background-image: initial; background-position: initial; background-size: initial; background-repeat: initial; background-attachment: initial; background-origin: initial; background-clip: initial; line-height: 16.8pt;\">\u00a0<\/p>\n<h2 style=\"margin: 12pt 0cm;\">\u00a0-------------------------------------------------<\/h2>\n<h1 style=\"margin: 12pt 0cm;\">Kneipp-Verein<b style=\"letter-spacing: -0.03em; background-color: initial;\"> Radebeul e.V.\u00a0 \u00a0 \u00a0 in eigener Sache<\/b><\/h1> <p style=\"margin-bottom: 0cm; line-height: 16.8pt; background-image: initial; background-position: initial; background-size: initial; background-repeat: initial; background-attachment: initial; background-origin: initial; background-clip: initial;\"><b>LIEBE KNEIPP-MITGLIEDER, LIEBE INTERESSENTEN UNSERES VEREINS<\/b><b><\/b><\/p> <p style=\"margin-bottom: 6pt; line-height: 16.8pt; background-image: initial; background-position: initial; background-size: initial; background-repeat: initial; background-attachment: initial; background-origin: initial; background-clip: initial;\">\u00a0<\/p> <p style=\"margin-bottom: 6pt; line-height: 16.8pt; background-image: initial; background-position: initial; background-size: initial; background-repeat: initial; background-attachment: initial; background-origin: initial; background-clip: initial;\">Um unseren Verein weiterhin am Leben zu erhalten, ben\u00f6tigen wir dringend:<\/p> <p style=\"margin-bottom: 0cm; line-height: 16.8pt; background-image: initial; background-position: initial; background-size: initial; background-repeat: initial; background-attachment: initial; background-origin: initial; background-clip: initial;\">1. Einen zus\u00e4tzlichen Wanderleiter f\u00fcr 1-2 Wanderungen im Halbjahr<\/p> <p style=\"margin-bottom: 6pt; line-height: 16.8pt; background-image: initial; background-position: initial; background-size: initial; background-repeat: initial; background-attachment: initial; background-origin: initial; background-clip: initial;\">2. Eine Vertretung f\u00fcr unsere \u00dcL bei Urlaub + Krankheit f\u00fcr das Sportangebot in der Schillerschule Dienstag 19:30-20:30 Uhr.<\/p> <p style=\"margin-bottom: 6pt; line-height: 16.8pt; background-image: initial; background-position: initial; background-size: initial; background-repeat: initial; background-attachment: initial; background-origin: initial; background-clip: initial;\">3.\u00a0 Jederzeit auch neue Vereinsmitglieder (Mitglieder werben Mitglieder)<\/p> <p style=\"margin-bottom: 6pt; line-height: 16.8pt; background-image: initial; background-position: initial; background-size: initial; background-repeat: initial; background-attachment: initial; background-origin: initial; background-clip: initial;\">Vielleicht kann sich jemand mit der gesundheitlichen Idee von Pfarrer Sebastian Kneipp (s. Website) begeistern und uns beim Erhalt unseres Vereines behilflich sein.<\/p> <p style=\"margin-bottom: 0cm; line-height: 16.8pt; background-image: initial; background-position: initial; background-size: initial; background-repeat: initial; background-attachment: initial; background-origin: initial; background-clip: initial;\">Genauere Angaben dazu erteilt Ihnen Frau Hamann (Tel. 0351 \/ 8010455).<br><\/p> <p style=\"margin-bottom: 0cm; line-height: 16.8pt; background-image: initial; background-position: initial; background-size: initial; background-repeat: initial; background-attachment: initial; background-origin: initial; background-clip: initial;\">\u00a0<\/p> <p style=\"margin-bottom: 0cm; line-height: 16.8pt; background-image: initial; background-position: initial; background-size: initial; background-repeat: initial; background-attachment: initial; background-origin: initial; background-clip: initial;\">Bitte melden Sie sich telefonisch bei Frau Hamann oder per E-Mail an\u00a0<a href=\"mailto:radebeul@kneipp-sachsen.de\" target=\"_blank\" rel=\"noopener\">radebeul@kneipp-sachsen.de<\/a><\/p> <h3 style=\"margin-top: 30px; margin-bottom: 0px; color: #333333; font-size: 1.6em; font-family: Helvetica, Arial, sans-serif;\">------------------------------------------------------------------------\u00a0<\/h3>\n<p style=\"margin-bottom: 0cm; line-height: normal; background-image: initial; background-position: initial; background-size: initial; background-repeat: initial; background-attachment: initial; background-origin: initial; background-clip: initial;\">\u00a0<\/p> <p>-<\/p> <p>\u00a0\u00a0<\/p>","_links":{"self":[{"href":"https:\/\/www.kneipp-sachsen.de\/radebeul\/wp-json\/wp\/v2\/pages\/782","targetHints":{"allow":["GET"]}}],"collection":[{"href":"https:\/\/www.kneipp-sachsen.de\/radebeul\/wp-json\/wp\/v2\/pages"}],"about":[{"href":"https:\/\/www.kneipp-sachsen.de\/radebeul\/wp-json\/wp\/v2\/types\/page"}],"author":[{"embeddable":true,"href":"https:\/\/www.kneipp-sachsen.de\/radebeul\/wp-json\/wp\/v2\/users\/5"}],"replies":[{"embeddable":true,"href":"https:\/\/www.kneipp-sachsen.de\/radebeul\/wp-json\/wp\/v2\/comments?post=782"}],"version-history":[{"count":186,"href":"https:\/\/www.kneipp-sachsen.de\/radebeul\/wp-json\/wp\/v2\/pages\/782\/revisions"}],"predecessor-version":[{"id":1723,"href":"https:\/\/www.kneipp-sachsen.de\/radebeul\/wp-json\/wp\/v2\/pages\/782\/revisions\/1723"}],"wp:attachment":[{"href":"https:\/\/www.kneipp-sachsen.de\/radebeul\/wp-json\/wp\/v2\/media?parent=782"}],"curies":[{"name":"wp","href":"https:\/\/api.w.org\/{rel}","templated":true}]}}