{"id":807,"date":"2024-03-08T12:15:34","date_gmt":"2024-03-08T11:15:34","guid":{"rendered":"https:\/\/www.kneipp-sachsen.de\/radebeul\/programm-1-halbjahr-2024-copy\/"},"modified":"2026-02-11T13:16:49","modified_gmt":"2026-02-11T12:16:49","slug":"programm-2-halbjahr-2025-kneipp-radebeul","status":"publish","type":"page","link":"https:\/\/www.kneipp-sachsen.de\/radebeul\/programm-2-halbjahr-2025-kneipp-radebeul\/","title":{"rendered":"Programm zweites Halbjahr 2025 \/ Historie"},"content":{"rendered":"<!--themify_builder_content-->\n<div id=\"themify_builder_content-807\" data-postid=\"807\" class=\"themify_builder_content themify_builder_content-807 themify_builder tf_clear\">\n                    <div  data-lazy=\"1\" class=\"module_row themify_builder_row tb_8p3b589 tb_first tf_w\">\n                        <div class=\"row_inner col_align_top tb_col_count_1 tf_box tf_rel\">\n                        <div  data-lazy=\"1\" class=\"module_column tb-column col-full tb_u598526 first\">\n                            <div  data-lazy=\"1\" class=\"module_subrow themify_builder_sub_row tf_w col_align_top tb_col_count_1 tb_fwza659\">\n                <div  data-lazy=\"1\" class=\"module_column sub_column col-full tb_7ce4666 first\">\n                    <!-- module fancy heading -->\n<div  class=\"module module-fancy-heading tb_8ow7065  tb_hide_divider\" data-lazy=\"1\" id=\"kneippbadschlema1\">\n        <h1 class=\"fancy-heading tf_textc\">\n    <span class=\"main-head tf_block\">\n                    Programm 2. Halbjahr 2025            <\/span>\n\n    \n    <span class=\"sub-head tf_block tf_rel\">\n                                <\/span>\n    <\/h1>\n<\/div>\n<!-- \/module fancy heading -->\n        <\/div>\n                    <\/div>\n                <\/div>\n                        <\/div>\n        <\/div>\n                        <div  data-lazy=\"1\" class=\"module_row themify_builder_row tb_n3l3670 tf_w\">\n                        <div class=\"row_inner col_align_top tb_col_count_1 tf_box tf_rel\">\n                        <div  data-lazy=\"1\" class=\"module_column tb-column col-full tb_tn80906 first\">\n                            <div  data-lazy=\"1\" class=\"module_subrow themify_builder_sub_row tf_w col_align_top tb_col_count_1 tb_0r06009\">\n                <div  data-lazy=\"1\" class=\"module_column sub_column col-full tb_1xxg509 first\">\n                    <!-- module divider -->\n<div  class=\"module tf_mw module-divider tb_ui2i363 dotted   \" style=\"border-width: 1px;border-color: #666666;margin-bottom: 15px;\" data-lazy=\"1\" id=\"kneippbadschlema\">\n    <\/div>\n<!-- \/module divider -->\n        <\/div>\n                    <\/div>\n                <\/div>\n                        <\/div>\n        <\/div>\n                        <div  data-lazy=\"1\" class=\"module_row themify_builder_row tb_194k656 tf_w\">\n                        <div class=\"row_inner col_align_top tb_col_count_1 tf_box tf_rel\">\n                        <div  data-lazy=\"1\" class=\"module_column tb-column col-full tb_lwqv868 first\">\n                            <div  data-lazy=\"1\" class=\"module_subrow themify_builder_sub_row tf_w col_align_top tb_col_count_1 tb_9qec669\">\n                <div  data-lazy=\"1\" class=\"module_column sub_column col-full tb_a934960 first\">\n                    <!-- module text -->\n<div  class=\"module module-text tb_8z2j596   \" data-lazy=\"1\">\n        <div  class=\"tb_text_wrap\">\n        <h1 style=\"margin: 12.0pt 0cm 12.0pt 0cm;\">\u00a0August<\/h1>\n<div>\n<p class=\"MsoNormal\" style=\"margin-bottom: 0cm; line-height: 150%; tab-stops: 3.0cm;\"><b><span style=\"font-family: 'Arial',sans-serif;\">Sonntag, 31.08.2025<\/span><\/b><\/p>\n<p class=\"MsoNormal\" style=\"margin-bottom: 0cm; line-height: 150%; tab-stops: 3.0cm;\"><b><span style=\"font-family: 'Arial',sans-serif;\">\u00a0<\/span><\/b><\/p>\n<p class=\"MsoNormal\" style=\"margin-bottom: 0cm; line-height: 150%; tab-stops: 3.0cm;\"><span style=\"font-family: 'Arial',sans-serif;\">\u201e<b>Wanderung auf dem Caspar-David-Friedrich-Weg\u201c<\/b><\/span><\/p>\n<p class=\"MsoNormal\" style=\"margin-bottom: 0cm; line-height: 150%; tab-stops: 3.0cm;\"><span style=\"font-family: 'Arial',sans-serif;\">Wanderstrecke ca. 15 km \u2013 <b>mittelschwer \u00c4nderung der Strecke m\u00f6glich<\/b><\/span><\/p>\n<p class=\"MsoNormal\" style=\"margin-bottom: 0cm; line-height: 150%; tab-stops: 7.1pt;\"><span style=\"font-family: 'Arial',sans-serif;\">08:00 Uhr\u00a0\u00a0\u00a0\u00a0\u00a0\u00a0 Treff Bahnhof Radebeul \u2013 Ost, Bstg<b><\/b><\/span><\/p>\n<p class=\"MsoNormal\" style=\"margin-bottom: 0cm; line-height: 150%; tab-stops: 21.3pt;\"><span style=\"font-family: 'Arial',sans-serif;\">08:10Uhr\u00a0\u00a0\u00a0\u00a0\u00a0\u00a0\u00a0\u00a0 Fahrt mit S-Bahn nach Krippen<\/span><\/p>\n<p class=\"MsoNormal\" style=\"margin-bottom: 0cm; line-height: 150%; tab-stops: 70.9pt 3.0cm;\"><b><span style=\"font-family: 'Arial',sans-serif;\">Verpflegung aus dem Rucksack, Gasthaus m\u00f6glich<\/span><\/b><\/p>\n<p class=\"MsoNormal\" style=\"margin-bottom: 0cm; line-height: 150%; tab-stops: 1.0cm;\"><b><span style=\"font-family: 'Arial',sans-serif;\">Fahrschein:\u00a0\u00a0 <\/span><\/b><span style=\"font-family: 'Arial',sans-serif;\">KGK f\u00fcr 5 Pers. oder Deutschlandticket<\/span><\/p>\n<p class=\"MsoNormal\" style=\"margin-bottom: 0cm; line-height: 150%; tab-stops: 3.0cm;\"><b><span style=\"font-family: 'Arial',sans-serif;\">Anmeldung: <\/span><\/b><span style=\"font-family: 'Arial',sans-serif;\">bis 29.08.2025 bei Frau Hamann\u00a0 0351-8010455(AB)<\/span><\/p>\n<\/div>\n<div>\u00a0<\/div>    <\/div>\n<\/div>\n<!-- \/module text --><!-- module text -->\n<div  class=\"module module-text tb_evd5909   \" data-lazy=\"1\">\n        <div  class=\"tb_text_wrap\">\n        <h1 style=\"margin: 12.0pt 0cm 12.0pt 0cm;\">\u00a0September<\/h1>\n<div>\n<p class=\"MsoNormal\" style=\"margin-bottom: 0cm; line-height: 150%;\"><b><span style=\"font-family: 'Arial',sans-serif; color: black;\">Mittwoch, 10.09.2025<\/span><\/b><\/p>\n<p class=\"MsoNormal\" style=\"margin-bottom: 0cm; line-height: 150%;\"><b><span style=\"font-family: 'Arial',sans-serif; color: black;\">\u00a0<\/span><\/b><\/p>\n<p class=\"MsoNormal\" style=\"margin-bottom: 0cm; line-height: 150%;\"><b><span style=\"font-family: 'Arial',sans-serif; color: black;\">Ern\u00e4hrung: gesunde und sehr leckere Br\u00f6tchen im Handumdrehen selbst backen. <\/span><\/b><span style=\"font-family: 'Arial',sans-serif; color: black;\">(max. 15 Pers.)<\/span><\/p>\n<p class=\"MsoNormal\" style=\"margin-bottom: 0cm; line-height: 150%; tab-stops: 3.0cm;\"><span style=\"font-family: 'Arial',sans-serif; color: black;\">17:00 Uhr\u00a0\u00a0\u00a0\u00a0\u00a0\u00a0\u00a0\u00a0\u00a0\u00a0\u00a0 Vereinshaus, Dr.-K\u00fclz-Str. 4;<\/span><\/p>\n<p class=\"MsoNormal\" style=\"margin-bottom: 0cm; line-height: 150%; tab-stops: 3.0cm;\"><span style=\"font-family: 'Arial',sans-serif; color: black;\">Dauer:\u00a0\u00a0\u00a0\u00a0\u00a0\u00a0\u00a0\u00a0\u00a0\u00a0\u00a0\u00a0\u00a0\u00a0\u00a0\u00a0 ca. 2 Stunden<\/span><\/p>\n<p class=\"MsoNormal\" style=\"margin-bottom: 0cm; line-height: 150%; tab-stops: 3.0cm;\"><span style=\"font-family: 'Arial',sans-serif; color: black;\">Referent: \u00a0\u00a0\u00a0\u00a0\u00a0\u00a0\u00a0\u00a0\u00a0\u00a0\u00a0 Frau Bianca Nicolai,ganzheitliche Ern\u00e4hrungsberaterin GGB<\/span><\/p>\n<p class=\"MsoNormal\" style=\"margin-bottom: 0cm; line-height: 150%; tab-stops: 3.0cm;\"><span style=\"font-family: 'Arial',sans-serif; color: black;\">Materialkosten:\u00a0\u00a0\u00a0 Frau Nicolai:10,00 Euro;<\/span><\/p>\n<p class=\"MsoNormal\" style=\"margin-bottom: 0cm; line-height: 150%; tab-stops: 3.0cm;\"><span style=\"font-family: 'Arial',sans-serif; color: black;\">Unkostenbeitrag: Mg: 6,00 \u20ac, Nmg. 10,00 \u20ac<\/span><\/p>\n<p class=\"MsoNormal\" style=\"margin-bottom: 0cm; line-height: 150%;\"><b><span style=\"font-family: 'Arial',sans-serif; color: black;\">Anmeldung:<\/span><\/b><span style=\"font-family: 'Arial',sans-serif; color: black;\"> bis 09.09.2025 bei Frau Hanke, Handy: 0151 500 12 888.<\/span><\/p>\n<p class=\"MsoNormal\" style=\"margin-bottom: 0cm; line-height: 150%;\"><span style=\"font-family: 'Arial',sans-serif;\">\u00a0<\/span><\/p>\n<p class=\"MsoNormal\" style=\"margin-bottom: 0cm; line-height: 150%;\"><span style=\"font-family: 'Arial',sans-serif;\">&#8212;&#8212;&#8212;&#8212;&#8212;&#8212;&#8212;&#8212;&#8212;&#8212;&#8212;&#8212;&#8212;&#8212;&#8212;&#8212;&#8212;&#8212;&#8212;&#8212;&#8212;&#8212;&#8212;&#8212;&#8212;&#8212;&#8212;&#8212;&#8212;&#8212;&#8211;<\/span><\/p>\n<p class=\"MsoNormal\" style=\"margin-bottom: 0cm; line-height: 150%; tab-stops: 108.95pt;\"><b><span style=\"font-family: 'Arial',sans-serif;\">Mittwoch, 24.09.2025<\/span><\/b><\/p>\n<p class=\"MsoNormal\" style=\"margin-bottom: 0cm; line-height: 150%; tab-stops: 108.95pt;\"><b><span style=\"font-family: 'Arial',sans-serif;\">\u00a0<\/span><\/b><\/p>\n<p class=\"MsoNormal\" style=\"margin-bottom: 0cm; line-height: 150%;\"><b><span style=\"font-family: 'Arial',sans-serif;\">\u201eAuf den Geh &#8211; sundheitspfad in den Dresdener Stadtteilen Trachau und Pieschen mit anschlie\u00dfendem Kaffeetrinken.\u201c<\/span><\/b><\/p>\n<p class=\"MsoNormal\" style=\"margin-bottom: 0cm; line-height: 150%;\"><span style=\"font-family: 'Arial',sans-serif;\">Wanderstrecke ca. 6 km <\/span><\/p>\n<p class=\"MsoNormal\" style=\"margin-bottom: 0cm; line-height: 150%; tab-stops: 78.0pt;\"><span style=\"font-family: 'Arial',sans-serif;\">14:00 Uhr\u00a0\u00a0\u00a0\u00a0\u00a0\u00a0\u00a0\u00a0\u00a0 Treffpunkt Haltestelle S-Bf. Trachau West (Li. 4 bzw. S 1) <\/span><\/p>\n<p class=\"MsoNormal\" style=\"margin-bottom: 0cm; line-height: 150%; tab-stops: 78.0pt;\"><span style=\"font-family: 'Arial',sans-serif;\">Fahrschein:\u00a0\u00a0\u00a0\u00a0\u00a0\u00a0 individuell<\/span><\/p>\n<p class=\"MsoNormal\" style=\"margin-bottom: 0cm; line-height: 150%;\"><b><span style=\"font-family: 'Arial',sans-serif;\">Achtung: Treffpunkt beachten!!!<\/span><\/b><\/p>\n<p class=\"MsoNormal\" style=\"margin-bottom: 0cm; line-height: 150%;\"><em><b><span style=\"font-family: 'Arial',sans-serif;\">Anmeldung<\/span><\/b><\/em><em><span style=\"font-family: 'Arial',sans-serif;\">: bis 22.09.2025 bei <\/span><\/em><span style=\"font-family: 'Arial',sans-serif;\">Frau Thiemig 0351-8581639 (AB)<i><\/i><\/span><\/p>\n<p class=\"MsoNormal\" style=\"margin-bottom: 0cm; line-height: 150%;\"><span style=\"font-family: 'Arial',sans-serif;\">\u00a0<\/span><\/p>\n<p class=\"MsoNormal\" style=\"margin-bottom: 0cm; line-height: 150%;\"><span style=\"font-family: 'Arial',sans-serif;\">\u00a0&#8212;&#8212;&#8212;&#8212;&#8212;&#8212;&#8212;&#8212;&#8212;&#8212;&#8212;&#8212;&#8212;&#8212;&#8212;&#8212;&#8212;&#8212;&#8212;&#8212;&#8212;&#8212;&#8212;&#8212;&#8212;&#8212;&#8212;&#8212;&#8212;&#8212;&#8212;&#8211;<\/span><\/p>\n<p class=\"MsoNormal\" style=\"margin-bottom: 0cm; line-height: 150%;\"><b><span style=\"font-family: 'Arial',sans-serif;\">Sonntag, 28.09.2025<\/span><\/b><\/p>\n<p class=\"MsoNormal\" style=\"margin-bottom: 0cm; line-height: 150%;\"><b><span style=\"font-family: 'Arial',sans-serif;\">\u00a0<\/span><\/b><\/p>\n<p class=\"MsoNormal\" style=\"margin-bottom: 0cm; line-height: 150%;\"><b><span style=\"font-family: Arial, sans-serif;\">&#8211;&gt; Die Wanderung f\u00e4llt wegen Krankheit aus.<\/span><\/b><b><\/b><\/p>\n<p class=\"MsoNormal\" style=\"margin-bottom: 0cm; line-height: 150%;\"><b><span style=\"font-family: 'Arial',sans-serif;\">\u00a0<\/span><\/b><\/p>\n<p class=\"MsoNormal\" style=\"margin-bottom: 0cm; line-height: 150%; tab-stops: 3.0cm;\"><span style=\"font-family: 'Arial',sans-serif;\">\u201e<b>Wanderung Rund um den Keulenberg, auf dem Gr\u00e4fenhainer Wanderschuh<\/b>\u201c<b><\/b><\/span><\/p>\n<p class=\"MsoNormal\" style=\"margin-bottom: 0cm; line-height: 150%; tab-stops: 3.0cm;\"><span style=\"font-family: 'Arial',sans-serif;\">Wanderstrecke ca. 17 km \u2013 <b>mittelschwer<\/b><\/span><\/p>\n<p class=\"MsoNormal\" style=\"margin-bottom: 0cm; line-height: 150%; tab-stops: 21.3pt 3.0cm;\"><span style=\"font-family: 'Arial',sans-serif;\">08:00 Uhr\u00a0\u00a0\u00a0\u00a0\u00a0\u00a0\u00a0\u00a0\u00a0\u00a0\u00a0 Treff Bahnhof Radebeul \u2013 Ost, Bstg<b><\/b><\/span><\/p>\n<p class=\"MsoNormal\" style=\"margin-bottom: 0cm; line-height: 150%; tab-stops: 14.2pt 3.0cm;\"><span style=\"font-family: 'Arial',sans-serif;\">08:10Uhr\u00a0\u00a0\u00a0\u00a0\u00a0\u00a0\u00a0\u00a0\u00a0\u00a0\u00a0\u00a0 Fahrt mit S-Bahn nach Dresden Neustadt<br>\u00a0\u00a0\u00a0\u00a0\u00a0\u00a0\u00a0\u00a0\u00a0\u00a0\u00a0\u00a0\u00a0\u00a0\u00a0\u00a0\u00a0\u00a0\u00a0\u00a0\u00a0\u00a0\u00a0\u00a0\u00a0\u00a0\u00a0 Weiterfahrt mit Zug nach K\u00f6nigsbr\u00fcck<\/span><\/p>\n<p class=\"MsoNormal\" style=\"margin-bottom: 0cm; line-height: 150%; tab-stops: 70.9pt 3.0cm;\"><b><span style=\"font-family: 'Arial',sans-serif;\">Verpflegung aus dem Rucksack, Gasthaus m\u00f6glich<\/span><\/b><\/p>\n<p class=\"MsoNormal\" style=\"margin-bottom: 0cm; line-height: 150%; tab-stops: 14.2pt 3.0cm;\"><b><span style=\"font-family: 'Arial',sans-serif;\">WL:\u00a0\u00a0\u00a0\u00a0\u00a0\u00a0\u00a0\u00a0\u00a0\u00a0\u00a0\u00a0\u00a0\u00a0\u00a0\u00a0\u00a0\u00a0\u00a0\u00a0 <\/span><\/b><span style=\"font-family: 'Arial',sans-serif;\">Astrid M\u00fcller-Wenzke<b><\/b><\/span><\/p>\n<p class=\"MsoNormal\" style=\"margin-bottom: 0cm; line-height: 150%; tab-stops: 21.3pt 3.0cm;\"><b><span style=\"font-family: 'Arial',sans-serif;\">Fahrschein:\u00a0\u00a0\u00a0\u00a0\u00a0\u00a0\u00a0 <\/span><\/b><span style=\"font-family: 'Arial',sans-serif;\">KGK f\u00fcr 5 Pers. oder Deutschlandticket<\/span><\/p>\n<p class=\"MsoNormal\" style=\"margin-bottom: 0cm; line-height: 150%; tab-stops: 3.0cm;\"><b><span style=\"font-family: 'Arial',sans-serif;\">Anmeldung: <\/span><\/b><span style=\"font-family: 'Arial',sans-serif;\">bis 26.09.2025 bei Frau Hamann\u00a0 0351-8010455(AB)<\/span><\/p>\n<\/div>\n<div>\n<p class=\"MsoNormal\"><span style=\"font-size: 12pt; line-height: 17.12px; font-family: Arial, sans-serif;\">\u00a0<\/span><span style=\"text-indent: -56.8pt; font-size: 1em;\">\u00a0<\/span><\/p>\n<\/div>    <\/div>\n<\/div>\n<!-- \/module text --><!-- module text -->\n<div  class=\"module module-text tb_vsfz387   \" data-lazy=\"1\">\n        <div  class=\"tb_text_wrap\">\n        <h1 style=\"margin: 12.0pt 0cm 12.0pt 0cm;\">\u00a0Oktober<\/h1>\n<div>\n<p class=\"MsoNormal\" style=\"margin-bottom: 0cm; line-height: 150%;\"><b><span style=\"font-family: 'Arial',sans-serif;\">Donnerstag, 03.10.2025<\/span><\/b><\/p>\n<p class=\"MsoNormal\" style=\"margin-bottom: 0cm; line-height: 150%;\"><b><span style=\"font-family: 'Arial',sans-serif;\">\u00a0<\/span><\/b><\/p>\n<p class=\"MsoNormal\" style=\"margin-bottom: 0cm; line-height: 150%;\"><b><span style=\"font-family: 'Arial',sans-serif;\">\u201eAnbaden der Winterschwimmer\u201c <\/span><\/b><\/p>\n<p class=\"MsoNormal\" style=\"margin-bottom: 0cm; line-height: 150%; tab-stops: 3.0cm;\"><span style=\"font-family: 'Arial',sans-serif;\">Ort:\u00a0\u00a0\u00a0\u00a0\u00a0\u00a0\u00a0\u00a0\u00a0\u00a0\u00a0\u00a0\u00a0\u00a0\u00a0\u00a0\u00a0\u00a0\u00a0\u00a0\u00a0 L\u00f6\u00dfnitzbad Radebeul, Fabrikstra\u00dfe 47<\/span><\/p>\n<p class=\"MsoNormal\" style=\"margin-bottom: 0cm; line-height: 150%; tab-stops: 3.0cm;\"><span style=\"font-family: 'Arial',sans-serif;\">Beginn: \u00a0\u00a0\u00a0\u00a0\u00a0\u00a0\u00a0\u00a0\u00a0\u00a0\u00a0\u00a0\u00a0\u00a0 10:00 Uhr<\/span><\/p>\n<p class=\"MsoNormal\" style=\"margin-bottom: 0cm; line-height: 150%;\"><span style=\"font-family: 'Arial',sans-serif;\">Anschlie\u00dfend geselliges Beisammensein*)<\/span><\/p>\n<p class=\"MsoNormal\" style=\"margin-bottom: 0cm; line-height: 150%;\"><b><span style=\"font-family: 'Arial',sans-serif; color: black;\">\u00a0<\/span><\/b><\/p>\n<p class=\"MsoNormal\" style=\"margin-bottom: 0cm; line-height: 150%;\"><b><span style=\"font-family: 'Arial',sans-serif; color: black;\">&#8212;&#8212;&#8212;&#8212;&#8212;&#8212;&#8212;&#8212;&#8212;&#8212;&#8212;&#8212;&#8212;&#8212;&#8212;&#8212;&#8212;&#8212;&#8212;&#8212;&#8212;&#8212;&#8212;&#8212;&#8212;&#8212;&#8212;&#8212;&#8212;&#8212;&#8211;<\/span><\/b><\/p>\n<p class=\"MsoNormal\" style=\"margin-bottom: 0cm; line-height: 150%;\"><b><span style=\"font-family: 'Arial',sans-serif; color: black;\">Mittwoch, 08.10.2025<\/span><\/b><\/p>\n<p class=\"MsoNormal\" style=\"margin-bottom: 0cm; line-height: 150%;\"><b><span style=\"font-family: 'Arial',sans-serif; color: black;\">\u00a0<\/span><\/b><\/p>\n<p class=\"MsoNormal\" style=\"margin-bottom: 0cm; line-height: 150%;\"><b><span style=\"font-family: 'Arial',sans-serif; color: black;\">Fermentation, Haltbarmachung von Gem\u00fcse. Dieses ist sehr gesund und st\u00e4rkt die Abwehrkr\u00e4fte des K\u00f6rpers<\/span><\/b><span style=\"font-family: 'Arial',sans-serif; color: black;\">. (max. 15 Pers.)<\/span><\/p>\n<p class=\"MsoNormal\" style=\"margin-bottom: 0cm; line-height: 150%; tab-stops: 3.0cm;\"><span style=\"font-family: 'Arial',sans-serif; color: black;\">17:00 Uhr\u00a0\u00a0\u00a0\u00a0\u00a0\u00a0\u00a0\u00a0\u00a0\u00a0\u00a0 Vereinshaus, Dr.-K\u00fclz-Str. 4;<\/span><\/p>\n<p class=\"MsoNormal\" style=\"margin-bottom: 0cm; line-height: 150%; tab-stops: 3.0cm;\"><span style=\"font-family: 'Arial',sans-serif; color: black;\">Dauer:\u00a0\u00a0\u00a0\u00a0\u00a0\u00a0\u00a0\u00a0\u00a0\u00a0\u00a0\u00a0\u00a0\u00a0\u00a0\u00a0 ca. 2 Stunden;<\/span><\/p>\n<p class=\"MsoNormal\" style=\"margin-bottom: 0cm; line-height: 150%; tab-stops: 3.0cm;\"><span style=\"font-family: 'Arial',sans-serif; color: black;\">Referent: \u00a0\u00a0\u00a0\u00a0\u00a0\u00a0\u00a0\u00a0\u00a0\u00a0\u00a0 Frau Bianca Nicolai, ganzheitliche Ern\u00e4hrungsberaterin \u00a0GGB,<\/span><\/p>\n<p class=\"MsoNormal\" style=\"margin-bottom: 0cm; line-height: 150%; tab-stops: 3.0cm;\"><span style=\"font-family: 'Arial',sans-serif; color: black;\">Materialkosten:\u00a0\u00a0\u00a0 Frau Nicolai:10,00 Euro;<\/span><\/p>\n<p class=\"MsoNormal\" style=\"margin-bottom: 0cm; line-height: 150%; tab-stops: 3.0cm;\"><span style=\"font-family: 'Arial',sans-serif; color: black;\">Unkostenbeitrag: \u00a0\u00a0\u00a0\u00a0\u00a0\u00a0 Mg. 6,00 \u20ac, Nng. 10,00 \u20ac<\/span><\/p>\n<p class=\"MsoNormal\" style=\"margin-bottom: 0cm; line-height: 150%;\"><b><span style=\"font-family: 'Arial',sans-serif; color: black;\">Anmeldung; <\/span><\/b><span style=\"font-family: 'Arial',sans-serif; color: black;\">bis 07.10.2025 bei Frau Hanke, Handy: 0151 &#8211; 50012888<\/span><\/p>\n<p class=\"MsoNormal\" style=\"margin-bottom: 0cm; line-height: 150%;\"><b><span style=\"font-family: 'Arial',sans-serif; color: black;\">\u00a0<\/span><\/b><\/p>\n<p class=\"MsoNormal\" style=\"margin-bottom: 0cm; line-height: 150%;\"><b><span style=\"font-family: 'Arial',sans-serif; color: black;\">&#8212;&#8212;&#8212;&#8212;&#8212;&#8212;&#8212;&#8212;&#8212;&#8212;&#8212;&#8212;&#8212;&#8212;&#8212;&#8212;&#8212;&#8212;&#8212;&#8212;&#8212;&#8212;&#8212;&#8212;&#8212;&#8212;&#8212;&#8212;&#8212;&#8212;&#8212;<\/span><\/b><\/p>\n<p class=\"MsoNormal\" style=\"margin-bottom: 0cm; line-height: 150%;\"><b><span style=\"font-family: 'Arial',sans-serif;\">Sonntag, 19.10.2025<\/span><\/b><\/p>\n<p class=\"MsoNormal\" style=\"margin-bottom: 0cm; line-height: 150%;\"><b><span style=\"font-family: 'Arial',sans-serif;\">\u00a0<\/span><\/b><\/p>\n<p class=\"MsoNormal\" style=\"margin-bottom: 0cm; line-height: 150%;\"><b><span style=\"font-family: 'Arial',sans-serif;\">F\u00fchrung durch das Weingut Karl Friedrich Aust, einem der sch\u00f6nsten Weing\u00fcter Sachsens. Inklusive einer Weinprobe der Spitzenweine<\/span><\/b><\/p>\n<p class=\"MsoNormal\" style=\"margin-bottom: 0cm; line-height: 150%;\"><span style=\"font-family: 'Arial',sans-serif;\">(mind. 12 Pers.)<\/span><\/p>\n<p class=\"MsoNormal\" style=\"margin-bottom: 0cm; line-height: 150%; tab-stops: 3.0cm;\"><span style=\"font-family: 'Arial',sans-serif;\">14:00 Uhr\u00a0\u00a0\u00a0\u00a0\u00a0\u00a0\u00a0\u00a0\u00a0\u00a0\u00a0 Weingut Karl Friedrich Aust<\/span><\/p>\n<p class=\"MsoNormal\" style=\"margin-bottom: 0cm; line-height: 150%; tab-stops: 3.0cm;\"><span style=\"font-family: 'Arial',sans-serif;\">Dauer:\u00a0\u00a0\u00a0\u00a0\u00a0\u00a0\u00a0\u00a0\u00a0\u00a0\u00a0\u00a0\u00a0\u00a0\u00a0\u00a0 ca. 2 &#8211; 2,5 Stunden;<\/span><\/p>\n<p class=\"MsoNormal\" style=\"margin-bottom: 0cm; line-height: 150%; tab-stops: 3.0cm;\"><span style=\"font-family: 'Arial',sans-serif;\">Referent: \u00a0\u00a0\u00a0\u00a0\u00a0\u00a0\u00a0\u00a0\u00a0\u00a0\u00a0 Herr Karl Friedrich Aust, Winzer, Steinmetz <\/span><\/p>\n<p class=\"MsoNormal\" style=\"margin-bottom: 0cm; line-height: 150%; tab-stops: 3.0cm;\"><span style=\"font-family: 'Arial',sans-serif;\">Unkostenbeitrag: Mg 43,00 \u20ac, Nmg: 48,00 \u20ac,inklusive einer vierer 0,1 Weinprobe von Spitzenweinen:<\/span><\/p>\n<p class=\"MsoNormal\" style=\"margin-bottom: 0cm; line-height: 150%;\"><span style=\"font-family: 'Arial',sans-serif;\">Es besteht die M\u00f6glichkeit, eine kleine Leckerei zum Wein zu bestellen.<\/span><\/p>\n<p class=\"MsoNormal\" style=\"margin-bottom: 0cm; line-height: 150%;\"><span style=\"font-family: 'Arial',sans-serif;\">Sie haben die Gelegenheit, hochwertige Spitzen- und Lageweine k\u00e4uflich zu erwerben.<\/span><\/p>\n<p class=\"MsoNormal\" style=\"margin-bottom: 0cm; line-height: 150%;\"><b><span style=\"font-family: 'Arial',sans-serif;\">Anmeldung<\/span><\/b><span style=\"font-family: 'Arial',sans-serif;\">: bis 18.10.2025 bei Frau\u00a0 Hanke, Handy: <span style=\"color: black;\">0151 \u2013 50012888<\/span><\/span><\/p>\n<p class=\"MsoNormal\" style=\"margin-bottom: 0cm; line-height: 150%;\"><span style=\"font-family: 'Arial',sans-serif; color: black;\">\u00a0<\/span><\/p>\n<p class=\"MsoNormal\" style=\"margin-bottom: 0cm; line-height: 150%;\"><span style=\"font-family: 'Arial',sans-serif; color: black;\">&#8212;&#8212;&#8212;&#8212;&#8212;&#8212;&#8212;&#8212;&#8212;&#8212;&#8212;&#8212;&#8212;&#8212;&#8212;&#8212;&#8212;&#8212;&#8212;&#8212;&#8212;&#8212;&#8212;&#8212;&#8212;&#8212;&#8212;&#8212;&#8212;&#8212;&#8212;-<\/span><\/p>\n<p class=\"MsoNormal\" style=\"margin-bottom: 0cm; line-height: 150%;\"><b><span style=\"font-family: 'Arial',sans-serif; color: black;\">Montag, 20.10.2025<\/span><\/b><\/p>\n<p class=\"MsoNormal\" style=\"margin-bottom: 0cm; line-height: 150%;\"><b><span style=\"font-family: 'Arial',sans-serif; color: black;\">\u00a0<\/span><\/b><\/p>\n<p style=\"margin: 0cm; line-height: 150%;\"><strong><span style=\"font-size: 11.0pt; line-height: 150%; font-family: 'Arial',sans-serif; color: black;\">Exkursion \u201ePilze und Wildfr\u00fcchte erkennen\u201c<\/span><\/strong><\/p>\n<p class=\"MsoNormal\" style=\"margin-bottom: 0cm; line-height: 150%;\"><span style=\"font-family: 'Arial',sans-serif;\">Wir lernen essbare und giftige Pilze in ihrem jeweiligen Habitat kennen und besch\u00e4ftigen uns mit Heilkr\u00e4utern und Wildfr\u00fcchten.<br>Kleine Verkostung 2\u20ac p.P.<\/span><\/p>\n<p class=\"MsoNormal\" style=\"margin-bottom: 0cm; line-height: 150%; tab-stops: 3.0cm;\"><span style=\"font-family: 'Arial',sans-serif; color: black;\">11:00 Uhr\u00a0\u00a0\u00a0\u00a0\u00a0\u00a0\u00a0\u00a0\u00a0\u00a0\u00a0 Treff Dresden oder nahes Umland <\/span><\/p>\n<p class=\"MsoNormal\" style=\"margin-bottom: 0cm; line-height: 150%; tab-stops: 3.0cm;\"><span style=\"font-family: 'Arial',sans-serif; color: black;\">Dauer:\u00a0\u00a0\u00a0\u00a0\u00a0\u00a0\u00a0\u00a0\u00a0\u00a0\u00a0\u00a0\u00a0\u00a0\u00a0\u00a0 2 &#8211; 3 Stunden, leichtes Gel\u00e4nde<\/span><\/p>\n<p class=\"MsoNormal\" style=\"margin-bottom: 0cm; line-height: 150%; tab-stops: 3.0cm;\"><span style=\"font-family: 'Arial',sans-serif; color: black;\">Route:\u00a0 \u00a0 \u00a0 \u00a0 \u00a0 \u00a0 \u00a0 \u00a0 je nach Aufkommen an Fr\u00fcchten und Pilzen, wird rechtzeitig an alle TN bekanntgegeben<\/span><\/p>\n<p class=\"MsoNormal\" style=\"margin-bottom: 0cm; line-height: 150%; tab-stops: 3.0cm;\"><span style=\"font-family: 'Arial',sans-serif; color: black;\">Referent: \u00a0\u00a0\u00a0\u00a0\u00a0\u00a0\u00a0\u00a0\u00a0\u00a0\u00a0 Frau Astrid Papmahl<\/span><\/p>\n<p class=\"MsoNormal\" style=\"margin-bottom: 0cm; line-height: 150%; tab-stops: 3.0cm;\"><span style=\"font-family: 'Arial',sans-serif; color: black;\">Unkostenbeitrag: MG 5,00 \u20ac; Nmg 9,00 \u20ac<\/span><\/p>\n<p class=\"MsoNormal\" style=\"margin-bottom: 0cm; line-height: 150%; tab-stops: 3.0cm;\"><b><span style=\"font-family: 'Arial',sans-serif; color: black;\">Anmeldung<\/span><\/b><span style=\"font-family: 'Arial',sans-serif; color: black;\">: bis 18.10.2025 bei Frau Astrid Papmahl \u00a0&#8211; Mail: <\/span><span style=\"font-family: 'Arial',sans-serif;\"><a href=\"mailto:kraeuterdd@gmx.de\" target=\"_blank\" rel=\"noopener\">kraeuterdd@gmx.de<\/a> oder<span style=\"color: black;\">\u00a0 Whatsapp: 0162 &#8211; 2584462<\/span><\/span><\/p>\n<p class=\"MsoNormal\" style=\"margin-bottom: 0cm; line-height: 150%;\"><span style=\"font-family: 'Arial',sans-serif; color: black;\">\u00a0<\/span><\/p>\n<p class=\"MsoNormal\" style=\"margin-bottom: 0cm; line-height: 150%;\"><span style=\"font-family: 'Arial',sans-serif; color: black;\">&#8212;&#8212;&#8212;&#8212;&#8212;&#8212;&#8212;&#8212;&#8212;&#8212;&#8212;&#8212;&#8212;&#8212;&#8212;&#8212;&#8212;&#8212;&#8212;&#8212;&#8212;&#8212;&#8212;&#8212;&#8212;&#8212;&#8212;&#8212;&#8212;&#8212;&#8212;&#8212;&#8211;<\/span><\/p>\n<p class=\"MsoNormal\" style=\"margin-bottom: 0cm; line-height: 150%;\"><b><span style=\"font-family: 'Arial',sans-serif;\">Mittwoch 22.10.2025 \u2013 Achtung Anmeldung unbedingt notwendig!<\/span><\/b><\/p>\n<p class=\"MsoNormal\" style=\"margin-bottom: 0cm; line-height: 150%;\"><b><span style=\"font-family: 'Arial',sans-serif;\">\u00a0<\/span><\/b><\/p>\n<p class=\"MsoNormal\" style=\"margin-bottom: 0cm; line-height: 150%;\"><b><span style=\"font-family: 'Arial',sans-serif;\">Jubil\u00e4umsveranstaltung 35. Jahre Kneipp-Verein Radebeul e.V.<\/span><\/b><\/p>\n<p class=\"MsoNormal\" style=\"margin-bottom: 0cm; line-height: 150%;\"><b><span style=\"font-family: 'Arial',sans-serif;\">Beginn: 18:00 Uhr\u00a0\u00a0\u00a0 <\/span><\/b><span style=\"font-family: 'Arial',sans-serif;\">Ballsaal Hotel \u201eGoldener Anker\u201c<br>Altk\u00f6tzschenbroda 61, 01445 Radebeul<\/span><\/p>\n<p class=\"MsoNormal\" style=\"margin-bottom: 0cm; line-height: 150%; tab-stops: 2.0cm 127.6pt;\"><b><span style=\"font-family: 'Arial',sans-serif;\">Einlass ab 17:30 Uhr<\/span><\/b><\/p>\n<p class=\"MsoNormal\" style=\"margin-bottom: 0cm; line-height: 150%; tab-stops: 3.0cm;\"><span style=\"font-family: 'Arial',sans-serif;\">Kosten:\u00a0\u00a0\u00a0\u00a0\u00a0\u00a0\u00a0\u00a0\u00a0\u00a0\u00a0\u00a0\u00a0\u00a0\u00a0 Getr\u00e4nke sind selbst zu zahlen<\/span><\/p>\n<p class=\"MsoNormal\" style=\"margin-bottom: 0cm; line-height: 150%;\"><b><span style=\"font-family: 'Arial',sans-serif;\">Empfangssekt und Speisen \u00fcbernimmt der Verein<\/span><\/b><\/p>\n<p class=\"MsoNormal\" style=\"margin-bottom: 0cm; line-height: 150%;\"><b><span style=\"font-family: 'Arial',sans-serif;\">Anmeldung<\/span><\/b><span style=\"font-family: 'Arial',sans-serif;\">: bis 01.10.2025 bei Frau Hamann Tel. 0351 &#8211; 8010455 (AB)<\/span><\/p>\n<p class=\"MsoNormal\" style=\"margin-bottom: 0cm; line-height: 150%;\"><span style=\"font-family: 'Arial',sans-serif;\">\u00a0<\/span><\/p>\n<p class=\"MsoNormal\" style=\"margin-bottom: 0cm; line-height: 150%;\"><span style=\"font-family: 'Arial',sans-serif;\">&#8212;&#8212;&#8212;&#8212;&#8212;&#8212;&#8212;&#8212;&#8212;&#8212;&#8212;&#8212;&#8212;&#8212;&#8212;&#8212;&#8212;&#8212;&#8212;&#8212;&#8212;&#8212;&#8212;&#8212;&#8212;&#8212;&#8212;&#8212;&#8212;&#8212;&#8212;&#8212;&#8212;-<\/span><\/p>\n<p class=\"MsoNormal\" style=\"margin-bottom: 0cm; line-height: 150%; tab-stops: 3.0cm;\"><b><span style=\"font-family: 'Arial',sans-serif;\">Sonntag, 26.10.2025<\/span><\/b><\/p>\n<p class=\"MsoNormal\" style=\"margin-bottom: 0cm; line-height: 150%; tab-stops: 3.0cm;\"><b><span style=\"font-family: 'Arial',sans-serif;\">\u00a0<\/span><\/b><\/p>\n<p class=\"MsoNormal\" style=\"margin-bottom: 0cm; text-indent: -.1pt; line-height: 150%; tab-stops: 3.0cm;\"><span style=\"font-family: 'Arial',sans-serif;\">\u201e<b>Wanderung<\/b> <b>zum Kennenlernen des Forststeiges (S\u00e4chs. Schweiz),<br>Auf einsamen Wegen zum Quirl\u201c<\/b><\/span><\/p>\n<p class=\"MsoNormal\" style=\"margin-bottom: 0cm; line-height: 150%; tab-stops: 3.0cm;\"><span style=\"font-family: 'Arial',sans-serif;\">Wanderstrecke ca.12 km, <b>mittelschwer<\/b><\/span><\/p>\n<p class=\"MsoNormal\" style=\"margin-bottom: 0cm; line-height: 150%; tab-stops: 3.0cm;\"><span style=\"font-family: 'Arial',sans-serif;\">09:00 Uhr\u00a0\u00a0\u00a0\u00a0\u00a0\u00a0\u00a0\u00a0\u00a0\u00a0\u00a0 Treff Bahnhof Radebeul \u2013 Ost, Bstg.<\/span><\/p>\n<p class=\"MsoNormal\" style=\"margin-bottom: 0cm; line-height: 150%; tab-stops: 3.0cm;\"><span style=\"font-family: 'Arial',sans-serif;\">09:10 Uhr\u00a0\u00a0\u00a0\u00a0\u00a0\u00a0\u00a0\u00a0\u00a0\u00a0\u00a0 Fahrt mit S-Bahn nach K\u00f6nigstein<\/span><\/p>\n<p class=\"MsoNormal\" style=\"margin-bottom: 0cm; text-indent: -3.0cm; line-height: 150%; tab-stops: 3.0cm;\"><span style=\"font-family: 'Arial',sans-serif;\">\u00a0\u00a0\u00a0\u00a0\u00a0\u00a0\u00a0\u00a0\u00a0\u00a0\u00a0\u00a0\u00a0\u00a0\u00a0\u00a0\u00a0\u00a0\u00a0\u00a0\u00a0\u00a0\u00a0\u00a0\u00a0\u00a0\u00a0 Weiterfahrt mit dem Bus nach Leupoldishain<\/span><\/p>\n<p class=\"MsoNormal\" style=\"margin-bottom: 0cm; line-height: 150%; tab-stops: 3.0cm;\"><b><span style=\"font-family: 'Arial',sans-serif;\">Verpflegung aus dem Rucksack, <\/span><\/b><b><span style=\"font-family: 'Arial',sans-serif; mso-fareast-font-family: Arial;\">Gasthaus m\u00f6glich<\/span><\/b><\/p>\n<p class=\"MsoNormal\" style=\"margin-bottom: 0cm; line-height: 150%; tab-stops: 3.0cm;\"><b><span style=\"font-family: 'Arial',sans-serif;\">WL: \u00a0\u00a0\u00a0\u00a0\u00a0\u00a0\u00a0\u00a0\u00a0\u00a0\u00a0\u00a0\u00a0\u00a0\u00a0\u00a0\u00a0\u00a0\u00a0 <\/span><\/b><span style=\"font-family: 'Arial',sans-serif;\">Astrid M\u00fcller-Wenzke<\/span><\/p>\n<p class=\"MsoNormal\" style=\"margin-bottom: 0cm; line-height: 150%; tab-stops: 3.0cm;\"><b><span style=\"font-family: 'Arial',sans-serif;\">Fahrschein:\u00a0\u00a0\u00a0\u00a0\u00a0\u00a0\u00a0 <\/span><\/b><span style=\"font-family: 'Arial',sans-serif;\">KGK f\u00fcr 5 Pers. oder Deutschlandticket<\/span><\/p>\n<p class=\"MsoNormal\" style=\"margin-bottom: 0cm; line-height: 150%; tab-stops: 3.0cm;\"><b><span style=\"font-family: 'Arial',sans-serif;\">Anmeldung: <\/span><\/b><span style=\"font-family: 'Arial',sans-serif;\">bis 24.10.2025 bei Frau Hamann\u00a0 0351 &#8211; 8010455(AB)<\/span><\/p>\n<\/div>\n<div>\u00a0<\/div>    <\/div>\n<\/div>\n<!-- \/module text --><!-- module text -->\n<div  class=\"module module-text tb_ao76606   \" data-lazy=\"1\">\n        <div  class=\"tb_text_wrap\">\n        <h1 style=\"margin: 12.0pt 0cm 12.0pt 0cm;\">\u00a0November<\/h1>\n<div>\n<p class=\"MsoNormal\" style=\"margin-bottom: 0cm; line-height: 150%;\"><b><span style=\"font-family: 'Arial',sans-serif; color: black;\">Mittwoch, 05.11.2025<\/span><\/b><\/p>\n<p class=\"MsoNormal\" style=\"margin-bottom: 0cm; line-height: 150%;\"><b><span style=\"font-family: 'Arial',sans-serif; color: black;\">\u00a0<\/span><\/b><\/p>\n<p class=\"MsoNormal\" style=\"margin-bottom: 0cm; line-height: 150%;\"><b><span style=\"font-family: 'Arial',sans-serif; color: black;\">Vortrag &#8222;Fit, kraftvoll und fr\u00f6hlich in den Winter&#8220;.<\/span><\/b><\/p>\n<p class=\"MsoNormal\" style=\"margin-bottom: 0cm; line-height: 150%; tab-stops: 3.0cm;\"><span style=\"font-family: 'Arial',sans-serif; color: black;\">18:00 Uhr\u00a0\u00a0\u00a0\u00a0\u00a0\u00a0\u00a0\u00a0\u00a0\u00a0\u00a0 Vereinshaus, Dr.-K\u00fclz-Str.4<\/span><\/p>\n<p class=\"MsoNormal\" style=\"margin-bottom: 0cm; line-height: 150%; tab-stops: 3.0cm;\"><span style=\"font-family: 'Arial',sans-serif; color: black;\">Referent: \u00a0\u00a0\u00a0\u00a0\u00a0\u00a0\u00a0\u00a0\u00a0\u00a0\u00a0 Frau Bianca Nicolai, ganzheitliche Ern\u00e4hrungsberaterin \u00a0GGB,<\/span><\/p>\n<p class=\"MsoNormal\" style=\"margin-bottom: 0cm; line-height: 150%; tab-stops: 3.0cm;\"><span style=\"font-family: 'Arial',sans-serif; color: black;\">Unkostenbeitrag: Mg. 6,00 \u20acEuro; Nng. 10,00 \u20ac<\/span><\/p>\n<p class=\"MsoNormal\" style=\"margin-bottom: 0cm; line-height: 150%;\"><span style=\"font-family: 'Arial',sans-serif; color: black;\">Anmeldung\u00a0 bis 04.11.2025 an Frau Hanke, Handy: 0151 &#8211; 50012888<\/span><\/p>\n<p style=\"margin: 0cm; line-height: 150%;\"><strong><span style=\"font-size: 11.0pt; line-height: 150%; font-family: 'Arial',sans-serif; color: black;\">\u00a0<\/span><\/strong><\/p>\n<p style=\"margin: 0cm; line-height: 150%;\"><strong><span style=\"font-size: 11.0pt; line-height: 150%; font-family: 'Arial',sans-serif; color: black;\">&#8212;&#8212;&#8212;&#8212;&#8212;&#8212;&#8212;&#8212;&#8212;&#8212;&#8212;&#8212;&#8212;&#8212;&#8212;&#8212;&#8212;&#8212;&#8212;&#8212;&#8212;&#8212;&#8212;&#8212;&#8212;&#8212;&#8212;&#8212;&#8212;&#8212;&#8212;&#8212;&#8212;&#8212;&#8212;&#8212;&#8211;<\/span><\/strong><\/p>\n<p style=\"margin: 0cm; line-height: 150%;\"><strong><span style=\"font-size: 11.0pt; line-height: 150%; font-family: 'Arial',sans-serif; color: black;\">Freitag, 07.11.2025<\/span><\/strong><\/p>\n<p style=\"margin: 0cm; line-height: 150%;\"><strong><span style=\"font-size: 11.0pt; line-height: 150%; font-family: 'Arial',sans-serif; color: black;\">\u00a0<\/span><\/strong><\/p>\n<p style=\"margin: 0cm; line-height: 150%;\"><strong><span style=\"font-size: 11.0pt; line-height: 150%; font-family: 'Arial',sans-serif; color: black;\">\u201eHerzkraft- Gong\u201c<\/span><\/strong><\/p>\n<p style=\"margin: 0cm; line-height: 150%;\"><span style=\"font-size: 11.0pt; line-height: 150%; font-family: 'Arial',sans-serif; color: black;\">Die Gong-Therapie kann durch den Klang und die Schwingungen der Gongs den K\u00f6rper mental gesund machen. Es wird eine tiefe meditative Entspannung im K\u00f6rper ausgel\u00f6st und das Wohlbefinden\u00a0verbessert.<\/span><\/p>\n<p style=\"margin: 0cm; line-height: 150%;\"><strong><span style=\"font-size: 11.0pt; line-height: 150%; font-family: 'Arial',sans-serif; color: black;\">Frau M\u00f6bius wird uns erneut durch die magische Welt der Gongkl\u00e4nge f\u00fchren.<\/span><\/strong><\/p>\n<p style=\"margin: 0cm; line-height: 150%;\"><span style=\"font-size: 11.0pt; line-height: 150%; font-family: 'Arial',sans-serif; color: black;\">Bitte Sportschuhe o.\u00e4. mitbringen, da wir in einem Yogaraum sind. Wer einen Schlafsack oder eine Isomatte benutzen will, kann das auch gerne tun.<\/span><\/p>\n<p style=\"margin: 0cm; line-height: 150%; tab-stops: 3.0cm;\"><span style=\"font-size: 11.0pt; line-height: 150%; font-family: 'Arial',sans-serif; color: black;\">15:45 Uhr\u00a0\u00a0\u00a0\u00a0\u00a0\u00a0\u00a0\u00a0\u00a0\u00a0\u00a0 <strong>Sportstudio Zinke, Gartenstr. 71, 01445 Radebeul<\/strong><\/span><\/p>\n<p style=\"margin: 0cm; line-height: 150%; tab-stops: 3.0cm;\"><span style=\"font-size: 11.0pt; line-height: 150%; font-family: 'Arial',sans-serif; color: black;\">16:00 Uhr\u00a0\u00a0\u00a0\u00a0\u00a0\u00a0\u00a0\u00a0\u00a0\u00a0\u00a0 Beginn der Veranstaltung, Dauer: ca. eine Stunde<\/span><\/p>\n<p style=\"margin: 0cm; line-height: 150%; tab-stops: 3.0cm;\"><span style=\"font-size: 11.0pt; line-height: 150%; font-family: 'Arial',sans-serif; color: black;\">Referent:\u00a0\u00a0\u00a0\u00a0\u00a0\u00a0\u00a0\u00a0\u00a0\u00a0\u00a0\u00a0 Ingrid M\u00f6bius<\/span><\/p>\n<p style=\"margin: 0cm; line-height: 150%; tab-stops: 3.0cm;\"><span style=\"font-size: 11.0pt; line-height: 150%; font-family: 'Arial',sans-serif; color: black;\">Kosten:\u00a0\u00a0\u00a0\u00a0\u00a0\u00a0\u00a0\u00a0\u00a0\u00a0\u00a0\u00a0\u00a0\u00a0\u00a0 Mg. 6,00 \u20ac; Nmg. 10,00 \u20ac<\/span><\/p>\n<p style=\"margin: 0cm; line-height: 150%;\"><strong><span style=\"font-size: 11.0pt; line-height: 150%; font-family: 'Arial',sans-serif; color: black;\">Anmeldung: <\/span><\/strong><span style=\"font-size: 11.0pt; line-height: 150%; font-family: 'Arial',sans-serif; color: black;\">bis 04.11.2025 bei Frau Fleischer 0171 &#8211; 4523544<\/span><\/p>\n<p style=\"margin: 0cm; line-height: 150%;\"><span style=\"font-size: 11.0pt; line-height: 150%; font-family: 'Arial',sans-serif; color: black;\">\u00a0<\/span><\/p>\n<p style=\"margin: 0cm; line-height: 150%;\"><span style=\"font-size: 11.0pt; line-height: 150%; font-family: 'Arial',sans-serif; color: black;\">&#8212;&#8212;&#8212;&#8212;&#8212;&#8212;&#8212;&#8212;&#8212;&#8212;&#8212;&#8212;&#8212;&#8212;&#8212;&#8212;&#8212;&#8212;&#8212;&#8212;&#8212;&#8212;&#8212;&#8212;&#8212;&#8212;&#8212;&#8212;&#8212;&#8212;&#8212;&#8212;&#8212;&#8212;<\/span><\/p>\n<p class=\"MsoNormal\" style=\"margin-bottom: 0cm; line-height: 150%; tab-stops: 3.0cm;\"><b><span style=\"font-family: 'Arial',sans-serif;\">Sonntag, 16.11.2025<\/span><\/b><\/p>\n<p class=\"MsoNormal\" style=\"margin-bottom: 0cm; line-height: 150%; tab-stops: 3.0cm;\"><b><span style=\"font-family: 'Arial',sans-serif;\"><br>\u201eWanderung auf dem Karras Rundweg durch das Moritzburger Teichgebiet\u201c<\/span><\/b><\/p>\n<p class=\"MsoNormal\" style=\"margin-bottom: 0cm; line-height: 150%; tab-stops: 3.0cm;\"><span style=\"font-family: 'Arial',sans-serif;\">Wanderstrecke ca. 9 km, <b>leicht<\/b><\/span><\/p>\n<p class=\"MsoNormal\" style=\"margin-bottom: 0cm; line-height: 150%; tab-stops: 3.0cm;\"><span style=\"font-family: 'Arial',sans-serif;\">08:30 Uhr\u00a0\u00a0\u00a0\u00a0\u00a0\u00a0\u00a0\u00a0\u00a0\u00a0\u00a0 Treff Bahnhof Radebeul \u2013 Ost, Bstg<b><\/b><\/span><\/p>\n<p class=\"MsoNormal\" style=\"margin-bottom: 0cm; line-height: 150%; tab-stops: 3.0cm;\"><span style=\"font-family: 'Arial',sans-serif;\">08:46Uhr\u00a0\u00a0\u00a0\u00a0\u00a0\u00a0\u00a0\u00a0\u00a0\u00a0\u00a0\u00a0 Fahrt mit S-Bahn nach Coswig<br>\u00a0\u00a0\u00a0\u00a0\u00a0\u00a0\u00a0\u00a0\u00a0\u00a0\u00a0\u00a0\u00a0\u00a0\u00a0\u00a0\u00a0\u00a0\u00a0\u00a0\u00a0\u00a0\u00a0\u00a0\u00a0\u00a0\u00a0 Weiterfahrt mit Bus Li 405 zur Spitzgrundm\u00fchle<\/span><\/p>\n<p class=\"MsoNormal\" style=\"margin-bottom: 0cm; line-height: 150%; tab-stops: 70.9pt 3.0cm;\"><b><span style=\"font-family: 'Arial',sans-serif;\">Verpflegung aus dem Rucksack, Gasthaus m\u00f6glich<\/span><\/b><\/p>\n<p class=\"MsoNormal\" style=\"margin-bottom: 0cm; line-height: 150%; tab-stops: 21.3pt;\"><b><span style=\"font-family: 'Arial',sans-serif;\">Fahrschein:\u00a0\u00a0 <\/span><\/b><span style=\"font-family: 'Arial',sans-serif;\">\u00a0\u00a0\u00a0\u00a0\u00a0\u00a0\u00a0\u00a0\u00a0\u00a0\u00a0 KGK f\u00fcr 5 Pers. (1 Zone)\u00a0 oder Deutschlandticket<\/span><\/p>\n<p class=\"MsoNormal\" style=\"margin-bottom: 0cm; line-height: 150%; tab-stops: 3.0cm;\"><b><span style=\"font-family: 'Arial',sans-serif;\">Anmeldung: <\/span><\/b><span style=\"font-family: 'Arial',sans-serif;\">bis 14.11.2025 bei Frau Hamann\u00a0 0351 &#8211; 8010455(AB)<\/span><\/p>\n<p class=\"MsoNormal\" style=\"margin-bottom: 0cm; line-height: 150%; tab-stops: 21.3pt;\"><b><span style=\"font-family: 'Arial',sans-serif;\">\u00a0<\/span><\/b><\/p>\n<p class=\"MsoNormal\" style=\"margin-bottom: 0cm; line-height: 150%; tab-stops: 21.3pt;\"><b><span style=\"font-family: 'Arial',sans-serif;\">&#8212;&#8212;&#8212;&#8212;&#8212;&#8212;&#8212;&#8212;&#8212;&#8212;&#8212;&#8212;&#8212;&#8212;&#8212;&#8212;&#8212;&#8212;&#8212;&#8212;&#8212;&#8212;&#8212;&#8212;&#8212;&#8212;&#8212;&#8212;&#8212;&#8212;&#8212;<\/span><\/b><\/p>\n<p class=\"MsoNormal\" style=\"margin-bottom: 0cm; line-height: 150%; tab-stops: 21.3pt;\"><b><span style=\"font-family: 'Arial',sans-serif;\">Mittwoch, 26.11.2025<\/span><\/b><\/p>\n<p class=\"MsoNormal\" style=\"margin-bottom: 0cm; line-height: 150%; tab-stops: 21.3pt;\"><b><span style=\"font-family: 'Arial',sans-serif;\"><br><\/span><\/b><span style=\"font-family: 'Arial',sans-serif;\">Vortrag:\u00a0\u00a0\u00a0\u00a0\u00a0\u00a0\u00a0\u00a0\u00a0\u00a0 <b>&#8222;Osteoporose &#8211; osteopathische Behandlungsm\u00f6glichkeiten und ihre Grenzen&#8220;<\/b><b><\/b><\/span><\/p>\n<p class=\"MsoNormal\" style=\"margin-bottom: 0cm; line-height: 150%; tab-stops: 3.0cm;\"><span style=\"font-family: 'Arial',sans-serif; color: black;\">18:30 Uhr \u00a0\u00a0\u00a0\u00a0\u00a0\u00a0\u00a0\u00a0\u00a0\u00a0 Vereinshaus Dr.-K\u00fclz-Str.4<br>Referent:\u00a0\u00a0\u00a0\u00a0\u00a0\u00a0\u00a0\u00a0\u00a0\u00a0\u00a0\u00a0 Herr Tony Steinke-Wiesberger, Osteopath<\/span><\/p>\n<p class=\"MsoNormal\" style=\"margin-bottom: 0cm; line-height: 150%;\"><b><span style=\"font-family: 'Arial',sans-serif; color: black;\">Anmeldung: <\/span><\/b><span style=\"font-family: 'Arial',sans-serif; color: black;\">bis 24.11.2025 bei Frau Hentzschel 0351 &#8211; 2189544<\/span><\/p>\n<\/div>    <\/div>\n<\/div>\n<!-- \/module text --><!-- module text -->\n<div  class=\"module module-text tb_etbb003   \" data-lazy=\"1\">\n        <div  class=\"tb_text_wrap\">\n        <h1 style=\"margin: 12.0pt 0cm 12.0pt 0cm;\">\u00a0Dezember<\/h1>\n<div>\n<p class=\"MsoNormal\" style=\"margin-bottom: 0cm; line-height: 150%;\"><b><span style=\"font-family: 'Arial',sans-serif;\">Mittwoch, 03 12.2025<\/span><\/b><\/p>\n<p class=\"MsoNormal\" style=\"margin-bottom: 0cm; line-height: 150%;\"><b><span style=\"font-family: 'Arial',sans-serif;\">Vortrag &#8222;Mit naturheilkundlichen Methoden und nat\u00fcrlichen Mitteln unser Immunsystem st\u00e4rken und kr\u00e4ftigen\u201c<\/span><\/b><\/p>\n<p class=\"MsoNormal\" style=\"margin-bottom: 0cm; line-height: 150%; tab-stops: 3.0cm;\"><span style=\"font-family: 'Arial',sans-serif;\">18:00 Uhr\u00a0\u00a0\u00a0\u00a0\u00a0\u00a0\u00a0\u00a0\u00a0\u00a0\u00a0 Vereinshaus, Dr.-K\u00fclz-Str.4<\/span><\/p>\n<p class=\"MsoNormal\" style=\"margin-bottom: 0cm; line-height: 150%; tab-stops: 3.0cm;\"><span style=\"font-family: 'Arial',sans-serif; color: black;\">Referent:\u00a0\u00a0\u00a0\u00a0\u00a0\u00a0\u00a0\u00a0\u00a0\u00a0\u00a0\u00a0 Frau Bianca Nicolai, ganzheitliche Ern\u00e4hrungsberaterin \u00a0GGB,<\/span><\/p>\n<p class=\"MsoNormal\" style=\"margin-bottom: 0cm; line-height: 150%;\"><span style=\"font-family: 'Arial',sans-serif;\">Anmeldung bis 02.12.2025 bei Frau Hanke,\u00a0 Handy: <span style=\"color: black;\">0151 &#8211; 50012888<\/span><\/span><\/p>\n<\/div>\n<p class=\"MsoNormal\">\u00a0<\/p>\n<p class=\"MsoNormal\">\u00a0<\/p>    <\/div>\n<\/div>\n<!-- \/module text --><!-- module text -->\n<div  class=\"module module-text tb_w9cj059   \" data-lazy=\"1\">\n        <div  class=\"tb_text_wrap\">\n        <h1 style=\"margin: 12.0pt 0cm 12.0pt 0cm;\">\u00a0<\/h1>\n<p class=\"MsoNormal\">\u00a0<\/p>    <\/div>\n<\/div>\n<!-- \/module text --><!-- module text -->\n<div  class=\"module module-text tb_0dhn666   \" data-lazy=\"1\">\n        <div  class=\"tb_text_wrap\">\n        <h1 style=\"margin: 12.0pt 0cm 12.0pt 0cm;\">\u00a0<\/h1>\n<p class=\"MsoNormal\">\u00a0<\/p>\n<p class=\"MsoNormal\"><span style=\"color: black; font-size: 10pt; background-color: initial;\">\u00a0<\/span><\/p>    <\/div>\n<\/div>\n<!-- \/module text -->        <\/div>\n                    <\/div>\n                <\/div>\n                        <\/div>\n        <\/div>\n                        <div  data-lazy=\"1\" class=\"module_row themify_builder_row tb_im8a008 tf_w\">\n                        <div class=\"row_inner col_align_top tb_col_count_1 tf_box tf_rel\">\n                        <div  data-lazy=\"1\" class=\"module_column tb-column col-full tb_01oq906 first\">\n                            <\/div>\n                        <\/div>\n        <\/div>\n        <\/div>\n<!--\/themify_builder_content-->","protected":false},"excerpt":{"rendered":"<p>\u00a0August Sonntag, 31.08.2025 \u00a0 \u201eWanderung auf dem Caspar-David-Friedrich-Weg\u201c Wanderstrecke ca. 15 km \u2013 mittelschwer \u00c4nderung der Strecke m\u00f6glich 08:00 Uhr\u00a0\u00a0\u00a0\u00a0\u00a0\u00a0 Treff Bahnhof Radebeul \u2013 Ost, Bstg 08:10Uhr\u00a0\u00a0\u00a0\u00a0\u00a0\u00a0\u00a0\u00a0 Fahrt mit S-Bahn nach Krippen Verpflegung aus dem Rucksack, Gasthaus m\u00f6glich Fahrschein:\u00a0\u00a0 KGK f\u00fcr 5 Pers. oder Deutschlandticket Anmeldung: bis 29.08.2025 bei Frau Hamann\u00a0 0351-8010455(AB) \u00a0<\/p>\n","protected":false},"author":5,"featured_media":0,"parent":0,"menu_order":2,"comment_status":"closed","ping_status":"closed","template":"","meta":{"footnotes":"","advanced-sidebar-menu\/link-title":"","advanced-sidebar-menu\/exclude-page":false},"class_list":["post-807","page","type-page","status-publish","hentry","has-post-title","has-post-date","has-post-category","has-post-tag","has-post-comment","has-post-author",""],"yoast_head":"<!-- This site is optimized with the Yoast SEO plugin v24.7 - https:\/\/yoast.com\/wordpress\/plugins\/seo\/ -->\n<title>Programm zweites Halbjahr 2025 \/ Historie - Kneipp Radebeul<\/title>\n<meta name=\"description\" content=\"Programm 1. Halbjahr 2024 Kneipp Radebeul\" \/>\n<meta name=\"robots\" content=\"index, follow, max-snippet:-1, max-image-preview:large, max-video-preview:-1\" \/>\n<link rel=\"canonical\" href=\"https:\/\/www.kneipp-sachsen.de\/radebeul\/programm-2-halbjahr-2025-kneipp-radebeul\/\" \/>\n<meta property=\"og:locale\" content=\"de_DE\" \/>\n<meta property=\"og:type\" content=\"article\" \/>\n<meta property=\"og:title\" content=\"Programm zweites Halbjahr 2025 \/ Historie - Kneipp Radebeul\" \/>\n<meta property=\"og:description\" content=\"Programm 1. Halbjahr 2024 Kneipp Radebeul\" \/>\n<meta property=\"og:url\" content=\"https:\/\/www.kneipp-sachsen.de\/radebeul\/programm-2-halbjahr-2025-kneipp-radebeul\/\" \/>\n<meta property=\"og:site_name\" content=\"Kneipp Radebeul\" \/>\n<meta property=\"article:modified_time\" content=\"2026-02-11T12:16:49+00:00\" \/>\n<meta name=\"twitter:card\" content=\"summary_large_image\" \/>\n<meta name=\"twitter:label1\" content=\"Gesch\u00e4tzte Lesezeit\" \/>\n\t<meta name=\"twitter:data1\" content=\"10\u00a0Minuten\" \/>\n<script type=\"application\/ld+json\" class=\"yoast-schema-graph\">{\"@context\":\"https:\/\/schema.org\",\"@graph\":[{\"@type\":\"WebPage\",\"@id\":\"https:\/\/www.kneipp-sachsen.de\/radebeul\/programm-2-halbjahr-2025-kneipp-radebeul\/\",\"url\":\"https:\/\/www.kneipp-sachsen.de\/radebeul\/programm-2-halbjahr-2025-kneipp-radebeul\/\",\"name\":\"Programm zweites Halbjahr 2025 \/ Historie - Kneipp Radebeul\",\"isPartOf\":{\"@id\":\"https:\/\/www.kneipp-sachsen.de\/radebeul\/#website\"},\"datePublished\":\"2024-03-08T11:15:34+00:00\",\"dateModified\":\"2026-02-11T12:16:49+00:00\",\"description\":\"Programm 1. Halbjahr 2024 Kneipp Radebeul\",\"breadcrumb\":{\"@id\":\"https:\/\/www.kneipp-sachsen.de\/radebeul\/programm-2-halbjahr-2025-kneipp-radebeul\/#breadcrumb\"},\"inLanguage\":\"de\",\"potentialAction\":[{\"@type\":\"ReadAction\",\"target\":[\"https:\/\/www.kneipp-sachsen.de\/radebeul\/programm-2-halbjahr-2025-kneipp-radebeul\/\"]}]},{\"@type\":\"BreadcrumbList\",\"@id\":\"https:\/\/www.kneipp-sachsen.de\/radebeul\/programm-2-halbjahr-2025-kneipp-radebeul\/#breadcrumb\",\"itemListElement\":[{\"@type\":\"ListItem\",\"position\":1,\"name\":\"Startseite\",\"item\":\"https:\/\/www.kneipp-sachsen.de\/radebeul\/\"},{\"@type\":\"ListItem\",\"position\":2,\"name\":\"Programm zweites Halbjahr 2025 \/ Historie\"}]},{\"@type\":\"WebSite\",\"@id\":\"https:\/\/www.kneipp-sachsen.de\/radebeul\/#website\",\"url\":\"https:\/\/www.kneipp-sachsen.de\/radebeul\/\",\"name\":\"Kneipp Radebeul\",\"description\":\"Eine weitere WordPress-Website\",\"publisher\":{\"@id\":\"https:\/\/www.kneipp-sachsen.de\/radebeul\/#organization\"},\"potentialAction\":[{\"@type\":\"SearchAction\",\"target\":{\"@type\":\"EntryPoint\",\"urlTemplate\":\"https:\/\/www.kneipp-sachsen.de\/radebeul\/?s={search_term_string}\"},\"query-input\":{\"@type\":\"PropertyValueSpecification\",\"valueRequired\":true,\"valueName\":\"search_term_string\"}}],\"inLanguage\":\"de\"},{\"@type\":\"Organization\",\"@id\":\"https:\/\/www.kneipp-sachsen.de\/radebeul\/#organization\",\"name\":\"Kneipp Radebeul\",\"url\":\"https:\/\/www.kneipp-sachsen.de\/radebeul\/\",\"logo\":{\"@type\":\"ImageObject\",\"inLanguage\":\"de\",\"@id\":\"https:\/\/www.kneipp-sachsen.de\/radebeul\/#\/schema\/logo\/image\/\",\"url\":\"https:\/\/www.kneipp-sachsen.de\/radebeul\/wp-content\/uploads\/2024\/03\/Radebeul.png\",\"contentUrl\":\"https:\/\/www.kneipp-sachsen.de\/radebeul\/wp-content\/uploads\/2024\/03\/Radebeul.png\",\"width\":967,\"height\":758,\"caption\":\"Kneipp Radebeul\"},\"image\":{\"@id\":\"https:\/\/www.kneipp-sachsen.de\/radebeul\/#\/schema\/logo\/image\/\"}}]}<\/script>\n<!-- \/ Yoast SEO plugin. -->","yoast_head_json":{"title":"Programm zweites Halbjahr 2025 \/ Historie - Kneipp Radebeul","description":"Programm 1. Halbjahr 2024 Kneipp Radebeul","robots":{"index":"index","follow":"follow","max-snippet":"max-snippet:-1","max-image-preview":"max-image-preview:large","max-video-preview":"max-video-preview:-1"},"canonical":"https:\/\/www.kneipp-sachsen.de\/radebeul\/programm-2-halbjahr-2025-kneipp-radebeul\/","og_locale":"de_DE","og_type":"article","og_title":"Programm zweites Halbjahr 2025 \/ Historie - Kneipp Radebeul","og_description":"Programm 1. Halbjahr 2024 Kneipp Radebeul","og_url":"https:\/\/www.kneipp-sachsen.de\/radebeul\/programm-2-halbjahr-2025-kneipp-radebeul\/","og_site_name":"Kneipp Radebeul","article_modified_time":"2026-02-11T12:16:49+00:00","twitter_card":"summary_large_image","twitter_misc":{"Gesch\u00e4tzte Lesezeit":"10\u00a0Minuten"},"schema":{"@context":"https:\/\/schema.org","@graph":[{"@type":"WebPage","@id":"https:\/\/www.kneipp-sachsen.de\/radebeul\/programm-2-halbjahr-2025-kneipp-radebeul\/","url":"https:\/\/www.kneipp-sachsen.de\/radebeul\/programm-2-halbjahr-2025-kneipp-radebeul\/","name":"Programm zweites Halbjahr 2025 \/ Historie - Kneipp Radebeul","isPartOf":{"@id":"https:\/\/www.kneipp-sachsen.de\/radebeul\/#website"},"datePublished":"2024-03-08T11:15:34+00:00","dateModified":"2026-02-11T12:16:49+00:00","description":"Programm 1. Halbjahr 2024 Kneipp Radebeul","breadcrumb":{"@id":"https:\/\/www.kneipp-sachsen.de\/radebeul\/programm-2-halbjahr-2025-kneipp-radebeul\/#breadcrumb"},"inLanguage":"de","potentialAction":[{"@type":"ReadAction","target":["https:\/\/www.kneipp-sachsen.de\/radebeul\/programm-2-halbjahr-2025-kneipp-radebeul\/"]}]},{"@type":"BreadcrumbList","@id":"https:\/\/www.kneipp-sachsen.de\/radebeul\/programm-2-halbjahr-2025-kneipp-radebeul\/#breadcrumb","itemListElement":[{"@type":"ListItem","position":1,"name":"Startseite","item":"https:\/\/www.kneipp-sachsen.de\/radebeul\/"},{"@type":"ListItem","position":2,"name":"Programm zweites Halbjahr 2025 \/ Historie"}]},{"@type":"WebSite","@id":"https:\/\/www.kneipp-sachsen.de\/radebeul\/#website","url":"https:\/\/www.kneipp-sachsen.de\/radebeul\/","name":"Kneipp Radebeul","description":"Eine weitere WordPress-Website","publisher":{"@id":"https:\/\/www.kneipp-sachsen.de\/radebeul\/#organization"},"potentialAction":[{"@type":"SearchAction","target":{"@type":"EntryPoint","urlTemplate":"https:\/\/www.kneipp-sachsen.de\/radebeul\/?s={search_term_string}"},"query-input":{"@type":"PropertyValueSpecification","valueRequired":true,"valueName":"search_term_string"}}],"inLanguage":"de"},{"@type":"Organization","@id":"https:\/\/www.kneipp-sachsen.de\/radebeul\/#organization","name":"Kneipp Radebeul","url":"https:\/\/www.kneipp-sachsen.de\/radebeul\/","logo":{"@type":"ImageObject","inLanguage":"de","@id":"https:\/\/www.kneipp-sachsen.de\/radebeul\/#\/schema\/logo\/image\/","url":"https:\/\/www.kneipp-sachsen.de\/radebeul\/wp-content\/uploads\/2024\/03\/Radebeul.png","contentUrl":"https:\/\/www.kneipp-sachsen.de\/radebeul\/wp-content\/uploads\/2024\/03\/Radebeul.png","width":967,"height":758,"caption":"Kneipp Radebeul"},"image":{"@id":"https:\/\/www.kneipp-sachsen.de\/radebeul\/#\/schema\/logo\/image\/"}}]}},"builder_content":"<h1>Programm 2. Halbjahr 2025<br\/><\/h1>\n\n<h1 style=\"margin: 12.0pt 0cm 12.0pt 0cm;\">\u00a0August<\/h1>\n<p style=\"margin-bottom: 0cm; line-height: 150%; tab-stops: 3.0cm;\"><b>Sonntag, 31.08.2025<\/b><\/p> <p style=\"margin-bottom: 0cm; line-height: 150%; tab-stops: 3.0cm;\"><b>\u00a0<\/b><\/p> <p style=\"margin-bottom: 0cm; line-height: 150%; tab-stops: 3.0cm;\">\u201e<b>Wanderung auf dem Caspar-David-Friedrich-Weg\u201c<\/b><\/p> <p style=\"margin-bottom: 0cm; line-height: 150%; tab-stops: 3.0cm;\">Wanderstrecke ca. 15 km \u2013 <b>mittelschwer \u00c4nderung der Strecke m\u00f6glich<\/b><\/p> <p style=\"margin-bottom: 0cm; line-height: 150%; tab-stops: 7.1pt;\">08:00 Uhr\u00a0\u00a0\u00a0\u00a0\u00a0\u00a0 Treff Bahnhof Radebeul \u2013 Ost, Bstg<b><\/b><\/p> <p style=\"margin-bottom: 0cm; line-height: 150%; tab-stops: 21.3pt;\">08:10Uhr\u00a0\u00a0\u00a0\u00a0\u00a0\u00a0\u00a0\u00a0 Fahrt mit S-Bahn nach Krippen<\/p> <p style=\"margin-bottom: 0cm; line-height: 150%; tab-stops: 70.9pt 3.0cm;\"><b>Verpflegung aus dem Rucksack, Gasthaus m\u00f6glich<\/b><\/p> <p style=\"margin-bottom: 0cm; line-height: 150%; tab-stops: 1.0cm;\"><b>Fahrschein:\u00a0\u00a0 <\/b>KGK f\u00fcr 5 Pers. oder Deutschlandticket<\/p> <p style=\"margin-bottom: 0cm; line-height: 150%; tab-stops: 3.0cm;\"><b>Anmeldung: <\/b>bis 29.08.2025 bei Frau Hamann\u00a0 0351-8010455(AB)<\/p>\n\u00a0\n<h1 style=\"margin: 12.0pt 0cm 12.0pt 0cm;\">\u00a0September<\/h1>\n<p style=\"margin-bottom: 0cm; line-height: 150%;\"><b>Mittwoch, 10.09.2025<\/b><\/p> <p style=\"margin-bottom: 0cm; line-height: 150%;\"><b>\u00a0<\/b><\/p> <p style=\"margin-bottom: 0cm; line-height: 150%;\"><b>Ern\u00e4hrung: gesunde und sehr leckere Br\u00f6tchen im Handumdrehen selbst backen. <\/b>(max. 15 Pers.)<\/p> <p style=\"margin-bottom: 0cm; line-height: 150%; tab-stops: 3.0cm;\">17:00 Uhr\u00a0\u00a0\u00a0\u00a0\u00a0\u00a0\u00a0\u00a0\u00a0\u00a0\u00a0 Vereinshaus, Dr.-K\u00fclz-Str. 4;<\/p> <p style=\"margin-bottom: 0cm; line-height: 150%; tab-stops: 3.0cm;\">Dauer:\u00a0\u00a0\u00a0\u00a0\u00a0\u00a0\u00a0\u00a0\u00a0\u00a0\u00a0\u00a0\u00a0\u00a0\u00a0\u00a0 ca. 2 Stunden<\/p> <p style=\"margin-bottom: 0cm; line-height: 150%; tab-stops: 3.0cm;\">Referent: \u00a0\u00a0\u00a0\u00a0\u00a0\u00a0\u00a0\u00a0\u00a0\u00a0\u00a0 Frau Bianca Nicolai,ganzheitliche Ern\u00e4hrungsberaterin GGB<\/p> <p style=\"margin-bottom: 0cm; line-height: 150%; tab-stops: 3.0cm;\">Materialkosten:\u00a0\u00a0\u00a0 Frau Nicolai:10,00 Euro;<\/p> <p style=\"margin-bottom: 0cm; line-height: 150%; tab-stops: 3.0cm;\">Unkostenbeitrag: Mg: 6,00 \u20ac, Nmg. 10,00 \u20ac<\/p> <p style=\"margin-bottom: 0cm; line-height: 150%;\"><b>Anmeldung:<\/b> bis 09.09.2025 bei Frau Hanke, Handy: 0151 500 12 888.<\/p> <p style=\"margin-bottom: 0cm; line-height: 150%;\">\u00a0<\/p> <p style=\"margin-bottom: 0cm; line-height: 150%;\">--------------------------------------------------------------------------------------------<\/p> <p style=\"margin-bottom: 0cm; line-height: 150%; tab-stops: 108.95pt;\"><b>Mittwoch, 24.09.2025<\/b><\/p> <p style=\"margin-bottom: 0cm; line-height: 150%; tab-stops: 108.95pt;\"><b>\u00a0<\/b><\/p> <p style=\"margin-bottom: 0cm; line-height: 150%;\"><b>\u201eAuf den Geh - sundheitspfad in den Dresdener Stadtteilen Trachau und Pieschen mit anschlie\u00dfendem Kaffeetrinken.\u201c<\/b><\/p> <p style=\"margin-bottom: 0cm; line-height: 150%;\">Wanderstrecke ca. 6 km <\/p> <p style=\"margin-bottom: 0cm; line-height: 150%; tab-stops: 78.0pt;\">14:00 Uhr\u00a0\u00a0\u00a0\u00a0\u00a0\u00a0\u00a0\u00a0\u00a0 Treffpunkt Haltestelle S-Bf. Trachau West (Li. 4 bzw. S 1) <\/p> <p style=\"margin-bottom: 0cm; line-height: 150%; tab-stops: 78.0pt;\">Fahrschein:\u00a0\u00a0\u00a0\u00a0\u00a0\u00a0 individuell<\/p> <p style=\"margin-bottom: 0cm; line-height: 150%;\"><b>Achtung: Treffpunkt beachten!!!<\/b><\/p> <p style=\"margin-bottom: 0cm; line-height: 150%;\"><em><b>Anmeldung<\/b><\/em><em>: bis 22.09.2025 bei <\/em>Frau Thiemig 0351-8581639 (AB)<i><\/i><\/p> <p style=\"margin-bottom: 0cm; line-height: 150%;\">\u00a0<\/p> <p style=\"margin-bottom: 0cm; line-height: 150%;\">\u00a0-----------------------------------------------------------------------------------------------<\/p> <p style=\"margin-bottom: 0cm; line-height: 150%;\"><b>Sonntag, 28.09.2025<\/b><\/p> <p style=\"margin-bottom: 0cm; line-height: 150%;\"><b>\u00a0<\/b><\/p> <p style=\"margin-bottom: 0cm; line-height: 150%;\"><b>--&gt; Die Wanderung f\u00e4llt wegen Krankheit aus.<\/b><b><\/b><\/p> <p style=\"margin-bottom: 0cm; line-height: 150%;\"><b>\u00a0<\/b><\/p> <p style=\"margin-bottom: 0cm; line-height: 150%; tab-stops: 3.0cm;\">\u201e<b>Wanderung Rund um den Keulenberg, auf dem Gr\u00e4fenhainer Wanderschuh<\/b>\u201c<b><\/b><\/p> <p style=\"margin-bottom: 0cm; line-height: 150%; tab-stops: 3.0cm;\">Wanderstrecke ca. 17 km \u2013 <b>mittelschwer<\/b><\/p> <p style=\"margin-bottom: 0cm; line-height: 150%; tab-stops: 21.3pt 3.0cm;\">08:00 Uhr\u00a0\u00a0\u00a0\u00a0\u00a0\u00a0\u00a0\u00a0\u00a0\u00a0\u00a0 Treff Bahnhof Radebeul \u2013 Ost, Bstg<b><\/b><\/p> <p style=\"margin-bottom: 0cm; line-height: 150%; tab-stops: 14.2pt 3.0cm;\">08:10Uhr\u00a0\u00a0\u00a0\u00a0\u00a0\u00a0\u00a0\u00a0\u00a0\u00a0\u00a0\u00a0 Fahrt mit S-Bahn nach Dresden Neustadt<br>\u00a0\u00a0\u00a0\u00a0\u00a0\u00a0\u00a0\u00a0\u00a0\u00a0\u00a0\u00a0\u00a0\u00a0\u00a0\u00a0\u00a0\u00a0\u00a0\u00a0\u00a0\u00a0\u00a0\u00a0\u00a0\u00a0\u00a0 Weiterfahrt mit Zug nach K\u00f6nigsbr\u00fcck<\/p> <p style=\"margin-bottom: 0cm; line-height: 150%; tab-stops: 70.9pt 3.0cm;\"><b>Verpflegung aus dem Rucksack, Gasthaus m\u00f6glich<\/b><\/p> <p style=\"margin-bottom: 0cm; line-height: 150%; tab-stops: 14.2pt 3.0cm;\"><b>WL:\u00a0\u00a0\u00a0\u00a0\u00a0\u00a0\u00a0\u00a0\u00a0\u00a0\u00a0\u00a0\u00a0\u00a0\u00a0\u00a0\u00a0\u00a0\u00a0\u00a0 <\/b>Astrid M\u00fcller-Wenzke<b><\/b><\/p> <p style=\"margin-bottom: 0cm; line-height: 150%; tab-stops: 21.3pt 3.0cm;\"><b>Fahrschein:\u00a0\u00a0\u00a0\u00a0\u00a0\u00a0\u00a0 <\/b>KGK f\u00fcr 5 Pers. oder Deutschlandticket<\/p> <p style=\"margin-bottom: 0cm; line-height: 150%; tab-stops: 3.0cm;\"><b>Anmeldung: <\/b>bis 26.09.2025 bei Frau Hamann\u00a0 0351-8010455(AB)<\/p>\n<p>\u00a0\u00a0<\/p>\n<h1 style=\"margin: 12.0pt 0cm 12.0pt 0cm;\">\u00a0Oktober<\/h1>\n<p style=\"margin-bottom: 0cm; line-height: 150%;\"><b>Donnerstag, 03.10.2025<\/b><\/p> <p style=\"margin-bottom: 0cm; line-height: 150%;\"><b>\u00a0<\/b><\/p> <p style=\"margin-bottom: 0cm; line-height: 150%;\"><b>\u201eAnbaden der Winterschwimmer\u201c <\/b><\/p> <p style=\"margin-bottom: 0cm; line-height: 150%; tab-stops: 3.0cm;\">Ort:\u00a0\u00a0\u00a0\u00a0\u00a0\u00a0\u00a0\u00a0\u00a0\u00a0\u00a0\u00a0\u00a0\u00a0\u00a0\u00a0\u00a0\u00a0\u00a0\u00a0\u00a0 L\u00f6\u00dfnitzbad Radebeul, Fabrikstra\u00dfe 47<\/p> <p style=\"margin-bottom: 0cm; line-height: 150%; tab-stops: 3.0cm;\">Beginn: \u00a0\u00a0\u00a0\u00a0\u00a0\u00a0\u00a0\u00a0\u00a0\u00a0\u00a0\u00a0\u00a0\u00a0 10:00 Uhr<\/p> <p style=\"margin-bottom: 0cm; line-height: 150%;\">Anschlie\u00dfend geselliges Beisammensein*)<\/p> <p style=\"margin-bottom: 0cm; line-height: 150%;\"><b>\u00a0<\/b><\/p> <p style=\"margin-bottom: 0cm; line-height: 150%;\"><b>--------------------------------------------------------------------------------------------<\/b><\/p> <p style=\"margin-bottom: 0cm; line-height: 150%;\"><b>Mittwoch, 08.10.2025<\/b><\/p> <p style=\"margin-bottom: 0cm; line-height: 150%;\"><b>\u00a0<\/b><\/p> <p style=\"margin-bottom: 0cm; line-height: 150%;\"><b>Fermentation, Haltbarmachung von Gem\u00fcse. Dieses ist sehr gesund und st\u00e4rkt die Abwehrkr\u00e4fte des K\u00f6rpers<\/b>. (max. 15 Pers.)<\/p> <p style=\"margin-bottom: 0cm; line-height: 150%; tab-stops: 3.0cm;\">17:00 Uhr\u00a0\u00a0\u00a0\u00a0\u00a0\u00a0\u00a0\u00a0\u00a0\u00a0\u00a0 Vereinshaus, Dr.-K\u00fclz-Str. 4;<\/p> <p style=\"margin-bottom: 0cm; line-height: 150%; tab-stops: 3.0cm;\">Dauer:\u00a0\u00a0\u00a0\u00a0\u00a0\u00a0\u00a0\u00a0\u00a0\u00a0\u00a0\u00a0\u00a0\u00a0\u00a0\u00a0 ca. 2 Stunden;<\/p> <p style=\"margin-bottom: 0cm; line-height: 150%; tab-stops: 3.0cm;\">Referent: \u00a0\u00a0\u00a0\u00a0\u00a0\u00a0\u00a0\u00a0\u00a0\u00a0\u00a0 Frau Bianca Nicolai, ganzheitliche Ern\u00e4hrungsberaterin \u00a0GGB,<\/p> <p style=\"margin-bottom: 0cm; line-height: 150%; tab-stops: 3.0cm;\">Materialkosten:\u00a0\u00a0\u00a0 Frau Nicolai:10,00 Euro;<\/p> <p style=\"margin-bottom: 0cm; line-height: 150%; tab-stops: 3.0cm;\">Unkostenbeitrag: \u00a0\u00a0\u00a0\u00a0\u00a0\u00a0 Mg. 6,00 \u20ac, Nng. 10,00 \u20ac<\/p> <p style=\"margin-bottom: 0cm; line-height: 150%;\"><b>Anmeldung; <\/b>bis 07.10.2025 bei Frau Hanke, Handy: 0151 - 50012888<\/p> <p style=\"margin-bottom: 0cm; line-height: 150%;\"><b>\u00a0<\/b><\/p> <p style=\"margin-bottom: 0cm; line-height: 150%;\"><b>---------------------------------------------------------------------------------------------<\/b><\/p> <p style=\"margin-bottom: 0cm; line-height: 150%;\"><b>Sonntag, 19.10.2025<\/b><\/p> <p style=\"margin-bottom: 0cm; line-height: 150%;\"><b>\u00a0<\/b><\/p> <p style=\"margin-bottom: 0cm; line-height: 150%;\"><b>F\u00fchrung durch das Weingut Karl Friedrich Aust, einem der sch\u00f6nsten Weing\u00fcter Sachsens. Inklusive einer Weinprobe der Spitzenweine<\/b><\/p> <p style=\"margin-bottom: 0cm; line-height: 150%;\">(mind. 12 Pers.)<\/p> <p style=\"margin-bottom: 0cm; line-height: 150%; tab-stops: 3.0cm;\">14:00 Uhr\u00a0\u00a0\u00a0\u00a0\u00a0\u00a0\u00a0\u00a0\u00a0\u00a0\u00a0 Weingut Karl Friedrich Aust<\/p> <p style=\"margin-bottom: 0cm; line-height: 150%; tab-stops: 3.0cm;\">Dauer:\u00a0\u00a0\u00a0\u00a0\u00a0\u00a0\u00a0\u00a0\u00a0\u00a0\u00a0\u00a0\u00a0\u00a0\u00a0\u00a0 ca. 2 - 2,5 Stunden;<\/p> <p style=\"margin-bottom: 0cm; line-height: 150%; tab-stops: 3.0cm;\">Referent: \u00a0\u00a0\u00a0\u00a0\u00a0\u00a0\u00a0\u00a0\u00a0\u00a0\u00a0 Herr Karl Friedrich Aust, Winzer, Steinmetz <\/p> <p style=\"margin-bottom: 0cm; line-height: 150%; tab-stops: 3.0cm;\">Unkostenbeitrag: Mg 43,00 \u20ac, Nmg: 48,00 \u20ac,inklusive einer vierer 0,1 Weinprobe von Spitzenweinen:<\/p> <p style=\"margin-bottom: 0cm; line-height: 150%;\">Es besteht die M\u00f6glichkeit, eine kleine Leckerei zum Wein zu bestellen.<\/p> <p style=\"margin-bottom: 0cm; line-height: 150%;\">Sie haben die Gelegenheit, hochwertige Spitzen- und Lageweine k\u00e4uflich zu erwerben.<\/p> <p style=\"margin-bottom: 0cm; line-height: 150%;\"><b>Anmeldung<\/b>: bis 18.10.2025 bei Frau\u00a0 Hanke, Handy: 0151 \u2013 50012888<\/p> <p style=\"margin-bottom: 0cm; line-height: 150%;\">\u00a0<\/p> <p style=\"margin-bottom: 0cm; line-height: 150%;\">----------------------------------------------------------------------------------------------<\/p> <p style=\"margin-bottom: 0cm; line-height: 150%;\"><b>Montag, 20.10.2025<\/b><\/p> <p style=\"margin-bottom: 0cm; line-height: 150%;\"><b>\u00a0<\/b><\/p> <p style=\"margin: 0cm; line-height: 150%;\"><strong>Exkursion \u201ePilze und Wildfr\u00fcchte erkennen\u201c<\/strong><\/p> <p style=\"margin-bottom: 0cm; line-height: 150%;\">Wir lernen essbare und giftige Pilze in ihrem jeweiligen Habitat kennen und besch\u00e4ftigen uns mit Heilkr\u00e4utern und Wildfr\u00fcchten.<br>Kleine Verkostung 2\u20ac p.P.<\/p> <p style=\"margin-bottom: 0cm; line-height: 150%; tab-stops: 3.0cm;\">11:00 Uhr\u00a0\u00a0\u00a0\u00a0\u00a0\u00a0\u00a0\u00a0\u00a0\u00a0\u00a0 Treff Dresden oder nahes Umland <\/p> <p style=\"margin-bottom: 0cm; line-height: 150%; tab-stops: 3.0cm;\">Dauer:\u00a0\u00a0\u00a0\u00a0\u00a0\u00a0\u00a0\u00a0\u00a0\u00a0\u00a0\u00a0\u00a0\u00a0\u00a0\u00a0 2 - 3 Stunden, leichtes Gel\u00e4nde<\/p> <p style=\"margin-bottom: 0cm; line-height: 150%; tab-stops: 3.0cm;\">Route:\u00a0 \u00a0 \u00a0 \u00a0 \u00a0 \u00a0 \u00a0 \u00a0 je nach Aufkommen an Fr\u00fcchten und Pilzen, wird rechtzeitig an alle TN bekanntgegeben<\/p> <p style=\"margin-bottom: 0cm; line-height: 150%; tab-stops: 3.0cm;\">Referent: \u00a0\u00a0\u00a0\u00a0\u00a0\u00a0\u00a0\u00a0\u00a0\u00a0\u00a0 Frau Astrid Papmahl<\/p> <p style=\"margin-bottom: 0cm; line-height: 150%; tab-stops: 3.0cm;\">Unkostenbeitrag: MG 5,00 \u20ac; Nmg 9,00 \u20ac<\/p> <p style=\"margin-bottom: 0cm; line-height: 150%; tab-stops: 3.0cm;\"><b>Anmeldung<\/b>: bis 18.10.2025 bei Frau Astrid Papmahl \u00a0- Mail: <a href=\"mailto:kraeuterdd@gmx.de\" target=\"_blank\" rel=\"noopener\">kraeuterdd@gmx.de<\/a> oder\u00a0 Whatsapp: 0162 - 2584462<\/p> <p style=\"margin-bottom: 0cm; line-height: 150%;\">\u00a0<\/p> <p style=\"margin-bottom: 0cm; line-height: 150%;\">--------------------------------------------------------------------------------------------------<\/p> <p style=\"margin-bottom: 0cm; line-height: 150%;\"><b>Mittwoch 22.10.2025 \u2013 Achtung Anmeldung unbedingt notwendig!<\/b><\/p> <p style=\"margin-bottom: 0cm; line-height: 150%;\"><b>\u00a0<\/b><\/p> <p style=\"margin-bottom: 0cm; line-height: 150%;\"><b>Jubil\u00e4umsveranstaltung 35. Jahre Kneipp-Verein Radebeul e.V.<\/b><\/p> <p style=\"margin-bottom: 0cm; line-height: 150%;\"><b>Beginn: 18:00 Uhr\u00a0\u00a0\u00a0 <\/b>Ballsaal Hotel \u201eGoldener Anker\u201c<br>Altk\u00f6tzschenbroda 61, 01445 Radebeul<\/p> <p style=\"margin-bottom: 0cm; line-height: 150%; tab-stops: 2.0cm 127.6pt;\"><b>Einlass ab 17:30 Uhr<\/b><\/p> <p style=\"margin-bottom: 0cm; line-height: 150%; tab-stops: 3.0cm;\">Kosten:\u00a0\u00a0\u00a0\u00a0\u00a0\u00a0\u00a0\u00a0\u00a0\u00a0\u00a0\u00a0\u00a0\u00a0\u00a0 Getr\u00e4nke sind selbst zu zahlen<\/p> <p style=\"margin-bottom: 0cm; line-height: 150%;\"><b>Empfangssekt und Speisen \u00fcbernimmt der Verein<\/b><\/p> <p style=\"margin-bottom: 0cm; line-height: 150%;\"><b>Anmeldung<\/b>: bis 01.10.2025 bei Frau Hamann Tel. 0351 - 8010455 (AB)<\/p> <p style=\"margin-bottom: 0cm; line-height: 150%;\">\u00a0<\/p> <p style=\"margin-bottom: 0cm; line-height: 150%;\">----------------------------------------------------------------------------------------------------<\/p> <p style=\"margin-bottom: 0cm; line-height: 150%; tab-stops: 3.0cm;\"><b>Sonntag, 26.10.2025<\/b><\/p> <p style=\"margin-bottom: 0cm; line-height: 150%; tab-stops: 3.0cm;\"><b>\u00a0<\/b><\/p> <p style=\"margin-bottom: 0cm; text-indent: -.1pt; line-height: 150%; tab-stops: 3.0cm;\">\u201e<b>Wanderung<\/b> <b>zum Kennenlernen des Forststeiges (S\u00e4chs. Schweiz),<br>Auf einsamen Wegen zum Quirl\u201c<\/b><\/p> <p style=\"margin-bottom: 0cm; line-height: 150%; tab-stops: 3.0cm;\">Wanderstrecke ca.12 km, <b>mittelschwer<\/b><\/p> <p style=\"margin-bottom: 0cm; line-height: 150%; tab-stops: 3.0cm;\">09:00 Uhr\u00a0\u00a0\u00a0\u00a0\u00a0\u00a0\u00a0\u00a0\u00a0\u00a0\u00a0 Treff Bahnhof Radebeul \u2013 Ost, Bstg.<\/p> <p style=\"margin-bottom: 0cm; line-height: 150%; tab-stops: 3.0cm;\">09:10 Uhr\u00a0\u00a0\u00a0\u00a0\u00a0\u00a0\u00a0\u00a0\u00a0\u00a0\u00a0 Fahrt mit S-Bahn nach K\u00f6nigstein<\/p> <p style=\"margin-bottom: 0cm; text-indent: -3.0cm; line-height: 150%; tab-stops: 3.0cm;\">\u00a0\u00a0\u00a0\u00a0\u00a0\u00a0\u00a0\u00a0\u00a0\u00a0\u00a0\u00a0\u00a0\u00a0\u00a0\u00a0\u00a0\u00a0\u00a0\u00a0\u00a0\u00a0\u00a0\u00a0\u00a0\u00a0\u00a0 Weiterfahrt mit dem Bus nach Leupoldishain<\/p> <p style=\"margin-bottom: 0cm; line-height: 150%; tab-stops: 3.0cm;\"><b>Verpflegung aus dem Rucksack, <\/b><b>Gasthaus m\u00f6glich<\/b><\/p> <p style=\"margin-bottom: 0cm; line-height: 150%; tab-stops: 3.0cm;\"><b>WL: \u00a0\u00a0\u00a0\u00a0\u00a0\u00a0\u00a0\u00a0\u00a0\u00a0\u00a0\u00a0\u00a0\u00a0\u00a0\u00a0\u00a0\u00a0\u00a0 <\/b>Astrid M\u00fcller-Wenzke<\/p> <p style=\"margin-bottom: 0cm; line-height: 150%; tab-stops: 3.0cm;\"><b>Fahrschein:\u00a0\u00a0\u00a0\u00a0\u00a0\u00a0\u00a0 <\/b>KGK f\u00fcr 5 Pers. oder Deutschlandticket<\/p> <p style=\"margin-bottom: 0cm; line-height: 150%; tab-stops: 3.0cm;\"><b>Anmeldung: <\/b>bis 24.10.2025 bei Frau Hamann\u00a0 0351 - 8010455(AB)<\/p>\n\u00a0\n<h1 style=\"margin: 12.0pt 0cm 12.0pt 0cm;\">\u00a0November<\/h1>\n<p style=\"margin-bottom: 0cm; line-height: 150%;\"><b>Mittwoch, 05.11.2025<\/b><\/p> <p style=\"margin-bottom: 0cm; line-height: 150%;\"><b>\u00a0<\/b><\/p> <p style=\"margin-bottom: 0cm; line-height: 150%;\"><b>Vortrag \"Fit, kraftvoll und fr\u00f6hlich in den Winter\".<\/b><\/p> <p style=\"margin-bottom: 0cm; line-height: 150%; tab-stops: 3.0cm;\">18:00 Uhr\u00a0\u00a0\u00a0\u00a0\u00a0\u00a0\u00a0\u00a0\u00a0\u00a0\u00a0 Vereinshaus, Dr.-K\u00fclz-Str.4<\/p> <p style=\"margin-bottom: 0cm; line-height: 150%; tab-stops: 3.0cm;\">Referent: \u00a0\u00a0\u00a0\u00a0\u00a0\u00a0\u00a0\u00a0\u00a0\u00a0\u00a0 Frau Bianca Nicolai, ganzheitliche Ern\u00e4hrungsberaterin \u00a0GGB,<\/p> <p style=\"margin-bottom: 0cm; line-height: 150%; tab-stops: 3.0cm;\">Unkostenbeitrag: Mg. 6,00 \u20acEuro; Nng. 10,00 \u20ac<\/p> <p style=\"margin-bottom: 0cm; line-height: 150%;\">Anmeldung\u00a0 bis 04.11.2025 an Frau Hanke, Handy: 0151 - 50012888<\/p> <p style=\"margin: 0cm; line-height: 150%;\"><strong>\u00a0<\/strong><\/p> <p style=\"margin: 0cm; line-height: 150%;\"><strong>--------------------------------------------------------------------------------------------------------------<\/strong><\/p> <p style=\"margin: 0cm; line-height: 150%;\"><strong>Freitag, 07.11.2025<\/strong><\/p> <p style=\"margin: 0cm; line-height: 150%;\"><strong>\u00a0<\/strong><\/p> <p style=\"margin: 0cm; line-height: 150%;\"><strong>\u201eHerzkraft- Gong\u201c<\/strong><\/p> <p style=\"margin: 0cm; line-height: 150%;\">Die Gong-Therapie kann durch den Klang und die Schwingungen der Gongs den K\u00f6rper mental gesund machen. Es wird eine tiefe meditative Entspannung im K\u00f6rper ausgel\u00f6st und das Wohlbefinden\u00a0verbessert.<\/p> <p style=\"margin: 0cm; line-height: 150%;\"><strong>Frau M\u00f6bius wird uns erneut durch die magische Welt der Gongkl\u00e4nge f\u00fchren.<\/strong><\/p> <p style=\"margin: 0cm; line-height: 150%;\">Bitte Sportschuhe o.\u00e4. mitbringen, da wir in einem Yogaraum sind. Wer einen Schlafsack oder eine Isomatte benutzen will, kann das auch gerne tun.<\/p> <p style=\"margin: 0cm; line-height: 150%; tab-stops: 3.0cm;\">15:45 Uhr\u00a0\u00a0\u00a0\u00a0\u00a0\u00a0\u00a0\u00a0\u00a0\u00a0\u00a0 <strong>Sportstudio Zinke, Gartenstr. 71, 01445 Radebeul<\/strong><\/p> <p style=\"margin: 0cm; line-height: 150%; tab-stops: 3.0cm;\">16:00 Uhr\u00a0\u00a0\u00a0\u00a0\u00a0\u00a0\u00a0\u00a0\u00a0\u00a0\u00a0 Beginn der Veranstaltung, Dauer: ca. eine Stunde<\/p> <p style=\"margin: 0cm; line-height: 150%; tab-stops: 3.0cm;\">Referent:\u00a0\u00a0\u00a0\u00a0\u00a0\u00a0\u00a0\u00a0\u00a0\u00a0\u00a0\u00a0 Ingrid M\u00f6bius<\/p> <p style=\"margin: 0cm; line-height: 150%; tab-stops: 3.0cm;\">Kosten:\u00a0\u00a0\u00a0\u00a0\u00a0\u00a0\u00a0\u00a0\u00a0\u00a0\u00a0\u00a0\u00a0\u00a0\u00a0 Mg. 6,00 \u20ac; Nmg. 10,00 \u20ac<\/p> <p style=\"margin: 0cm; line-height: 150%;\"><strong>Anmeldung: <\/strong>bis 04.11.2025 bei Frau Fleischer 0171 - 4523544<\/p> <p style=\"margin: 0cm; line-height: 150%;\">\u00a0<\/p> <p style=\"margin: 0cm; line-height: 150%;\">------------------------------------------------------------------------------------------------------<\/p> <p style=\"margin-bottom: 0cm; line-height: 150%; tab-stops: 3.0cm;\"><b>Sonntag, 16.11.2025<\/b><\/p> <p style=\"margin-bottom: 0cm; line-height: 150%; tab-stops: 3.0cm;\"><b><br>\u201eWanderung auf dem Karras Rundweg durch das Moritzburger Teichgebiet\u201c<\/b><\/p> <p style=\"margin-bottom: 0cm; line-height: 150%; tab-stops: 3.0cm;\">Wanderstrecke ca. 9 km, <b>leicht<\/b><\/p> <p style=\"margin-bottom: 0cm; line-height: 150%; tab-stops: 3.0cm;\">08:30 Uhr\u00a0\u00a0\u00a0\u00a0\u00a0\u00a0\u00a0\u00a0\u00a0\u00a0\u00a0 Treff Bahnhof Radebeul \u2013 Ost, Bstg<b><\/b><\/p> <p style=\"margin-bottom: 0cm; line-height: 150%; tab-stops: 3.0cm;\">08:46Uhr\u00a0\u00a0\u00a0\u00a0\u00a0\u00a0\u00a0\u00a0\u00a0\u00a0\u00a0\u00a0 Fahrt mit S-Bahn nach Coswig<br>\u00a0\u00a0\u00a0\u00a0\u00a0\u00a0\u00a0\u00a0\u00a0\u00a0\u00a0\u00a0\u00a0\u00a0\u00a0\u00a0\u00a0\u00a0\u00a0\u00a0\u00a0\u00a0\u00a0\u00a0\u00a0\u00a0\u00a0 Weiterfahrt mit Bus Li 405 zur Spitzgrundm\u00fchle<\/p> <p style=\"margin-bottom: 0cm; line-height: 150%; tab-stops: 70.9pt 3.0cm;\"><b>Verpflegung aus dem Rucksack, Gasthaus m\u00f6glich<\/b><\/p> <p style=\"margin-bottom: 0cm; line-height: 150%; tab-stops: 21.3pt;\"><b>Fahrschein:\u00a0\u00a0 <\/b>\u00a0\u00a0\u00a0\u00a0\u00a0\u00a0\u00a0\u00a0\u00a0\u00a0\u00a0 KGK f\u00fcr 5 Pers. (1 Zone)\u00a0 oder Deutschlandticket<\/p> <p style=\"margin-bottom: 0cm; line-height: 150%; tab-stops: 3.0cm;\"><b>Anmeldung: <\/b>bis 14.11.2025 bei Frau Hamann\u00a0 0351 - 8010455(AB)<\/p> <p style=\"margin-bottom: 0cm; line-height: 150%; tab-stops: 21.3pt;\"><b>\u00a0<\/b><\/p> <p style=\"margin-bottom: 0cm; line-height: 150%; tab-stops: 21.3pt;\"><b>---------------------------------------------------------------------------------------------<\/b><\/p> <p style=\"margin-bottom: 0cm; line-height: 150%; tab-stops: 21.3pt;\"><b>Mittwoch, 26.11.2025<\/b><\/p> <p style=\"margin-bottom: 0cm; line-height: 150%; tab-stops: 21.3pt;\"><b><br><\/b>Vortrag:\u00a0\u00a0\u00a0\u00a0\u00a0\u00a0\u00a0\u00a0\u00a0\u00a0 <b>\"Osteoporose - osteopathische Behandlungsm\u00f6glichkeiten und ihre Grenzen\"<\/b><b><\/b><\/p> <p style=\"margin-bottom: 0cm; line-height: 150%; tab-stops: 3.0cm;\">18:30 Uhr \u00a0\u00a0\u00a0\u00a0\u00a0\u00a0\u00a0\u00a0\u00a0\u00a0 Vereinshaus Dr.-K\u00fclz-Str.4<br>Referent:\u00a0\u00a0\u00a0\u00a0\u00a0\u00a0\u00a0\u00a0\u00a0\u00a0\u00a0\u00a0 Herr Tony Steinke-Wiesberger, Osteopath<\/p> <p style=\"margin-bottom: 0cm; line-height: 150%;\"><b>Anmeldung: <\/b>bis 24.11.2025 bei Frau Hentzschel 0351 - 2189544<\/p>\n<h1 style=\"margin: 12.0pt 0cm 12.0pt 0cm;\">\u00a0Dezember<\/h1>\n<p style=\"margin-bottom: 0cm; line-height: 150%;\"><b>Mittwoch, 03 12.2025<\/b><\/p> <p style=\"margin-bottom: 0cm; line-height: 150%;\"><b>Vortrag \"Mit naturheilkundlichen Methoden und nat\u00fcrlichen Mitteln unser Immunsystem st\u00e4rken und kr\u00e4ftigen\u201c<\/b><\/p> <p style=\"margin-bottom: 0cm; line-height: 150%; tab-stops: 3.0cm;\">18:00 Uhr\u00a0\u00a0\u00a0\u00a0\u00a0\u00a0\u00a0\u00a0\u00a0\u00a0\u00a0 Vereinshaus, Dr.-K\u00fclz-Str.4<\/p> <p style=\"margin-bottom: 0cm; line-height: 150%; tab-stops: 3.0cm;\">Referent:\u00a0\u00a0\u00a0\u00a0\u00a0\u00a0\u00a0\u00a0\u00a0\u00a0\u00a0\u00a0 Frau Bianca Nicolai, ganzheitliche Ern\u00e4hrungsberaterin \u00a0GGB,<\/p> <p style=\"margin-bottom: 0cm; line-height: 150%;\">Anmeldung bis 02.12.2025 bei Frau Hanke,\u00a0 Handy: 0151 - 50012888<\/p>\n<p>\u00a0<\/p> <p>\u00a0<\/p>\n<h1 style=\"margin: 12.0pt 0cm 12.0pt 0cm;\">\u00a0<\/h1> <p>\u00a0<\/p>\n<h1 style=\"margin: 12.0pt 0cm 12.0pt 0cm;\">\u00a0<\/h1> <p>\u00a0<\/p> <p>\u00a0<\/p>","_links":{"self":[{"href":"https:\/\/www.kneipp-sachsen.de\/radebeul\/wp-json\/wp\/v2\/pages\/807","targetHints":{"allow":["GET"]}}],"collection":[{"href":"https:\/\/www.kneipp-sachsen.de\/radebeul\/wp-json\/wp\/v2\/pages"}],"about":[{"href":"https:\/\/www.kneipp-sachsen.de\/radebeul\/wp-json\/wp\/v2\/types\/page"}],"author":[{"embeddable":true,"href":"https:\/\/www.kneipp-sachsen.de\/radebeul\/wp-json\/wp\/v2\/users\/5"}],"replies":[{"embeddable":true,"href":"https:\/\/www.kneipp-sachsen.de\/radebeul\/wp-json\/wp\/v2\/comments?post=807"}],"version-history":[{"count":67,"href":"https:\/\/www.kneipp-sachsen.de\/radebeul\/wp-json\/wp\/v2\/pages\/807\/revisions"}],"predecessor-version":[{"id":1594,"href":"https:\/\/www.kneipp-sachsen.de\/radebeul\/wp-json\/wp\/v2\/pages\/807\/revisions\/1594"}],"wp:attachment":[{"href":"https:\/\/www.kneipp-sachsen.de\/radebeul\/wp-json\/wp\/v2\/media?parent=807"}],"curies":[{"name":"wp","href":"https:\/\/api.w.org\/{rel}","templated":true}]}}